{"version":"1.0","provider_name":"Funda\u00e7\u00e3o Maria Cecilia Souto Vidigal","provider_url":"https:\/\/fundacaomariacecilia.org.br\/en","author_name":"Carol Vilaverde","author_url":"https:\/\/fundacaomariacecilia.org.br\/en\/author\/carol-vilaverde\/","title":"Maternidades e vulnerabilidades: efetivando os direitos e fortalecendo a rede de prote\u00e7\u00e3o de m\u00e3es e beb\u00eas - Funda\u00e7\u00e3o Maria Cecilia Souto Vidigal","type":"rich","width":600,"height":338,"html":"<blockquote class=\"wp-embedded-content\" data-secret=\"FN2Er3Xkme\"><a href=\"https:\/\/fundacaomariacecilia.org.br\/en\/biblioteca\/cartilha-maternidade-vulnerabilidades\/\">Maternidades e vulnerabilidades: efetivando os direitos e fortalecendo a rede de prote\u00e7\u00e3o de m\u00e3es e beb\u00eas<\/a><\/blockquote><iframe sandbox=\"allow-scripts\" security=\"restricted\" src=\"https:\/\/fundacaomariacecilia.org.br\/en\/biblioteca\/cartilha-maternidade-vulnerabilidades\/embed\/#?secret=FN2Er3Xkme\" width=\"600\" height=\"338\" title=\"&#8220;Maternidades e vulnerabilidades: efetivando os direitos e fortalecendo a rede de prote\u00e7\u00e3o de m\u00e3es e beb\u00eas&#8221; &#8212; Funda\u00e7\u00e3o Maria Cecilia Souto Vidigal\" data-secret=\"FN2Er3Xkme\" frameborder=\"0\" marginwidth=\"0\" marginheight=\"0\" scrolling=\"no\" class=\"wp-embedded-content\"><\/iframe><script type=\"text\/javascript\">\n\/* <![CDATA[ *\/\n\/*! This file is auto-generated *\/\n!function(d,l){\"use strict\";l.querySelector&&d.addEventListener&&\"undefined\"!=typeof URL&&(d.wp=d.wp||{},d.wp.receiveEmbedMessage||(d.wp.receiveEmbedMessage=function(e){var t=e.data;if((t||t.secret||t.message||t.value)&&!\/[^a-zA-Z0-9]\/.test(t.secret)){for(var s,r,n,a=l.querySelectorAll('iframe[data-secret=\"'+t.secret+'\"]'),o=l.querySelectorAll('blockquote[data-secret=\"'+t.secret+'\"]'),c=new RegExp(\"^https?:$\",\"i\"),i=0;i<o.length;i++)o[i].style.display=\"none\";for(i=0;i<a.length;i++)s=a[i],e.source===s.contentWindow&&(s.removeAttribute(\"style\"),\"height\"===t.message?(1e3<(r=parseInt(t.value,10))?r=1e3:~~r<200&&(r=200),s.height=r):\"link\"===t.message&&(r=new URL(s.getAttribute(\"src\")),n=new URL(t.value),c.test(n.protocol))&&n.host===r.host&&l.activeElement===s&&(d.top.location.href=t.value))}},d.addEventListener(\"message\",d.wp.receiveEmbedMessage,!1),l.addEventListener(\"DOMContentLoaded\",function(){for(var e,t,s=l.querySelectorAll(\"iframe.wp-embedded-content\"),r=0;r<s.length;r++)(t=(e=s[r]).getAttribute(\"data-secret\"))||(t=Math.random().toString(36).substring(2,12),e.src+=\"#?secret=\"+t,e.setAttribute(\"data-secret\",t)),e.contentWindow.postMessage({message:\"ready\",secret:t},\"*\")},!1)))}(window,document);\n\/* ]]> *\/\n<\/script>","thumbnail_url":"https:\/\/fundacaomariacecilia.org.br\/wp-content\/uploads\/2023\/07\/maternidade-vulnerabilidade-thumb-2.jpg","thumbnail_width":1280,"thumbnail_height":1052,"description":"M\u00e3es em situa\u00e7\u00e3o de vulnerabilidade, seja por abuso de subst\u00e2ncias, por estarem em situa\u00e7\u00e3o de rua ou por quest\u00f5es relacionadas \u00e0 sa\u00fade mental, frequentemente s\u00e3o v\u00edtimas de estigmas ao serem atendidas nos sistemas de sa\u00fade, justi\u00e7a e assist\u00eancia social. Pensando nisso, a Defensoria P\u00fablica do Estado de S\u00e3o Paulo elaborou uma cartilha sobre o assunto. Learn More"}