{"version":"1.0","provider_name":"Funda\u00e7\u00e3o Maria Cecilia Souto Vidigal","provider_url":"https:\/\/fundacaomariacecilia.org.br\/en","author_name":"Carol Vilaverde","author_url":"https:\/\/fundacaomariacecilia.org.br\/en\/author\/carol-vilaverde\/","title":"Primeira inf\u00e2ncia \u00e9 prioridade absoluta - Funda\u00e7\u00e3o Maria Cecilia Souto Vidigal","type":"rich","width":600,"height":338,"html":"<blockquote class=\"wp-embedded-content\" data-secret=\"xqFtqkRT5s\"><a href=\"https:\/\/fundacaomariacecilia.org.br\/en\/biblioteca\/primeira-infancia-prioridade-absoluta\/\">Primeira inf\u00e2ncia \u00e9 prioridade absoluta<\/a><\/blockquote><iframe sandbox=\"allow-scripts\" security=\"restricted\" src=\"https:\/\/fundacaomariacecilia.org.br\/en\/biblioteca\/primeira-infancia-prioridade-absoluta\/embed\/#?secret=xqFtqkRT5s\" width=\"600\" height=\"338\" title=\"&#8220;Primeira inf\u00e2ncia \u00e9 prioridade absoluta&#8221; &#8212; Funda\u00e7\u00e3o Maria Cecilia Souto Vidigal\" data-secret=\"xqFtqkRT5s\" frameborder=\"0\" marginwidth=\"0\" marginheight=\"0\" scrolling=\"no\" class=\"wp-embedded-content\"><\/iframe><script type=\"text\/javascript\">\n\/* <![CDATA[ *\/\n\/*! This file is auto-generated *\/\n!function(d,l){\"use strict\";l.querySelector&&d.addEventListener&&\"undefined\"!=typeof URL&&(d.wp=d.wp||{},d.wp.receiveEmbedMessage||(d.wp.receiveEmbedMessage=function(e){var t=e.data;if((t||t.secret||t.message||t.value)&&!\/[^a-zA-Z0-9]\/.test(t.secret)){for(var s,r,n,a=l.querySelectorAll('iframe[data-secret=\"'+t.secret+'\"]'),o=l.querySelectorAll('blockquote[data-secret=\"'+t.secret+'\"]'),c=new RegExp(\"^https?:$\",\"i\"),i=0;i<o.length;i++)o[i].style.display=\"none\";for(i=0;i<a.length;i++)s=a[i],e.source===s.contentWindow&&(s.removeAttribute(\"style\"),\"height\"===t.message?(1e3<(r=parseInt(t.value,10))?r=1e3:~~r<200&&(r=200),s.height=r):\"link\"===t.message&&(r=new URL(s.getAttribute(\"src\")),n=new URL(t.value),c.test(n.protocol))&&n.host===r.host&&l.activeElement===s&&(d.top.location.href=t.value))}},d.addEventListener(\"message\",d.wp.receiveEmbedMessage,!1),l.addEventListener(\"DOMContentLoaded\",function(){for(var e,t,s=l.querySelectorAll(\"iframe.wp-embedded-content\"),r=0;r<s.length;r++)(t=(e=s[r]).getAttribute(\"data-secret\"))||(t=Math.random().toString(36).substring(2,12),e.src+=\"#?secret=\"+t,e.setAttribute(\"data-secret\",t)),e.contentWindow.postMessage({message:\"ready\",secret:t},\"*\")},!1)))}(window,document);\n\/* ]]> *\/\n<\/script>","thumbnail_url":"https:\/\/fundacaomariacecilia.org.br\/wp-content\/uploads\/2023\/07\/Primeira-infancia-e-prioridade-absoluta.png","thumbnail_width":180,"thumbnail_height":250,"description":"A primeira inf\u00e2ncia \u00e9 marcada por v\u00e1rios processos de desenvolvimento, que s\u00e3o influenciados pela realidade na qual a crian\u00e7a est\u00e1 inserida, pelos est\u00edmulos que recebe e pela qualidade dos v\u00ednculos afetivos que vivencia. Pesquisas demonstram que quando h\u00e1 uma base s\u00f3lida, com experi\u00eancias positivas nos primeiros seis anos de vida, maiores s\u00e3o as chances de Learn More"}