{"id":13721,"date":"2026-01-29T19:48:16","date_gmt":"2026-01-29T22:48:16","guid":{"rendered":"https:\/\/fundacaomariacecilia.org.br\/?page_id=13721"},"modified":"2026-01-29T20:37:58","modified_gmt":"2026-01-29T23:37:58","slug":"biblioteca","status":"publish","type":"page","link":"https:\/\/fundacaomariacecilia.org.br\/en\/biblioteca\/","title":{"rendered":"Library"},"content":{"rendered":"<section id=\"block_e7c1fbee13ac69bdf1d2732e9c303d37\" class=\"block-hero bg-black pt-40 pb-38 relative bg-opacity-50 bg-cover bg-center block-align-full\" >\n\t\t\t\t\t\t<img decoding=\"async\" fetchpriority=\"high\" class=\"hidden xs:block absolute top-0 right-0 bottom-0 w-full h-full object-cover bg-no-repeat z-0\" src=\"https:\/\/fundacaomariacecilia.org.br\/wp-content\/uploads\/2023\/11\/fmc_desktop.webp\"  srcset=\"https:\/\/fundacaomariacecilia.org.br\/wp-content\/uploads\/2023\/11\/fmc_desktop.webp\" alt=\"fmc_desktop\">\n\t\t\t\t\t\t\t<img decoding=\"async\" fetchpriority=\"high\" class=\"xs:hidden absolute top-0 right-0 bottom-0 w-full h-full object-cover bg-no-repeat z-0\" src=\"https:\/\/fundacaomariacecilia.org.br\/wp-content\/uploads\/2023\/11\/fmc_mobile.webp\" srcset=\"https:\/\/fundacaomariacecilia.org.br\/wp-content\/uploads\/2023\/11\/fmc_mobile.webp\" alt=\"fmc_mobile\">\n\t\t\t\t\t\t\n\t<div class=\"container relative z-20 mx-auto\">\n\t\t\t\t\t<div class=\"block-hero--back-button flex\">\n\t\t\t\t<a class=\"flex items-center justify-start gap-3 text-white text-lg\" href=\"https:\/\/fundacaomariacecilia.org.br\/en\/biblioteca\" title=\"Back to library\">\n\t\t\t\t\t<svg width=\"20\" height=\"34\" viewbox=\"0 0 20 34\" fill=\"none\" xmlns=\"http:\/\/www.w3.org\/2000\/svg\">\n\t\t\t\t\t\t<path d=\"M18 2L3 17L18 32\" stroke=\"white\" stroke-width=\"3\" stroke-linecap=\"round\" \/>\n\t\t\t\t\t<\/svg>\n\t\t\t\t\t<span class=\"block-hero--back-title\">Back to library<\/span>\n\t\t\t\t<\/a>\n\t\t\t<\/div>\n\t\t\t\t<form id=\"hero-form\" class=\"container bg-white rounded-20 pt-10 pb-6 px-6 lg:p-10 mx-auto\" action=\"https:\/\/fundacaomariacecilia.org.br\/en\/resultado-de-busca\/\" method=\"GET\" data-trp-original-action=\"https:\/\/fundacaomariacecilia.org.br\/en\/resultado-de-busca\">\n\t\t\t\t\t\t<input type=\"hidden\" name=\"categorias\" class=\"js-input-filter\" data-taxonomy=\"category\" value=\"\">\n\t\t\t<input type=\"hidden\" name=\"formatos\" class=\"js-input-filter\" data-taxonomy=\"format\" value=\"\">\n\t\t\t<input type=\"hidden\" name=\"publicos\" class=\"js-input-filter\" data-taxonomy=\"public\" value=\"\">\n\t\t\t<input type=\"hidden\" name=\"assuntos\" class=\"js-input-filter\" data-taxonomy=\"subject\" value=\"\">\n\n\t\t\t<h2 class=\"block-hero--title-form text-marine font-heading text-center\">What are you looking for?<\/h2>\n\t\t\t<div class=\"flex items-center mt-4 max-w-4xl mx-auto gap-4 relative\">\n\t\t\t\t<button type=\"submit\" title=\"Enviar formul\u00e1rio\">\n\t\t\t\t\t<svg class=\"w-auto h-6 lg:h-8\" viewbox=\"0 0 34 34\" fill=\"none\" xmlns=\"http:\/\/www.w3.org\/2000\/svg\">\n\t\t\t\t\t\t<path d=\"M32.7277 31.1357L24.0661 22.4741C26.0707 20.1661 27.2883 17.1573 27.2883 13.8671C27.2883 6.61996 21.392 0.722656 14.1438 0.722656C6.89597 0.722916 1 6.61976 1 13.8671C1 21.1143 6.89577 27.0109 14.1438 27.0109C17.4332 27.0109 20.442 25.7936 22.7495 23.7888L31.4117 32.4503C31.5934 32.632 31.8315 32.7227 32.0698 32.7227C32.3076 32.7227 32.546 32.6318 32.7272 32.4503C33.0907 32.0871 33.0907 31.4978 32.7269 31.1345L32.7277 31.1357ZM2.86164 13.8678C2.86164 7.64622 7.92323 2.5843 14.1445 2.5843C20.3661 2.5843 25.428 7.64615 25.428 13.8678C25.428 20.0894 20.3664 25.1506 14.1445 25.1506C7.92317 25.1506 2.86164 20.0893 2.86164 13.8678Z\" fill=\"currentColor\" stroke=\"currentColor\" \/>\n\t\t\t\t\t<\/svg>\n\t\t\t\t<\/button>\n\t\t\t\t<input class=\"w-full border-b-3 border-black focus:outline-none text-base lg:text-2xl\" placeholder=\"Pesquise por t\u00edtulo, autor, tema, ano... \" name=\"search\" type=\"text\" value=\"\">\n\t\t\t\t<div class=\"hidden\">\n\t\t\t\t\t<svg class=\"w-auto h-6 lg:h-8\" viewbox=\"0 0 25 26\" fill=\"none\" xmlns=\"http:\/\/www.w3.org\/2000\/svg\">\n\t\t\t\t\t\t<rect x=\"2.70898\" y=\"1.6748\" width=\"30.43\" height=\"1.125\" rx=\"0.5625\" transform=\"rotate(45 2.70898 1.6748)\" fill=\"currentColor\" stroke=\"currentColor\" stroke-width=\"2\" \/>\n\t\t\t\t\t\t<rect x=\"24\" y=\"2.8457\" width=\"30.43\" height=\"1.125\" rx=\"0.5625\" transform=\"rotate(135 24 2.8457)\" fill=\"currentColor\" stroke=\"currentColor\" stroke-width=\"2\" \/>\n\t\t\t\t\t<\/svg>\n\t\t\t\t<\/div>\n\n\t\t\t\t<div class=\"absolute mt-2 opacity-50 right-0 top-0 button-clear-text button-clear-text-js\">\n\t\t\t\t\t<button type=\"reset\" name=\"\" id=\"clear\" title=\"Reset\">\n\t\t\t\t\t\t<svg width=\"14\" height=\"15\" viewbox=\"0 0 14 15\" fill=\"none\" xmlns=\"http:\/\/www.w3.org\/2000\/svg\">\n\t\t\t\t\t\t\t<rect x=\"1.63086\" y=\"1.45996\" width=\"16.4829\" height=\"0.609375\" rx=\"0.304688\" transform=\"rotate(45 1.63086 1.45996)\" fill=\"#1D1D35\" stroke=\"#1D1D35\" stroke-width=\"1.08333\" \/>\n\t\t\t\t\t\t\t<rect x=\"13.1641\" y=\"2.09375\" width=\"16.4829\" height=\"0.609375\" rx=\"0.304688\" transform=\"rotate(135 13.1641 2.09375)\" fill=\"#1D1D35\" stroke=\"#1D1D35\" stroke-width=\"1.08333\" \/>\n\t\t\t\t\t\t<\/svg>\n\t\t\t\t\t<\/button>\n\t\t\t\t<\/div>\n\t\t\t<\/div>\n\t\t\t<div class=\"input-checkbox-group w-full max-w-800 flex flex-col items-center gap-4 mt-7 mx-auto\">\n\t\t\t\t<div class=\"w-full grid grid-cols-2 540:flex 540:flex-row 540:items-center 540:justify-center 540:flex-wrap gap-4\">\n\t\t\t\t\t<div class=\"input-control\">\n\t\t\t\t\t\t<input type=\"checkbox\" name=\"formatos[]\" id=\"videos\" class=\"js-input-filter\" value=\"19\">\n\t\t\t\t\t\t<label class=\"ml-3 leading-none\" for=\"videos\">\n\t\t\t\t\t\t\tV\u00eddeos\t\t\t\t\t\t<\/label>\n\t\t\t\t\t<\/div>\n\t\t\t\t\t<div class=\"input-control\">\n\t\t\t\t\t\t<input type=\"checkbox\" name=\"formatos[]\" id=\"artigos\" class=\"js-input-filter\" value=\"144\">\n\t\t\t\t\t\t<label class=\"ml-3 leading-none\" for=\"artigos\">\n\t\t\t\t\t\t\tArtigos <span class=\"hidden xm:inline-block\">cient\u00edficos<\/span>\t\t\t\t\t\t<\/label>\n\t\t\t\t\t<\/div>\n\t\t\t\t\t<div class=\"input-control\">\n\t\t\t\t\t\t<input type=\"checkbox\" name=\"formatos[]\" id=\"livros\" class=\"js-input-filter\" value=\"17\">\n\t\t\t\t\t\t<label class=\"ml-3 leading-none\" for=\"livros\">\n\t\t\t\t\t\t\tBooks\t\t\t\t\t\t<\/label>\n\t\t\t\t\t<\/div>\n\t\t\t\t\t<div class=\"input-control\">\n\t\t\t\t\t\t<input type=\"checkbox\" name=\"formatos[]\" id=\"infograficos\" class=\"js-input-filter\" value=\"16\">\n\t\t\t\t\t\t<label class=\"ml-3 leading-none\" for=\"infograficos\">\n\t\t\t\t\t\t\tinfographics\t\t\t\t\t\t<\/label>\n\t\t\t\t\t<\/div>\n\t\t\t\t\t<div class=\"input-control\">\n\t\t\t\t\t\t<input type=\"checkbox\" name=\"formatos[]\" id=\"folhetos\" class=\"js-input-filter\" value=\"148\">\n\t\t\t\t\t\t<label class=\"ml-3 leading-none\" for=\"folhetos\">\n\t\t\t\t\t\t\tFolhetos <span class=\"hidden xm:inline-block\">e folders<\/span>\t\t\t\t\t\t<\/label>\n\t\t\t\t\t<\/div>\n\t\t\t\t\t<div class=\"input-control\">\n\t\t\t\t\t\t<input type=\"checkbox\" name=\"formatos[]\" id=\"cadernos-e-revistas\" class=\"js-input-filter\" value=\"142\">\n\t\t\t\t\t\t<label class=\"ml-3 leading-none\" for=\"cadernos-e-revistas\">\n\t\t\t\t\t\t\tCadernos <span class=\"hidden xm:inline-block\">e revistas<\/span>\t\t\t\t\t\t<\/label>\n\t\t\t\t\t<\/div>\n\t\t\t\t\t<div class=\"input-control\">\n\t\t\t\t\t\t<input type=\"checkbox\" name=\"formatos[]\" id=\"guias-e-manuais\" class=\"js-input-filter\" value=\"140\">\n\t\t\t\t\t\t<label class=\"ml-3 leading-none\" for=\"guias-e-manuais\">\n\t\t\t\t\t\t\tGuias <span class=\"hidden xm:inline-block\">e manuais<\/span>\t\t\t\t\t\t<\/label>\n\t\t\t\t\t<\/div>\n\t\t\t\t\t<div class=\"input-control\">\n\t\t\t\t\t\t<input type=\"checkbox\" name=\"formatos[]\" id=\"pesquisas-e-estudos\" class=\"js-input-filter\" value=\"146\">\n\t\t\t\t\t\t<label class=\"ml-3 leading-none\" for=\"pesquisas-e-estudos\">\n\t\t\t\t\t\t\tPesquisas <span class=\"hidden xm:inline-block\">e estudos<\/span>\t\t\t\t\t\t<\/label>\n\t\t\t\t\t<\/div>\n\t\t\t\t\t<div class=\"input-control\">\n\t\t\t\t\t\t<input type=\"checkbox\" name=\"formatos[]\" id=\"documentos-oficiais\" class=\"js-input-filter\" value=\"150\">\n\t\t\t\t\t\t<label class=\"ml-3 leading-none\" for=\"documentos-oficiais\">\n\t\t\t\t\t\t\tDocumentos <span class=\"hidden xm:inline-block\">oficiais<\/span>\t\t\t\t\t\t<\/label>\n\t\t\t\t\t<\/div>\n\t\t\t\t<\/div>\n\n\t\t\t\t<div class=\"input-control js-input-clear input-clear col-span-2 sm:col-span-4 lg:col-span-1 flex justify-center lg::justify-start\">\n\t\t\t\t\t<label class=\"mr-1\" for=\"clear\">\n\t\t\t\t\t\t<svg width=\"14\" height=\"15\" viewbox=\"0 0 14 15\" fill=\"none\" xmlns=\"http:\/\/www.w3.org\/2000\/svg\">\n\t\t\t\t\t\t\t<rect x=\"1.63086\" y=\"1.45996\" width=\"16.4829\" height=\"0.609375\" rx=\"0.304688\" transform=\"rotate(45 1.63086 1.45996)\" fill=\"#1D1D35\" stroke=\"#1D1D35\" stroke-width=\"1.08333\" \/>\n\t\t\t\t\t\t\t<rect x=\"13.1641\" y=\"2.09375\" width=\"16.4829\" height=\"0.609375\" rx=\"0.304688\" transform=\"rotate(135 13.1641 2.09375)\" fill=\"#1D1D35\" stroke=\"#1D1D35\" stroke-width=\"1.08333\" \/>\n\t\t\t\t\t\t<\/svg>\n\t\t\t\t\t<\/label>\n\t\t\t\t\t<input type=\"reset\" name=\"\" id=\"clear\" value=\"Limpar\" title=\"Limpar\">\n\t\t\t\t<\/div>\n\t\t\t<\/div>\n\t\t<input type=\"hidden\" name=\"trp-form-language\" value=\"en\"\/><\/form>\n\n\t\t\t<\/div>\n<\/section>\n\n\n\n<section id=\"block_49ab481d4e5acb613e2af729f36497af\" class=\"block-title-tags  padding-top-80  padding-bottom-80  padding-top-mobile-40  padding-bottom-mobile-60 alignfull has-background bg-gray-100\">\n\t<div class=\"container mx-auto\">\n\t\t<div class=\"grid grid-cols-2 gap-4 justify-center items-center xm:px-20 1024:px-34 xl:px-10\">\n\t\t\t<div class=\"col-span-2 xm:col-span-1 mb-5 xm:mb-0\">\n\t\t\t\t<h1 class=\"block-title-tags-title text-50xl xl:text-60px font-heading leading-tight\">\n\t\t\t\t\tExplore nossas categorias\t\t\t\t<\/h1>\n\t\t\t<\/div>\n\n\t\t\t<div class=\"col-span-2 xm:col-span-1\">\n\t\t\t\t<div class=\"block-title-tags__scroll-tags\">\n\t\t\t\t\t<div class=\"block-title-tags__wrap-tags\">\n\t\t\t\t\t\t\t\t\t\t\t\t\t\t<a href=\"https:\/\/fundacaomariacecilia.org.br\/en\/resultado-de-busca\/?categorias=114\" class=\"fmc-button fmc-button-small button-rounded fmc-button-tertiary\" title=\"Tag: Educa\u00e7\u00e3o infantil\">Educa\u00e7\u00e3o infantil<\/a>\n\t\t\t\t\t\t\t\t\t\t\t\t\t\t\t\t<a href=\"https:\/\/fundacaomariacecilia.org.br\/en\/resultado-de-busca\/?categorias=110\" class=\"fmc-button fmc-button-small button-rounded fmc-button-tertiary\" title=\"Tag: Parentalidade\">Parentalidade<\/a>\n\t\t\t\t\t\t\t\t\t\t\t\t\t\t\t\t<a href=\"https:\/\/fundacaomariacecilia.org.br\/en\/resultado-de-busca\/?categorias=112\" class=\"fmc-button fmc-button-small button-rounded fmc-button-tertiary\" title=\"Tag: Arte e cultura\">Arte e cultura<\/a>\n\t\t\t\t\t\t\t\t\t\t\t\t\t\t\t\t<a href=\"https:\/\/fundacaomariacecilia.org.br\/en\/resultado-de-busca\/?categorias=31\" class=\"fmc-button fmc-button-small button-rounded fmc-button-tertiary\" title=\"Tag: Desenvolvimento infantil\">Desenvolvimento infantil<\/a>\n\t\t\t\t\t\t\t\t\t\t\t\t\t\t\t\t<a href=\"https:\/\/fundacaomariacecilia.org.br\/en\/resultado-de-busca\/?categorias=108\" class=\"fmc-button fmc-button-small button-rounded fmc-button-tertiary\" title=\"Tag: Pol\u00edticas p\u00fablicas\">Pol\u00edticas p\u00fablicas<\/a>\n\t\t\t\t\t\t\t\t\t\t\t\t\t\t\t\t<a href=\"https:\/\/fundacaomariacecilia.org.br\/en\/resultado-de-busca\/?categorias=106\" class=\"fmc-button fmc-button-small button-rounded fmc-button-tertiary\" title=\"Tag: Desigualdades e viol\u00eancias\">Desigualdades e viol\u00eancias<\/a>\n\t\t\t\t\t\t\t\t\t\t\t\t\t\t\t\t<a href=\"https:\/\/fundacaomariacecilia.org.br\/en\/resultado-de-busca\/?categorias=116\" class=\"fmc-button fmc-button-small button-rounded fmc-button-tertiary\" title=\"Tag: Sa\u00fade e cuidados\">Sa\u00fade e cuidados<\/a>\n\t\t\t\t\t\t\t\t\t\t\t\t\t<\/div>\n\t\t\t\t<\/div>\n\t\t\t<\/div>\n\t\t<\/div>\n\t<\/div>\n<\/section>\n\n\n\n<section id=\"block_2e2d28e55e3ba7fcd95d32de3d92c99f\" class=\"block-slider-library-dynamic  padding-top-80  padding-bottom-80  padding-top-mobile-60  padding-bottom-mobile-40 alignwide\">\n\t<div class=\"mx-auto\">\n\n\t\t\t\t\t<div class=\"px-0 library-dynamic--header\">\n\t\t\t\t<div class=\"flex\">\n\t\t\t\t\t<div class=\"flex-1\">\n\t\t\t\t\t\t<h2 class=\"library-dynamic--title\">Os principais lan\u00e7amentos<\/h2>\n\t\t\t\t\t<\/div>\n\n\t\t\t\t\t\t\t\t\t\t\t<div class=\"flex-1 self-center text-right hidden xm:block\">\n\t\t\t\t\t\t\t<a href=\"\/en\/biblioteca\/categoria\/categorias\/todas\/\"\n\t\t\t\t\t\t\ttitle=\"Confira aqui\"\n\t\t\t\t\t\t\ttarget=\"_blank\"\n\t\t\t\t\t\t\tclass=\"library-dynamic--button fmc-button fmc-button-text-marine underline\">Confira aqui<\/a>\n\t\t\t\t\t\t<\/div>\n\t\t\t\t\t\t\t\t\t<\/div>\n\t\t\t<\/div>\n\t\t\n\t\t<div>\n\t\t\t<div class=\"owl-carousel owl-theme js-slider-library-dynamic\" data-cols=\"one\">\n\t\t\t\t\t\t\t<\/div>\n\t\t<\/div>\n\n\t\t\t\t\t<div class=\"text-left mt-4 hidden\">\n\t\t\t\t<a href=\"\/en\/biblioteca\/categoria\/categorias\/todas\/\"\n\t\t\t\ttitle=\"Confira aqui\"\n\t\t\t\ttarget=\"_blank\"\n\t\t\t\tclass=\"library-dynamic--button fmc-button fmc-button-small fmc-button-text-marine underline\">Confira aqui<\/a>\n\t\t\t<\/div>\n\t\t\n\t<\/div>\n<\/section>\n\n\n\n<section id=\"block_a9584a9c24993af62ef2b7e528659f4b\" class=\"block-slider-library  padding-top-60  padding-bottom-40  padding-top-mobile-20  padding-bottom-mobile-60 alignwide\">\n\t<div class=\"mx-auto\">\n\n\t\t\t\t\t<div class=\"px-0 library-dynamic--header\">\n\t\t\t\t<div class=\"flex\">\n\t\t\t\t\t<div class=\"flex-1\">\n\t\t\t\t\t\t<h2 class=\"library-dynamic--title\">Para compreender a Educa\u00e7\u00e3o Infantil<\/h2>\n\t\t\t\t\t<\/div>\n\n\t\t\t\t\t\t\t\t\t\t\t<div class=\"flex-1 self-center text-right hidden xm:block\">\n\t\t\t\t\t\t\t<a href=\"\/en\/biblioteca\/categoria\/educacao-infantil\/\"\n\t\t\t\t\t\t\ttitle=\"Ver todos\"\n\t\t\t\t\t\t\ttarget=\"\"\n\t\t\t\t\t\t\tclass=\"library-dynamic--button fmc-button fmc-button-text-marine underline\">Ver todos<\/a>\n\t\t\t\t\t\t<\/div>\n\t\t\t\t\t\t\t\t\t<\/div>\n\t\t\t<\/div>\n\t\t\n\t\t<div>\n\t\t\t<div class=\"owl-carousel owl-theme js-slider-library\">\n\t\t\t\t\n<section>\n<a href=\"\" title=\"BNCC na Educa\u00e7\u00e3o Infantil\" class=\"card-library-small\">\n\t<div class=\"card-library--figure bg-turquoise\">\n\n\t\t<div class=\"card-library--figure-overlay\">\n\t\t\t<div>\n\t\t\t\t<svg width=\"174\" height=\"199\" viewbox=\"0 0 174 199\" fill=\"none\" xmlns=\"http:\/\/www.w3.org\/2000\/svg\">\n\t\t\t\t\t<g style=\"mix-blend-mode:multiply\" opacity=\"0.5\">\n\t\t\t\t\t\t<path\n\t\t\t\t\t\t\td=\"M0.124145 174.387C-0.488847 158.58 1.27017 131.245 3.16245 110.989C4.70825 94.8227 9.932 76.2886 16.8881 60.1461C22.9114 46.2037 30.8537 33.9832 40.5283 26.5457C61.37 10.427 101.108 -6.19381 142.471 2.29598C183.808 10.7618 213.605 23.8911 201.132 63.6377C195.322 82.1956 182.769 98.9599 168.99 115.748C153.239 134.928 135.115 148.559 135.115 148.559C135.115 148.559 84.1306 176.253 48.3905 189.047C34.425 194.046 21.1791 199.833 17.5811 198.9C4.92147 195.552 1.80321 190.267 1.80321 190.267C1.80321 190.267 0.390663 182.16 0.0974928 174.387H0.124145Z\"\n\t\t\t\t\t\t\tfill=\"rgb(252, 208, 109, 0.8)\"\n\t\t\t\t\t\t\/>\n\t\t\t\t\t<\/g>\n\t\t\t\t<\/svg>\n\t\t\t<\/div>\n\t\t<\/div>\n\n\t\t<div class=\"card-library--figure-content\">\n\t\t\t\t\t\t\t\t\t\t<img decoding=\"async\" loading=\"lazy\" src=\"https:\/\/fundacaomariacecilia.org.br\/wp-content\/uploads\/2023\/07\/BNCC-na-Educacao-Infantil.png\" srcset=\"https:\/\/fundacaomariacecilia.org.br\/wp-content\/uploads\/2023\/07\/BNCC-na-Educacao-Infantil.png\"\n\t\t\t\t\talt=\"\"\n\t\t\t\t\tclass=\"card-library--image image-p\">\n\t\t\t\n\t\t\t<div class=\"card-library--main-tag\">\n\t\t\t\t\t\t\t\t\t<span class=\"card-library--tag uppercase\">\n\t\t\t\t\t\tLivros\t\t\t\t\t<\/span>\n\t\t\t\t\t\t\t<\/div>\n\n\t\t\t\t\t<\/div>\n\t<\/div>\n\n\t<div class=\"card-library--content\">\n\t\t<h4 class=\"card-library--title\">BNCC na Educa\u00e7\u00e3o Infantil<\/h4>\n\t<\/div>\n<\/a>\n<\/section>\n\n<section>\n<a href=\"\" title=\"Campos de Experi\u00eancias na Educa\u00e7\u00e3o Infantil - vers\u00e3o resumida e interativa\" class=\"card-library-small\">\n\t<div class=\"card-library--figure bg-turquoise-light\">\n\n\t\t<div class=\"card-library--figure-overlay\">\n\t\t\t<div>\n\t\t\t\t<svg width=\"174\" height=\"199\" viewbox=\"0 0 174 199\" fill=\"none\" xmlns=\"http:\/\/www.w3.org\/2000\/svg\">\n\t\t\t\t\t<g style=\"mix-blend-mode:multiply\" opacity=\"0.5\">\n\t\t\t\t\t\t<path\n\t\t\t\t\t\t\td=\"M0.124145 174.387C-0.488847 158.58 1.27017 131.245 3.16245 110.989C4.70825 94.8227 9.932 76.2886 16.8881 60.1461C22.9114 46.2037 30.8537 33.9832 40.5283 26.5457C61.37 10.427 101.108 -6.19381 142.471 2.29598C183.808 10.7618 213.605 23.8911 201.132 63.6377C195.322 82.1956 182.769 98.9599 168.99 115.748C153.239 134.928 135.115 148.559 135.115 148.559C135.115 148.559 84.1306 176.253 48.3905 189.047C34.425 194.046 21.1791 199.833 17.5811 198.9C4.92147 195.552 1.80321 190.267 1.80321 190.267C1.80321 190.267 0.390663 182.16 0.0974928 174.387H0.124145Z\"\n\t\t\t\t\t\t\tfill=\"#B3CCC8\"\n\t\t\t\t\t\t\/>\n\t\t\t\t\t<\/g>\n\t\t\t\t<\/svg>\n\t\t\t<\/div>\n\t\t<\/div>\n\n\t\t<div class=\"card-library--figure-content\">\n\t\t\t\t\t\t\t\t\t\t<img decoding=\"async\" loading=\"lazy\" src=\"https:\/\/fundacaomariacecilia.org.br\/wp-content\/uploads\/2023\/07\/Campos-de-Experiencias-na-Educacao-Infantil-versao-resumida-e-interativa.png\" srcset=\"https:\/\/fundacaomariacecilia.org.br\/wp-content\/uploads\/2023\/07\/Campos-de-Experiencias-na-Educacao-Infantil-versao-resumida-e-interativa.png\"\n\t\t\t\t\talt=\"\"\n\t\t\t\t\tclass=\"card-library--image image-p\">\n\t\t\t\n\t\t\t<div class=\"card-library--main-tag\">\n\t\t\t\t\t\t\t\t\t<span class=\"card-library--tag uppercase\">\n\t\t\t\t\t\tFolhetos\t\t\t\t\t<\/span>\n\t\t\t\t\t\t\t<\/div>\n\n\t\t\t\t\t<\/div>\n\t<\/div>\n\n\t<div class=\"card-library--content\">\n\t\t<h4 class=\"card-library--title\">Campos de Experi\u00eancias na Educa\u00e7\u00e3o Infantil &#8211; vers\u00e3o resumida e interativa<\/h4>\n\t<\/div>\n<\/a>\n<\/section>\n\n<section>\n<a href=\"\" title=\"Avalia\u00e7\u00e3o da Qualidade da Educa\u00e7\u00e3o Infantil\" class=\"card-library-small\">\n\t<div class=\"card-library--figure bg-marine\">\n\n\t\t<div class=\"card-library--figure-overlay\">\n\t\t\t<div>\n\t\t\t\t<svg width=\"174\" height=\"199\" viewbox=\"0 0 174 199\" fill=\"none\" xmlns=\"http:\/\/www.w3.org\/2000\/svg\">\n\t\t\t\t\t<g style=\"mix-blend-mode:multiply\" opacity=\"0.5\">\n\t\t\t\t\t\t<path\n\t\t\t\t\t\t\td=\"M0.124145 174.387C-0.488847 158.58 1.27017 131.245 3.16245 110.989C4.70825 94.8227 9.932 76.2886 16.8881 60.1461C22.9114 46.2037 30.8537 33.9832 40.5283 26.5457C61.37 10.427 101.108 -6.19381 142.471 2.29598C183.808 10.7618 213.605 23.8911 201.132 63.6377C195.322 82.1956 182.769 98.9599 168.99 115.748C153.239 134.928 135.115 148.559 135.115 148.559C135.115 148.559 84.1306 176.253 48.3905 189.047C34.425 194.046 21.1791 199.833 17.5811 198.9C4.92147 195.552 1.80321 190.267 1.80321 190.267C1.80321 190.267 0.390663 182.16 0.0974928 174.387H0.124145Z\"\n\t\t\t\t\t\t\tfill=\"#1D1D35\"\n\t\t\t\t\t\t\/>\n\t\t\t\t\t<\/g>\n\t\t\t\t<\/svg>\n\t\t\t<\/div>\n\t\t<\/div>\n\n\t\t<div class=\"card-library--figure-content\">\n\t\t\t\t\t\t\t\t\t\t<img decoding=\"async\" loading=\"lazy\" src=\"https:\/\/fundacaomariacecilia.org.br\/wp-content\/uploads\/2023\/07\/Avaliacao-da-Qualidade-da-Educacao-Infantil.png\" srcset=\"https:\/\/fundacaomariacecilia.org.br\/wp-content\/uploads\/2023\/07\/Avaliacao-da-Qualidade-da-Educacao-Infantil.png\"\n\t\t\t\t\talt=\"\"\n\t\t\t\t\tclass=\"card-library--image image-l\">\n\t\t\t\n\t\t\t<div class=\"card-library--main-tag\">\n\t\t\t\t\t\t\t\t\t<span class=\"card-library--tag-white uppercase\">\n\t\t\t\t\t\tPesquisas\t\t\t\t\t<\/span>\n\t\t\t\t\t\t\t<\/div>\n\n\t\t\t\t\t<\/div>\n\t<\/div>\n\n\t<div class=\"card-library--content\">\n\t\t<h4 class=\"card-library--title\">Avalia\u00e7\u00e3o da Qualidade da Educa\u00e7\u00e3o Infantil<\/h4>\n\t<\/div>\n<\/a>\n<\/section>\n\n<section>\n<a href=\"\" title=\"Os riscos da educa\u00e7\u00e3o domiciliar para a seguran\u00e7a das crian\u00e7as\" class=\"card-library-small\">\n\t<div class=\"card-library--figure bg-turquoise-light\">\n\n\t\t<div class=\"card-library--figure-overlay\">\n\t\t\t<div>\n\t\t\t\t<svg width=\"174\" height=\"199\" viewbox=\"0 0 174 199\" fill=\"none\" xmlns=\"http:\/\/www.w3.org\/2000\/svg\">\n\t\t\t\t\t<g style=\"mix-blend-mode:multiply\" opacity=\"0.5\">\n\t\t\t\t\t\t<path\n\t\t\t\t\t\t\td=\"M0.124145 174.387C-0.488847 158.58 1.27017 131.245 3.16245 110.989C4.70825 94.8227 9.932 76.2886 16.8881 60.1461C22.9114 46.2037 30.8537 33.9832 40.5283 26.5457C61.37 10.427 101.108 -6.19381 142.471 2.29598C183.808 10.7618 213.605 23.8911 201.132 63.6377C195.322 82.1956 182.769 98.9599 168.99 115.748C153.239 134.928 135.115 148.559 135.115 148.559C135.115 148.559 84.1306 176.253 48.3905 189.047C34.425 194.046 21.1791 199.833 17.5811 198.9C4.92147 195.552 1.80321 190.267 1.80321 190.267C1.80321 190.267 0.390663 182.16 0.0974928 174.387H0.124145Z\"\n\t\t\t\t\t\t\tfill=\"#B3CCC8\"\n\t\t\t\t\t\t\/>\n\t\t\t\t\t<\/g>\n\t\t\t\t<\/svg>\n\t\t\t<\/div>\n\t\t<\/div>\n\n\t\t<div class=\"card-library--figure-content\">\n\t\t\t\t\t\t\t\t\t\t<img decoding=\"async\" loading=\"lazy\" src=\"https:\/\/fundacaomariacecilia.org.br\/wp-content\/uploads\/2023\/07\/Os-riscos-da-educacao-domiciliar-para-a-seguranca-das-criancas.png\" srcset=\"https:\/\/fundacaomariacecilia.org.br\/wp-content\/uploads\/2023\/07\/Os-riscos-da-educacao-domiciliar-para-a-seguranca-das-criancas.png\"\n\t\t\t\t\talt=\"\"\n\t\t\t\t\tclass=\"card-library--image image-l\">\n\t\t\t\n\t\t\t<div class=\"card-library--main-tag\">\n\t\t\t\t\t\t\t\t\t<span class=\"card-library--tag uppercase\">\n\t\t\t\t\t\tFolhetos\t\t\t\t\t<\/span>\n\t\t\t\t\t\t\t<\/div>\n\n\t\t\t\t\t<\/div>\n\t<\/div>\n\n\t<div class=\"card-library--content\">\n\t\t<h4 class=\"card-library--title\">Os riscos da educa\u00e7\u00e3o domiciliar para a seguran\u00e7a das crian\u00e7as<\/h4>\n\t<\/div>\n<\/a>\n<\/section>\n\n<section>\n<a href=\"\" title=\"Recomposi\u00e7\u00e3o das aprendizagens e desigualdades educacionais p\u00f3s-pandemia\" class=\"card-library-small\">\n\t<div class=\"card-library--figure bg-marine\">\n\n\t\t<div class=\"card-library--figure-overlay\">\n\t\t\t<div>\n\t\t\t\t<svg width=\"174\" height=\"199\" viewbox=\"0 0 174 199\" fill=\"none\" xmlns=\"http:\/\/www.w3.org\/2000\/svg\">\n\t\t\t\t\t<g style=\"mix-blend-mode:multiply\" opacity=\"0.5\">\n\t\t\t\t\t\t<path\n\t\t\t\t\t\t\td=\"M0.124145 174.387C-0.488847 158.58 1.27017 131.245 3.16245 110.989C4.70825 94.8227 9.932 76.2886 16.8881 60.1461C22.9114 46.2037 30.8537 33.9832 40.5283 26.5457C61.37 10.427 101.108 -6.19381 142.471 2.29598C183.808 10.7618 213.605 23.8911 201.132 63.6377C195.322 82.1956 182.769 98.9599 168.99 115.748C153.239 134.928 135.115 148.559 135.115 148.559C135.115 148.559 84.1306 176.253 48.3905 189.047C34.425 194.046 21.1791 199.833 17.5811 198.9C4.92147 195.552 1.80321 190.267 1.80321 190.267C1.80321 190.267 0.390663 182.16 0.0974928 174.387H0.124145Z\"\n\t\t\t\t\t\t\tfill=\"#1D1D35\"\n\t\t\t\t\t\t\/>\n\t\t\t\t\t<\/g>\n\t\t\t\t<\/svg>\n\t\t\t<\/div>\n\t\t<\/div>\n\n\t\t<div class=\"card-library--figure-content\">\n\t\t\t\t\t\t\t\t\t\t<img decoding=\"async\" loading=\"lazy\" src=\"https:\/\/fundacaomariacecilia.org.br\/wp-content\/uploads\/2023\/08\/Recomposicao-das-aprendizagens-e-desigualdades-educacionais-pos-pandemia.png\" srcset=\"https:\/\/fundacaomariacecilia.org.br\/wp-content\/uploads\/2023\/08\/Recomposicao-das-aprendizagens-e-desigualdades-educacionais-pos-pandemia.png\"\n\t\t\t\t\talt=\"\"\n\t\t\t\t\tclass=\"card-library--image image-l\">\n\t\t\t\n\t\t\t<div class=\"card-library--main-tag\">\n\t\t\t\t\t\t\t\t\t<span class=\"card-library--tag-white uppercase\">\n\t\t\t\t\t\tPesquisas\t\t\t\t\t<\/span>\n\t\t\t\t\t\t\t<\/div>\n\n\t\t\t\t\t<\/div>\n\t<\/div>\n\n\t<div class=\"card-library--content\">\n\t\t<h4 class=\"card-library--title\">Recomposi\u00e7\u00e3o das aprendizagens e desigualdades educacionais p\u00f3s-pandemia<\/h4>\n\t<\/div>\n<\/a>\n<\/section>\n\n<section>\n<a href=\"\" title=\"Par\u00e2metros Nacionais da Qualidade da Educa\u00e7\u00e3o Infantil\" class=\"card-library-small\">\n\t<div class=\"card-library--figure bg-turquoise\">\n\n\t\t<div class=\"card-library--figure-overlay\">\n\t\t\t<div>\n\t\t\t\t<svg width=\"174\" height=\"199\" viewbox=\"0 0 174 199\" fill=\"none\" xmlns=\"http:\/\/www.w3.org\/2000\/svg\">\n\t\t\t\t\t<g style=\"mix-blend-mode:multiply\" opacity=\"0.5\">\n\t\t\t\t\t\t<path\n\t\t\t\t\t\t\td=\"M0.124145 174.387C-0.488847 158.58 1.27017 131.245 3.16245 110.989C4.70825 94.8227 9.932 76.2886 16.8881 60.1461C22.9114 46.2037 30.8537 33.9832 40.5283 26.5457C61.37 10.427 101.108 -6.19381 142.471 2.29598C183.808 10.7618 213.605 23.8911 201.132 63.6377C195.322 82.1956 182.769 98.9599 168.99 115.748C153.239 134.928 135.115 148.559 135.115 148.559C135.115 148.559 84.1306 176.253 48.3905 189.047C34.425 194.046 21.1791 199.833 17.5811 198.9C4.92147 195.552 1.80321 190.267 1.80321 190.267C1.80321 190.267 0.390663 182.16 0.0974928 174.387H0.124145Z\"\n\t\t\t\t\t\t\tfill=\"rgb(252, 208, 109, 0.8)\"\n\t\t\t\t\t\t\/>\n\t\t\t\t\t<\/g>\n\t\t\t\t<\/svg>\n\t\t\t<\/div>\n\t\t<\/div>\n\n\t\t<div class=\"card-library--figure-content\">\n\t\t\t\t\t\t\t\t\t\t<img decoding=\"async\" loading=\"lazy\" src=\"https:\/\/fundacaomariacecilia.org.br\/wp-content\/uploads\/2023\/07\/Parametros-Nacionais-da-Qualidade-da-Educacao-Infantil.png\" srcset=\"https:\/\/fundacaomariacecilia.org.br\/wp-content\/uploads\/2023\/07\/Parametros-Nacionais-da-Qualidade-da-Educacao-Infantil.png\"\n\t\t\t\t\talt=\"\"\n\t\t\t\t\tclass=\"card-library--image image-p\">\n\t\t\t\n\t\t\t<div class=\"card-library--main-tag\">\n\t\t\t\t\t\t\t\t\t<span class=\"card-library--tag uppercase\">\n\t\t\t\t\t\tLivros\t\t\t\t\t<\/span>\n\t\t\t\t\t\t\t<\/div>\n\n\t\t\t\t\t<\/div>\n\t<\/div>\n\n\t<div class=\"card-library--content\">\n\t\t<h4 class=\"card-library--title\">Par\u00e2metros Nacionais da Qualidade da Educa\u00e7\u00e3o Infantil<\/h4>\n\t<\/div>\n<\/a>\n<\/section>\n\t\t\t<\/div>\n\t\t<\/div>\n\n\t\t\t\t\t<div class=\"text-left block xm:hidden\">\n\t\t\t\t<a href=\"\/en\/biblioteca\/categoria\/educacao-infantil\/\"\n\t\t\t\ttitle=\"Ver todos\"\n\t\t\t\ttarget=\"\"\n\t\t\t\tclass=\"library-dynamic--button fmc-button fmc-button-small fmc-button-text-marine underline\">Ver todos<\/a>\n\t\t\t<\/div>\n\t\t\n\t<\/div>\n<\/section>\n\n\n\n<section id=\"block_3344f17c823c8062a5f63fe623d762de\" class=\"block-slider-library  padding-top-20  padding-bottom-60  padding-top-mobile-0  padding-bottom-mobile-60 alignwide\">\n\t<div class=\"mx-auto\">\n\n\t\t\t\t\t<div class=\"px-0 library-dynamic--header\">\n\t\t\t\t<div class=\"flex\">\n\t\t\t\t\t<div class=\"flex-1\">\n\t\t\t\t\t\t<h2 class=\"library-dynamic--title\">Os melhores v\u00eddeos<\/h2>\n\t\t\t\t\t<\/div>\n\n\t\t\t\t\t\t\t\t\t\t\t<div class=\"flex-1 self-center text-right hidden xm:block\">\n\t\t\t\t\t\t\t<a href=\"https:\/\/biblioteca.fmcsv.org.br\/resultado-de-busca\/?categorias=&#038;formatos=&#038;publicos=&#038;assuntos=&#038;search=&#038;formatos%5B%5D=19\"\n\t\t\t\t\t\t\ttitle=\"Ver todos\"\n\t\t\t\t\t\t\ttarget=\"_blank\"\n\t\t\t\t\t\t\tclass=\"library-dynamic--button fmc-button fmc-button-text-marine underline\">Ver todos<\/a>\n\t\t\t\t\t\t<\/div>\n\t\t\t\t\t\t\t\t\t<\/div>\n\t\t\t<\/div>\n\t\t\n\t\t<div>\n\t\t\t<div class=\"owl-carousel owl-theme js-slider-library\">\n\t\t\t\t\n<section>\n<a href=\"\" title=\"Caminhos para uma educa\u00e7\u00e3o infantil pela equidade racial\" class=\"card-library-small\">\n\t<div class=\"card-library--figure bg-yellow\">\n\n\t\t<div class=\"card-library--figure-overlay\">\n\t\t\t<div>\n\t\t\t\t<svg width=\"174\" height=\"199\" viewbox=\"0 0 174 199\" fill=\"none\" xmlns=\"http:\/\/www.w3.org\/2000\/svg\">\n\t\t\t\t\t<g style=\"mix-blend-mode:multiply\" opacity=\"0.5\">\n\t\t\t\t\t\t<path\n\t\t\t\t\t\t\td=\"M0.124145 174.387C-0.488847 158.58 1.27017 131.245 3.16245 110.989C4.70825 94.8227 9.932 76.2886 16.8881 60.1461C22.9114 46.2037 30.8537 33.9832 40.5283 26.5457C61.37 10.427 101.108 -6.19381 142.471 2.29598C183.808 10.7618 213.605 23.8911 201.132 63.6377C195.322 82.1956 182.769 98.9599 168.99 115.748C153.239 134.928 135.115 148.559 135.115 148.559C135.115 148.559 84.1306 176.253 48.3905 189.047C34.425 194.046 21.1791 199.833 17.5811 198.9C4.92147 195.552 1.80321 190.267 1.80321 190.267C1.80321 190.267 0.390663 182.16 0.0974928 174.387H0.124145Z\"\n\t\t\t\t\t\t\tfill=\"#FCD06D\"\n\t\t\t\t\t\t\/>\n\t\t\t\t\t<\/g>\n\t\t\t\t<\/svg>\n\t\t\t<\/div>\n\t\t<\/div>\n\n\t\t<div class=\"card-library--figure-content\">\n\t\t\t\t\t\t\t\t\t\t<img decoding=\"async\" loading=\"lazy\" src=\"https:\/\/fundacaomariacecilia.org.br\/wp-content\/uploads\/2023\/07\/racismo-educacao-infantil-video-thumb-2.jpg\" srcset=\"https:\/\/fundacaomariacecilia.org.br\/wp-content\/uploads\/2023\/07\/racismo-educacao-infantil-video-thumb-2.jpg\"\n\t\t\t\t\talt=\"\"\n\t\t\t\t\tclass=\"card-library--image image-v\">\n\t\t\t\n\t\t\t<div class=\"card-library--main-tag\">\n\t\t\t\t\t\t\t\t\t<span class=\"card-library--tag uppercase\">\n\t\t\t\t\t\tV\u00eddeos\t\t\t\t\t<\/span>\n\t\t\t\t\t\t\t<\/div>\n\n\t\t\t\t\t<\/div>\n\t<\/div>\n\n\t<div class=\"card-library--content\">\n\t\t<h4 class=\"card-library--title\">Caminhos para uma educa\u00e7\u00e3o infantil pela equidade racial<\/h4>\n\t<\/div>\n<\/a>\n<\/section>\n\n<section>\n<a href=\"\" title=\"A import\u00e2ncia das intera\u00e7\u00f5es com os pais para o desenvolvimento infantil\" class=\"card-library-small\">\n\t<div class=\"card-library--figure bg-yellow\">\n\n\t\t<div class=\"card-library--figure-overlay\">\n\t\t\t<div>\n\t\t\t\t<svg width=\"174\" height=\"199\" viewbox=\"0 0 174 199\" fill=\"none\" xmlns=\"http:\/\/www.w3.org\/2000\/svg\">\n\t\t\t\t\t<g style=\"mix-blend-mode:multiply\" opacity=\"0.5\">\n\t\t\t\t\t\t<path\n\t\t\t\t\t\t\td=\"M0.124145 174.387C-0.488847 158.58 1.27017 131.245 3.16245 110.989C4.70825 94.8227 9.932 76.2886 16.8881 60.1461C22.9114 46.2037 30.8537 33.9832 40.5283 26.5457C61.37 10.427 101.108 -6.19381 142.471 2.29598C183.808 10.7618 213.605 23.8911 201.132 63.6377C195.322 82.1956 182.769 98.9599 168.99 115.748C153.239 134.928 135.115 148.559 135.115 148.559C135.115 148.559 84.1306 176.253 48.3905 189.047C34.425 194.046 21.1791 199.833 17.5811 198.9C4.92147 195.552 1.80321 190.267 1.80321 190.267C1.80321 190.267 0.390663 182.16 0.0974928 174.387H0.124145Z\"\n\t\t\t\t\t\t\tfill=\"#FCD06D\"\n\t\t\t\t\t\t\/>\n\t\t\t\t\t<\/g>\n\t\t\t\t<\/svg>\n\t\t\t<\/div>\n\t\t<\/div>\n\n\t\t<div class=\"card-library--figure-content\">\n\t\t\t\t\t\t\t\t\t\t<img decoding=\"async\" loading=\"lazy\" src=\"https:\/\/fundacaomariacecilia.org.br\/wp-content\/uploads\/2023\/07\/A-importancia-das-interacoes-com-os-pais-para-o-desenvolvimento-infantil.png\" srcset=\"https:\/\/fundacaomariacecilia.org.br\/wp-content\/uploads\/2023\/07\/A-importancia-das-interacoes-com-os-pais-para-o-desenvolvimento-infantil.png\"\n\t\t\t\t\talt=\"\"\n\t\t\t\t\tclass=\"card-library--image image-v\">\n\t\t\t\n\t\t\t<div class=\"card-library--main-tag\">\n\t\t\t\t\t\t\t\t\t<span class=\"card-library--tag uppercase\">\n\t\t\t\t\t\tV\u00eddeos\t\t\t\t\t<\/span>\n\t\t\t\t\t\t\t<\/div>\n\n\t\t\t\t\t<\/div>\n\t<\/div>\n\n\t<div class=\"card-library--content\">\n\t\t<h4 class=\"card-library--title\">A import\u00e2ncia das intera\u00e7\u00f5es com os pais para o desenvolvimento infantil<\/h4>\n\t<\/div>\n<\/a>\n<\/section>\n\n<section>\n<a href=\"\" title=\"Alimenta\u00e7\u00e3o na primeira inf\u00e2ncia (s\u00e9rie &quot;Quanto mais cedo, maior&quot;)\" class=\"card-library-small\">\n\t<div class=\"card-library--figure bg-yellow\">\n\n\t\t<div class=\"card-library--figure-overlay\">\n\t\t\t<div>\n\t\t\t\t<svg width=\"174\" height=\"199\" viewbox=\"0 0 174 199\" fill=\"none\" xmlns=\"http:\/\/www.w3.org\/2000\/svg\">\n\t\t\t\t\t<g style=\"mix-blend-mode:multiply\" opacity=\"0.5\">\n\t\t\t\t\t\t<path\n\t\t\t\t\t\t\td=\"M0.124145 174.387C-0.488847 158.58 1.27017 131.245 3.16245 110.989C4.70825 94.8227 9.932 76.2886 16.8881 60.1461C22.9114 46.2037 30.8537 33.9832 40.5283 26.5457C61.37 10.427 101.108 -6.19381 142.471 2.29598C183.808 10.7618 213.605 23.8911 201.132 63.6377C195.322 82.1956 182.769 98.9599 168.99 115.748C153.239 134.928 135.115 148.559 135.115 148.559C135.115 148.559 84.1306 176.253 48.3905 189.047C34.425 194.046 21.1791 199.833 17.5811 198.9C4.92147 195.552 1.80321 190.267 1.80321 190.267C1.80321 190.267 0.390663 182.16 0.0974928 174.387H0.124145Z\"\n\t\t\t\t\t\t\tfill=\"#FCD06D\"\n\t\t\t\t\t\t\/>\n\t\t\t\t\t<\/g>\n\t\t\t\t<\/svg>\n\t\t\t<\/div>\n\t\t<\/div>\n\n\t\t<div class=\"card-library--figure-content\">\n\t\t\t\t\t\t\t\t\t\t<img decoding=\"async\" loading=\"lazy\" src=\"https:\/\/fundacaomariacecilia.org.br\/wp-content\/uploads\/2023\/07\/alimentacao-quanto-mais-cedo-maior-2.jpg\" srcset=\"https:\/\/fundacaomariacecilia.org.br\/wp-content\/uploads\/2023\/07\/alimentacao-quanto-mais-cedo-maior-2.jpg\"\n\t\t\t\t\talt=\"Take mostra pai e filha na cozinha se alimentando. Ilustra v\u00eddeo Alimenta\u00e7\u00e3o na primeira inf\u00e2ncia (s\u00e9rie \"quanto mais cedo, maior\").\"\n\t\t\t\t\tclass=\"card-library--image image-v\">\n\t\t\t\n\t\t\t<div class=\"card-library--main-tag\">\n\t\t\t\t\t\t\t\t\t<span class=\"card-library--tag uppercase\">\n\t\t\t\t\t\tV\u00eddeos\t\t\t\t\t<\/span>\n\t\t\t\t\t\t\t<\/div>\n\n\t\t\t\t\t<\/div>\n\t<\/div>\n\n\t<div class=\"card-library--content\">\n\t\t<h4 class=\"card-library--title\">Alimenta\u00e7\u00e3o na primeira inf\u00e2ncia (s\u00e9rie &quot;Quanto mais cedo, maior&quot;)<\/h4>\n\t<\/div>\n<\/a>\n<\/section>\n\n<section>\n<a href=\"\" title=\"Compartilhamento de aparelhos | Que Corpo \u00c9 Esse?\" class=\"card-library-small\">\n\t<div class=\"card-library--figure bg-yellow\">\n\n\t\t<div class=\"card-library--figure-overlay\">\n\t\t\t<div>\n\t\t\t\t<svg width=\"174\" height=\"199\" viewbox=\"0 0 174 199\" fill=\"none\" xmlns=\"http:\/\/www.w3.org\/2000\/svg\">\n\t\t\t\t\t<g style=\"mix-blend-mode:multiply\" opacity=\"0.5\">\n\t\t\t\t\t\t<path\n\t\t\t\t\t\t\td=\"M0.124145 174.387C-0.488847 158.58 1.27017 131.245 3.16245 110.989C4.70825 94.8227 9.932 76.2886 16.8881 60.1461C22.9114 46.2037 30.8537 33.9832 40.5283 26.5457C61.37 10.427 101.108 -6.19381 142.471 2.29598C183.808 10.7618 213.605 23.8911 201.132 63.6377C195.322 82.1956 182.769 98.9599 168.99 115.748C153.239 134.928 135.115 148.559 135.115 148.559C135.115 148.559 84.1306 176.253 48.3905 189.047C34.425 194.046 21.1791 199.833 17.5811 198.9C4.92147 195.552 1.80321 190.267 1.80321 190.267C1.80321 190.267 0.390663 182.16 0.0974928 174.387H0.124145Z\"\n\t\t\t\t\t\t\tfill=\"#FCD06D\"\n\t\t\t\t\t\t\/>\n\t\t\t\t\t<\/g>\n\t\t\t\t<\/svg>\n\t\t\t<\/div>\n\t\t<\/div>\n\n\t\t<div class=\"card-library--figure-content\">\n\t\t\t\t\t\t\t\t\t\t<img decoding=\"async\" loading=\"lazy\" src=\"https:\/\/fundacaomariacecilia.org.br\/wp-content\/uploads\/2023\/07\/que-corpo-esse-compartilhamento-aparelhos-thumb-2.png\" srcset=\"https:\/\/fundacaomariacecilia.org.br\/wp-content\/uploads\/2023\/07\/que-corpo-esse-compartilhamento-aparelhos-thumb-2.png\"\n\t\t\t\t\talt=\"\"\n\t\t\t\t\tclass=\"card-library--image image-v\">\n\t\t\t\n\t\t\t<div class=\"card-library--main-tag\">\n\t\t\t\t\t\t\t\t\t<span class=\"card-library--tag uppercase\">\n\t\t\t\t\t\tV\u00eddeos\t\t\t\t\t<\/span>\n\t\t\t\t\t\t\t<\/div>\n\n\t\t\t\t\t<\/div>\n\t<\/div>\n\n\t<div class=\"card-library--content\">\n\t\t<h4 class=\"card-library--title\">Compartilhamento de aparelhos | Que Corpo \u00c9 Esse?<\/h4>\n\t<\/div>\n<\/a>\n<\/section>\n\n<section>\n<a href=\"\" title=\"Epigen\u00e9tica | O que \u00e9 essa tal de?\" class=\"card-library-small\">\n\t<div class=\"card-library--figure bg-yellow\">\n\n\t\t<div class=\"card-library--figure-overlay\">\n\t\t\t<div>\n\t\t\t\t<svg width=\"174\" height=\"199\" viewbox=\"0 0 174 199\" fill=\"none\" xmlns=\"http:\/\/www.w3.org\/2000\/svg\">\n\t\t\t\t\t<g style=\"mix-blend-mode:multiply\" opacity=\"0.5\">\n\t\t\t\t\t\t<path\n\t\t\t\t\t\t\td=\"M0.124145 174.387C-0.488847 158.58 1.27017 131.245 3.16245 110.989C4.70825 94.8227 9.932 76.2886 16.8881 60.1461C22.9114 46.2037 30.8537 33.9832 40.5283 26.5457C61.37 10.427 101.108 -6.19381 142.471 2.29598C183.808 10.7618 213.605 23.8911 201.132 63.6377C195.322 82.1956 182.769 98.9599 168.99 115.748C153.239 134.928 135.115 148.559 135.115 148.559C135.115 148.559 84.1306 176.253 48.3905 189.047C34.425 194.046 21.1791 199.833 17.5811 198.9C4.92147 195.552 1.80321 190.267 1.80321 190.267C1.80321 190.267 0.390663 182.16 0.0974928 174.387H0.124145Z\"\n\t\t\t\t\t\t\tfill=\"#FCD06D\"\n\t\t\t\t\t\t\/>\n\t\t\t\t\t<\/g>\n\t\t\t\t<\/svg>\n\t\t\t<\/div>\n\t\t<\/div>\n\n\t\t<div class=\"card-library--figure-content\">\n\t\t\t\t\t\t\t\t\t\t<img decoding=\"async\" loading=\"lazy\" src=\"https:\/\/fundacaomariacecilia.org.br\/wp-content\/uploads\/2023\/07\/que-essa-tal-de-epigenetica-2.jpg\" srcset=\"https:\/\/fundacaomariacecilia.org.br\/wp-content\/uploads\/2023\/07\/que-essa-tal-de-epigenetica-2.jpg\"\n\t\t\t\t\talt=\"\"\n\t\t\t\t\tclass=\"card-library--image image-v\">\n\t\t\t\n\t\t\t<div class=\"card-library--main-tag\">\n\t\t\t\t\t\t\t\t\t<span class=\"card-library--tag uppercase\">\n\t\t\t\t\t\tV\u00eddeos\t\t\t\t\t<\/span>\n\t\t\t\t\t\t\t<\/div>\n\n\t\t\t\t\t<\/div>\n\t<\/div>\n\n\t<div class=\"card-library--content\">\n\t\t<h4 class=\"card-library--title\">Epigen\u00e9tica | O que \u00e9 essa tal de?<\/h4>\n\t<\/div>\n<\/a>\n<\/section>\n\n<section>\n<a href=\"\" title=\"Educa\u00e7\u00e3o infantil e o brincar livre na natureza\" class=\"card-library-small\">\n\t<div class=\"card-library--figure bg-yellow\">\n\n\t\t<div class=\"card-library--figure-overlay\">\n\t\t\t<div>\n\t\t\t\t<svg width=\"174\" height=\"199\" viewbox=\"0 0 174 199\" fill=\"none\" xmlns=\"http:\/\/www.w3.org\/2000\/svg\">\n\t\t\t\t\t<g style=\"mix-blend-mode:multiply\" opacity=\"0.5\">\n\t\t\t\t\t\t<path\n\t\t\t\t\t\t\td=\"M0.124145 174.387C-0.488847 158.58 1.27017 131.245 3.16245 110.989C4.70825 94.8227 9.932 76.2886 16.8881 60.1461C22.9114 46.2037 30.8537 33.9832 40.5283 26.5457C61.37 10.427 101.108 -6.19381 142.471 2.29598C183.808 10.7618 213.605 23.8911 201.132 63.6377C195.322 82.1956 182.769 98.9599 168.99 115.748C153.239 134.928 135.115 148.559 135.115 148.559C135.115 148.559 84.1306 176.253 48.3905 189.047C34.425 194.046 21.1791 199.833 17.5811 198.9C4.92147 195.552 1.80321 190.267 1.80321 190.267C1.80321 190.267 0.390663 182.16 0.0974928 174.387H0.124145Z\"\n\t\t\t\t\t\t\tfill=\"#FCD06D\"\n\t\t\t\t\t\t\/>\n\t\t\t\t\t<\/g>\n\t\t\t\t<\/svg>\n\t\t\t<\/div>\n\t\t<\/div>\n\n\t\t<div class=\"card-library--figure-content\">\n\t\t\t\t\t\t\t\t\t\t<img decoding=\"async\" loading=\"lazy\" src=\"https:\/\/fundacaomariacecilia.org.br\/wp-content\/uploads\/2023\/07\/educacao-infantil-brincar-livre-natureza-thumb-2.png\" srcset=\"https:\/\/fundacaomariacecilia.org.br\/wp-content\/uploads\/2023\/07\/educacao-infantil-brincar-livre-natureza-thumb-2.png\"\n\t\t\t\t\talt=\"\"\n\t\t\t\t\tclass=\"card-library--image image-v\">\n\t\t\t\n\t\t\t<div class=\"card-library--main-tag\">\n\t\t\t\t\t\t\t\t\t<span class=\"card-library--tag uppercase\">\n\t\t\t\t\t\tV\u00eddeos\t\t\t\t\t<\/span>\n\t\t\t\t\t\t\t<\/div>\n\n\t\t\t\t\t<\/div>\n\t<\/div>\n\n\t<div class=\"card-library--content\">\n\t\t<h4 class=\"card-library--title\">Educa\u00e7\u00e3o infantil e o brincar livre na natureza<\/h4>\n\t<\/div>\n<\/a>\n<\/section>\n\n<section>\n<a href=\"\" title=\"O papel da escuta da crian\u00e7a para a educa\u00e7\u00e3o infantil\" class=\"card-library-small\">\n\t<div class=\"card-library--figure bg-yellow\">\n\n\t\t<div class=\"card-library--figure-overlay\">\n\t\t\t<div>\n\t\t\t\t<svg width=\"174\" height=\"199\" viewbox=\"0 0 174 199\" fill=\"none\" xmlns=\"http:\/\/www.w3.org\/2000\/svg\">\n\t\t\t\t\t<g style=\"mix-blend-mode:multiply\" opacity=\"0.5\">\n\t\t\t\t\t\t<path\n\t\t\t\t\t\t\td=\"M0.124145 174.387C-0.488847 158.58 1.27017 131.245 3.16245 110.989C4.70825 94.8227 9.932 76.2886 16.8881 60.1461C22.9114 46.2037 30.8537 33.9832 40.5283 26.5457C61.37 10.427 101.108 -6.19381 142.471 2.29598C183.808 10.7618 213.605 23.8911 201.132 63.6377C195.322 82.1956 182.769 98.9599 168.99 115.748C153.239 134.928 135.115 148.559 135.115 148.559C135.115 148.559 84.1306 176.253 48.3905 189.047C34.425 194.046 21.1791 199.833 17.5811 198.9C4.92147 195.552 1.80321 190.267 1.80321 190.267C1.80321 190.267 0.390663 182.16 0.0974928 174.387H0.124145Z\"\n\t\t\t\t\t\t\tfill=\"#FCD06D\"\n\t\t\t\t\t\t\/>\n\t\t\t\t\t<\/g>\n\t\t\t\t<\/svg>\n\t\t\t<\/div>\n\t\t<\/div>\n\n\t\t<div class=\"card-library--figure-content\">\n\t\t\t\t\t\t\t\t\t\t<img decoding=\"async\" loading=\"lazy\" src=\"https:\/\/fundacaomariacecilia.org.br\/wp-content\/uploads\/2023\/07\/papel-escuta-crianca-educacao-infantil-thumb-2.jpg\" srcset=\"https:\/\/fundacaomariacecilia.org.br\/wp-content\/uploads\/2023\/07\/papel-escuta-crianca-educacao-infantil-thumb-2.jpg\"\n\t\t\t\t\talt=\"\"\n\t\t\t\t\tclass=\"card-library--image image-v\">\n\t\t\t\n\t\t\t<div class=\"card-library--main-tag\">\n\t\t\t\t\t\t\t\t\t<span class=\"card-library--tag uppercase\">\n\t\t\t\t\t\tV\u00eddeos\t\t\t\t\t<\/span>\n\t\t\t\t\t\t\t<\/div>\n\n\t\t\t\t\t<\/div>\n\t<\/div>\n\n\t<div class=\"card-library--content\">\n\t\t<h4 class=\"card-library--title\">O papel da escuta da crian\u00e7a para a educa\u00e7\u00e3o infantil<\/h4>\n\t<\/div>\n<\/a>\n<\/section>\n\n<section>\n<a href=\"\" title=\"Estresse T\u00f3xico | O que \u00e9 essa tal de?\" class=\"card-library-small\">\n\t<div class=\"card-library--figure bg-yellow\">\n\n\t\t<div class=\"card-library--figure-overlay\">\n\t\t\t<div>\n\t\t\t\t<svg width=\"174\" height=\"199\" viewbox=\"0 0 174 199\" fill=\"none\" xmlns=\"http:\/\/www.w3.org\/2000\/svg\">\n\t\t\t\t\t<g style=\"mix-blend-mode:multiply\" opacity=\"0.5\">\n\t\t\t\t\t\t<path\n\t\t\t\t\t\t\td=\"M0.124145 174.387C-0.488847 158.58 1.27017 131.245 3.16245 110.989C4.70825 94.8227 9.932 76.2886 16.8881 60.1461C22.9114 46.2037 30.8537 33.9832 40.5283 26.5457C61.37 10.427 101.108 -6.19381 142.471 2.29598C183.808 10.7618 213.605 23.8911 201.132 63.6377C195.322 82.1956 182.769 98.9599 168.99 115.748C153.239 134.928 135.115 148.559 135.115 148.559C135.115 148.559 84.1306 176.253 48.3905 189.047C34.425 194.046 21.1791 199.833 17.5811 198.9C4.92147 195.552 1.80321 190.267 1.80321 190.267C1.80321 190.267 0.390663 182.16 0.0974928 174.387H0.124145Z\"\n\t\t\t\t\t\t\tfill=\"#FCD06D\"\n\t\t\t\t\t\t\/>\n\t\t\t\t\t<\/g>\n\t\t\t\t<\/svg>\n\t\t\t<\/div>\n\t\t<\/div>\n\n\t\t<div class=\"card-library--figure-content\">\n\t\t\t\t\t\t\t\t\t\t<img decoding=\"async\" loading=\"lazy\" src=\"https:\/\/fundacaomariacecilia.org.br\/wp-content\/uploads\/2023\/07\/que-essa-tal-de-estresse-toxico-thumb-2.jpg\" srcset=\"https:\/\/fundacaomariacecilia.org.br\/wp-content\/uploads\/2023\/07\/que-essa-tal-de-estresse-toxico-thumb-2.jpg\"\n\t\t\t\t\talt=\"\"\n\t\t\t\t\tclass=\"card-library--image image-v\">\n\t\t\t\n\t\t\t<div class=\"card-library--main-tag\">\n\t\t\t\t\t\t\t\t\t<span class=\"card-library--tag uppercase\">\n\t\t\t\t\t\tV\u00eddeos\t\t\t\t\t<\/span>\n\t\t\t\t\t\t\t<\/div>\n\n\t\t\t\t\t<\/div>\n\t<\/div>\n\n\t<div class=\"card-library--content\">\n\t\t<h4 class=\"card-library--title\">Estresse T\u00f3xico | O que \u00e9 essa tal de?<\/h4>\n\t<\/div>\n<\/a>\n<\/section>\n\n<section>\n<a href=\"\" title=\"Fun\u00e7\u00e3o Executiva: habilidade para a vida e aprendizagem\" class=\"card-library-small\">\n\t<div class=\"card-library--figure bg-yellow\">\n\n\t\t<div class=\"card-library--figure-overlay\">\n\t\t\t<div>\n\t\t\t\t<svg width=\"174\" height=\"199\" viewbox=\"0 0 174 199\" fill=\"none\" xmlns=\"http:\/\/www.w3.org\/2000\/svg\">\n\t\t\t\t\t<g style=\"mix-blend-mode:multiply\" opacity=\"0.5\">\n\t\t\t\t\t\t<path\n\t\t\t\t\t\t\td=\"M0.124145 174.387C-0.488847 158.58 1.27017 131.245 3.16245 110.989C4.70825 94.8227 9.932 76.2886 16.8881 60.1461C22.9114 46.2037 30.8537 33.9832 40.5283 26.5457C61.37 10.427 101.108 -6.19381 142.471 2.29598C183.808 10.7618 213.605 23.8911 201.132 63.6377C195.322 82.1956 182.769 98.9599 168.99 115.748C153.239 134.928 135.115 148.559 135.115 148.559C135.115 148.559 84.1306 176.253 48.3905 189.047C34.425 194.046 21.1791 199.833 17.5811 198.9C4.92147 195.552 1.80321 190.267 1.80321 190.267C1.80321 190.267 0.390663 182.16 0.0974928 174.387H0.124145Z\"\n\t\t\t\t\t\t\tfill=\"#FCD06D\"\n\t\t\t\t\t\t\/>\n\t\t\t\t\t<\/g>\n\t\t\t\t<\/svg>\n\t\t\t<\/div>\n\t\t<\/div>\n\n\t\t<div class=\"card-library--figure-content\">\n\t\t\t\t\t\t\t\t\t\t<img decoding=\"async\" loading=\"lazy\" src=\"https:\/\/fundacaomariacecilia.org.br\/wp-content\/uploads\/2023\/07\/Funcao-Executiva-habilidade-para-a-vida-e-aprendizagem.png\" srcset=\"https:\/\/fundacaomariacecilia.org.br\/wp-content\/uploads\/2023\/07\/Funcao-Executiva-habilidade-para-a-vida-e-aprendizagem.png\"\n\t\t\t\t\talt=\"\"\n\t\t\t\t\tclass=\"card-library--image image-v\">\n\t\t\t\n\t\t\t<div class=\"card-library--main-tag\">\n\t\t\t\t\t\t\t\t\t<span class=\"card-library--tag uppercase\">\n\t\t\t\t\t\tV\u00eddeos\t\t\t\t\t<\/span>\n\t\t\t\t\t\t\t<\/div>\n\n\t\t\t\t\t<\/div>\n\t<\/div>\n\n\t<div class=\"card-library--content\">\n\t\t<h4 class=\"card-library--title\">Fun\u00e7\u00e3o Executiva: habilidade para a vida e aprendizagem<\/h4>\n\t<\/div>\n<\/a>\n<\/section>\n\n<section>\n<a href=\"\" title=\"Miniaula Unicef: como construir a sa\u00fade mental do beb\u00ea\" class=\"card-library-small\">\n\t<div class=\"card-library--figure bg-yellow\">\n\n\t\t<div class=\"card-library--figure-overlay\">\n\t\t\t<div>\n\t\t\t\t<svg width=\"174\" height=\"199\" viewbox=\"0 0 174 199\" fill=\"none\" xmlns=\"http:\/\/www.w3.org\/2000\/svg\">\n\t\t\t\t\t<g style=\"mix-blend-mode:multiply\" opacity=\"0.5\">\n\t\t\t\t\t\t<path\n\t\t\t\t\t\t\td=\"M0.124145 174.387C-0.488847 158.58 1.27017 131.245 3.16245 110.989C4.70825 94.8227 9.932 76.2886 16.8881 60.1461C22.9114 46.2037 30.8537 33.9832 40.5283 26.5457C61.37 10.427 101.108 -6.19381 142.471 2.29598C183.808 10.7618 213.605 23.8911 201.132 63.6377C195.322 82.1956 182.769 98.9599 168.99 115.748C153.239 134.928 135.115 148.559 135.115 148.559C135.115 148.559 84.1306 176.253 48.3905 189.047C34.425 194.046 21.1791 199.833 17.5811 198.9C4.92147 195.552 1.80321 190.267 1.80321 190.267C1.80321 190.267 0.390663 182.16 0.0974928 174.387H0.124145Z\"\n\t\t\t\t\t\t\tfill=\"#FCD06D\"\n\t\t\t\t\t\t\/>\n\t\t\t\t\t<\/g>\n\t\t\t\t<\/svg>\n\t\t\t<\/div>\n\t\t<\/div>\n\n\t\t<div class=\"card-library--figure-content\">\n\t\t\t\t\t\t\t\t\t\t<img decoding=\"async\" loading=\"lazy\" src=\"https:\/\/fundacaomariacecilia.org.br\/wp-content\/uploads\/2023\/07\/mini-aula-unicef-como-construir-saude-mental-bebe-thumb-2.jpg\" srcset=\"https:\/\/fundacaomariacecilia.org.br\/wp-content\/uploads\/2023\/07\/mini-aula-unicef-como-construir-saude-mental-bebe-thumb-2.jpg\"\n\t\t\t\t\talt=\"\"\n\t\t\t\t\tclass=\"card-library--image image-v\">\n\t\t\t\n\t\t\t<div class=\"card-library--main-tag\">\n\t\t\t\t\t\t\t\t\t<span class=\"card-library--tag uppercase\">\n\t\t\t\t\t\tV\u00eddeos\t\t\t\t\t<\/span>\n\t\t\t\t\t\t\t<\/div>\n\n\t\t\t\t\t<\/div>\n\t<\/div>\n\n\t<div class=\"card-library--content\">\n\t\t<h4 class=\"card-library--title\">Miniaula Unicef: como construir a sa\u00fade mental do beb\u00ea<\/h4>\n\t<\/div>\n<\/a>\n<\/section>\n\n<section>\n<a href=\"\" title=\"Pai: estar presente \u00e9 tudo | Quanto Mais Cedo, Maior\" class=\"card-library-small\">\n\t<div class=\"card-library--figure bg-yellow\">\n\n\t\t<div class=\"card-library--figure-overlay\">\n\t\t\t<div>\n\t\t\t\t<svg width=\"174\" height=\"199\" viewbox=\"0 0 174 199\" fill=\"none\" xmlns=\"http:\/\/www.w3.org\/2000\/svg\">\n\t\t\t\t\t<g style=\"mix-blend-mode:multiply\" opacity=\"0.5\">\n\t\t\t\t\t\t<path\n\t\t\t\t\t\t\td=\"M0.124145 174.387C-0.488847 158.58 1.27017 131.245 3.16245 110.989C4.70825 94.8227 9.932 76.2886 16.8881 60.1461C22.9114 46.2037 30.8537 33.9832 40.5283 26.5457C61.37 10.427 101.108 -6.19381 142.471 2.29598C183.808 10.7618 213.605 23.8911 201.132 63.6377C195.322 82.1956 182.769 98.9599 168.99 115.748C153.239 134.928 135.115 148.559 135.115 148.559C135.115 148.559 84.1306 176.253 48.3905 189.047C34.425 194.046 21.1791 199.833 17.5811 198.9C4.92147 195.552 1.80321 190.267 1.80321 190.267C1.80321 190.267 0.390663 182.16 0.0974928 174.387H0.124145Z\"\n\t\t\t\t\t\t\tfill=\"#FCD06D\"\n\t\t\t\t\t\t\/>\n\t\t\t\t\t<\/g>\n\t\t\t\t<\/svg>\n\t\t\t<\/div>\n\t\t<\/div>\n\n\t\t<div class=\"card-library--figure-content\">\n\t\t\t\t\t\t\t\t\t\t<img decoding=\"async\" loading=\"lazy\" src=\"https:\/\/fundacaomariacecilia.org.br\/wp-content\/uploads\/2023\/07\/pai-estar-presente-quanto-mais-cedo-maior-thumb-2.jpg\" srcset=\"https:\/\/fundacaomariacecilia.org.br\/wp-content\/uploads\/2023\/07\/pai-estar-presente-quanto-mais-cedo-maior-thumb-2.jpg\"\n\t\t\t\t\talt=\"\"\n\t\t\t\t\tclass=\"card-library--image image-v\">\n\t\t\t\n\t\t\t<div class=\"card-library--main-tag\">\n\t\t\t\t\t\t\t\t\t<span class=\"card-library--tag uppercase\">\n\t\t\t\t\t\tV\u00eddeos\t\t\t\t\t<\/span>\n\t\t\t\t\t\t\t<\/div>\n\n\t\t\t\t\t<\/div>\n\t<\/div>\n\n\t<div class=\"card-library--content\">\n\t\t<h4 class=\"card-library--title\">Pai: estar presente \u00e9 tudo | Quanto Mais Cedo, Maior<\/h4>\n\t<\/div>\n<\/a>\n<\/section>\n\n<section>\n<a href=\"\" title=\"Webinar - Qual o efeito da pobreza no c\u00e9rebro das crian\u00e7as?\" class=\"card-library-small\">\n\t<div class=\"card-library--figure bg-yellow\">\n\n\t\t<div class=\"card-library--figure-overlay\">\n\t\t\t<div>\n\t\t\t\t<svg width=\"174\" height=\"199\" viewbox=\"0 0 174 199\" fill=\"none\" xmlns=\"http:\/\/www.w3.org\/2000\/svg\">\n\t\t\t\t\t<g style=\"mix-blend-mode:multiply\" opacity=\"0.5\">\n\t\t\t\t\t\t<path\n\t\t\t\t\t\t\td=\"M0.124145 174.387C-0.488847 158.58 1.27017 131.245 3.16245 110.989C4.70825 94.8227 9.932 76.2886 16.8881 60.1461C22.9114 46.2037 30.8537 33.9832 40.5283 26.5457C61.37 10.427 101.108 -6.19381 142.471 2.29598C183.808 10.7618 213.605 23.8911 201.132 63.6377C195.322 82.1956 182.769 98.9599 168.99 115.748C153.239 134.928 135.115 148.559 135.115 148.559C135.115 148.559 84.1306 176.253 48.3905 189.047C34.425 194.046 21.1791 199.833 17.5811 198.9C4.92147 195.552 1.80321 190.267 1.80321 190.267C1.80321 190.267 0.390663 182.16 0.0974928 174.387H0.124145Z\"\n\t\t\t\t\t\t\tfill=\"#FCD06D\"\n\t\t\t\t\t\t\/>\n\t\t\t\t\t<\/g>\n\t\t\t\t<\/svg>\n\t\t\t<\/div>\n\t\t<\/div>\n\n\t\t<div class=\"card-library--figure-content\">\n\t\t\t\t\t\t\t\t\t\t<img decoding=\"async\" loading=\"lazy\" src=\"https:\/\/fundacaomariacecilia.org.br\/wp-content\/uploads\/2023\/07\/transferencia-renda-funcao-cerebral-thumb-alt-2.jpg\" srcset=\"https:\/\/fundacaomariacecilia.org.br\/wp-content\/uploads\/2023\/07\/transferencia-renda-funcao-cerebral-thumb-alt-2.jpg\"\n\t\t\t\t\talt=\"\"\n\t\t\t\t\tclass=\"card-library--image image-v\">\n\t\t\t\n\t\t\t<div class=\"card-library--main-tag\">\n\t\t\t\t\t\t\t\t\t<span class=\"card-library--tag uppercase\">\n\t\t\t\t\t\tV\u00eddeos\t\t\t\t\t<\/span>\n\t\t\t\t\t\t\t<\/div>\n\n\t\t\t\t\t<\/div>\n\t<\/div>\n\n\t<div class=\"card-library--content\">\n\t\t<h4 class=\"card-library--title\">Webinar &#8211; Qual o efeito da pobreza no c\u00e9rebro das crian\u00e7as?<\/h4>\n\t<\/div>\n<\/a>\n<\/section>\n\t\t\t<\/div>\n\t\t<\/div>\n\n\t\t\t\t\t<div class=\"text-left block xm:hidden\">\n\t\t\t\t<a href=\"https:\/\/biblioteca.fmcsv.org.br\/resultado-de-busca\/?categorias=&#038;formatos=&#038;publicos=&#038;assuntos=&#038;search=&#038;formatos%5B%5D=19\"\n\t\t\t\ttitle=\"Ver todos\"\n\t\t\t\ttarget=\"_blank\"\n\t\t\t\tclass=\"library-dynamic--button fmc-button fmc-button-small fmc-button-text-marine underline\">Ver todos<\/a>\n\t\t\t<\/div>\n\t\t\n\t<\/div>\n<\/section>\n\n\n\t<section id=\"block_10f8c3fb0f61036b63af09a9f057912d\" class=\"block-slider-library-dynamic dynamic-filters  padding-top-60  padding-bottom-80  padding-top-mobile-80  padding-bottom-mobile-80 alignwide has-background bg-gray-100\">\n\t\t<div class=\"mx-auto\">\n\n\t\t\t\t\t\t\t<div class=\"px-0 library-dynamic--header\">\n\t\t\t\t\t<div class=\"text-left sm:text-center\">\n\t\t\t\t\t\t<h2 class=\"library-dynamic--title mb-4\">Assuntos atuais<\/h2>\n\t\t\t\t\t\t<p class=\"library-dynamic--description\">Explore nossa curadoria sobre assuntos contempor\u00e2neos e de interesse social:<\/p>\n\t\t\t\t\t<\/div>\n\t\t\t\t<\/div>\n\t\t\t\n\t\t\t<div class=\"library-dynamic--filters text-left 1024:text-center mb-4\">\n\t\t\t\t<div class=\"block 1024:hidden lg:block overflow-hidden\">\n\t\t\t\t\t<div class=\"slide-library owl-carousel owl-theme js-filters-library-dynamic\">\n\t\t\t\t\t\t\t\t\t\t\t\t\t<div class=\"item\">\n\t\t\t\t\t\t\t\t<a href=\"#\"\n\t\t\t\t\t\t\t\t\tclass=\"library-dynamic--btn-filter js-library-dynamic--btn-filter fmc-button fmc-button-small fmc-button-secondary-marine button-rounded mx-2 active\"\n\t\t\t\t\t\t\t\t\tdata-cols=\"dynamic\"\n\t\t\t\t\t\t\t\t\tdata-id=\"block_10f8c3fb0f61036b63af09a9f057912d\"\n\t\t\t\t\t\t\t\t\tdata-taxonomy=\"subject\"\n\t\t\t\t\t\t\t\t\ttitle=\"Crian\u00e7a e natureza\"\n\t\t\t\t\t\t\t\t\tdata-term=\"136\">Crian\u00e7a e natureza\t\t\t\t\t\t\t\t<\/a>\n\t\t\t\t\t\t\t<\/div>\n\t\t\t\t\t\t\t\t\t\t\t\t\t<div class=\"item\">\n\t\t\t\t\t\t\t\t<a href=\"#\"\n\t\t\t\t\t\t\t\t\tclass=\"library-dynamic--btn-filter js-library-dynamic--btn-filter fmc-button fmc-button-small fmc-button-secondary-marine button-rounded mx-2\"\n\t\t\t\t\t\t\t\t\tdata-cols=\"dynamic\"\n\t\t\t\t\t\t\t\t\tdata-id=\"block_10f8c3fb0f61036b63af09a9f057912d\"\n\t\t\t\t\t\t\t\t\tdata-taxonomy=\"subject\"\n\t\t\t\t\t\t\t\t\ttitle=\"Uso de telas\"\n\t\t\t\t\t\t\t\t\tdata-term=\"138\">Uso de telas\t\t\t\t\t\t\t\t<\/a>\n\t\t\t\t\t\t\t<\/div>\n\t\t\t\t\t\t\t\t\t\t\t\t\t<div class=\"item\">\n\t\t\t\t\t\t\t\t<a href=\"#\"\n\t\t\t\t\t\t\t\t\tclass=\"library-dynamic--btn-filter js-library-dynamic--btn-filter fmc-button fmc-button-small fmc-button-secondary-marine button-rounded mx-2\"\n\t\t\t\t\t\t\t\t\tdata-cols=\"dynamic\"\n\t\t\t\t\t\t\t\t\tdata-id=\"block_10f8c3fb0f61036b63af09a9f057912d\"\n\t\t\t\t\t\t\t\t\tdata-taxonomy=\"subject\"\n\t\t\t\t\t\t\t\t\ttitle=\"Racismo\"\n\t\t\t\t\t\t\t\t\tdata-term=\"130\">Racismo\t\t\t\t\t\t\t\t<\/a>\n\t\t\t\t\t\t\t<\/div>\n\t\t\t\t\t\t\t\t\t\t\t\t\t<div class=\"item\">\n\t\t\t\t\t\t\t\t<a href=\"#\"\n\t\t\t\t\t\t\t\t\tclass=\"library-dynamic--btn-filter js-library-dynamic--btn-filter fmc-button fmc-button-small fmc-button-secondary-marine button-rounded mx-2\"\n\t\t\t\t\t\t\t\t\tdata-cols=\"dynamic\"\n\t\t\t\t\t\t\t\t\tdata-id=\"block_10f8c3fb0f61036b63af09a9f057912d\"\n\t\t\t\t\t\t\t\t\tdata-taxonomy=\"subject\"\n\t\t\t\t\t\t\t\t\ttitle=\"Sa\u00fade mental\"\n\t\t\t\t\t\t\t\t\tdata-term=\"38\">Sa\u00fade mental\t\t\t\t\t\t\t\t<\/a>\n\t\t\t\t\t\t\t<\/div>\n\t\t\t\t\t\t\t\t\t\t\t<\/div>\n\t\t\t\t<\/div>\n\t\t\t\t<div class=\"hidden 1024:block lg:hidden\">\n\t\t\t\t\t<div class=\"slide-library owl-carousel owl-theme js-filters-library-dynamic\">\n\t\t\t\t\t\t\t\t\t\t\t\t\t<div class=\"item\">\n\t\t\t\t\t\t\t\t<a href=\"#\"\n\t\t\t\t\t\t\t\t\tclass=\"library-dynamic--btn-filter js-library-dynamic--btn-filter fmc-button fmc-button-small fmc-button-secondary-marine button-rounded mx-2 active\"\n\t\t\t\t\t\t\t\t\tdata-cols=\"dynamic\"\n\t\t\t\t\t\t\t\t\tdata-id=\"block_10f8c3fb0f61036b63af09a9f057912d\"\n\t\t\t\t\t\t\t\t\tdata-taxonomy=\"subject\"\n\t\t\t\t\t\t\t\t\ttitle=\"Crian\u00e7a e natureza\"\n\t\t\t\t\t\t\t\t\tdata-term=\"136\">Crian\u00e7a e natureza\t\t\t\t\t\t\t\t<\/a>\n\t\t\t\t\t\t\t<\/div>\n\t\t\t\t\t\t\t\t\t\t\t\t\t<div class=\"item\">\n\t\t\t\t\t\t\t\t<a href=\"#\"\n\t\t\t\t\t\t\t\t\tclass=\"library-dynamic--btn-filter js-library-dynamic--btn-filter fmc-button fmc-button-small fmc-button-secondary-marine button-rounded mx-2\"\n\t\t\t\t\t\t\t\t\tdata-cols=\"dynamic\"\n\t\t\t\t\t\t\t\t\tdata-id=\"block_10f8c3fb0f61036b63af09a9f057912d\"\n\t\t\t\t\t\t\t\t\tdata-taxonomy=\"subject\"\n\t\t\t\t\t\t\t\t\ttitle=\"Uso de telas\"\n\t\t\t\t\t\t\t\t\tdata-term=\"138\">Uso de telas\t\t\t\t\t\t\t\t<\/a>\n\t\t\t\t\t\t\t<\/div>\n\t\t\t\t\t\t\t\t\t\t\t\t\t<div class=\"item\">\n\t\t\t\t\t\t\t\t<a href=\"#\"\n\t\t\t\t\t\t\t\t\tclass=\"library-dynamic--btn-filter js-library-dynamic--btn-filter fmc-button fmc-button-small fmc-button-secondary-marine button-rounded mx-2\"\n\t\t\t\t\t\t\t\t\tdata-cols=\"dynamic\"\n\t\t\t\t\t\t\t\t\tdata-id=\"block_10f8c3fb0f61036b63af09a9f057912d\"\n\t\t\t\t\t\t\t\t\tdata-taxonomy=\"subject\"\n\t\t\t\t\t\t\t\t\ttitle=\"Racismo\"\n\t\t\t\t\t\t\t\t\tdata-term=\"130\">Racismo\t\t\t\t\t\t\t\t<\/a>\n\t\t\t\t\t\t\t<\/div>\n\t\t\t\t\t\t\t\t\t\t\t\t\t<div class=\"item\">\n\t\t\t\t\t\t\t\t<a href=\"#\"\n\t\t\t\t\t\t\t\t\tclass=\"library-dynamic--btn-filter js-library-dynamic--btn-filter fmc-button fmc-button-small fmc-button-secondary-marine button-rounded mx-2\"\n\t\t\t\t\t\t\t\t\tdata-cols=\"dynamic\"\n\t\t\t\t\t\t\t\t\tdata-id=\"block_10f8c3fb0f61036b63af09a9f057912d\"\n\t\t\t\t\t\t\t\t\tdata-taxonomy=\"subject\"\n\t\t\t\t\t\t\t\t\ttitle=\"Sa\u00fade mental\"\n\t\t\t\t\t\t\t\t\tdata-term=\"38\">Sa\u00fade mental\t\t\t\t\t\t\t\t<\/a>\n\t\t\t\t\t\t\t<\/div>\n\t\t\t\t\t\t\t\t\t\t\t<\/div>\n\n\t\t\t\t<\/div>\n\t\t\t<\/div>\n\n\t\t\t<div class=\"js-slider-library-dynamic-content\">\n\t\t\t\t<div class=\"owl-carousel owl-theme js-slider-library-dynamic\"\n\t\t\t\t\tdata-cols=\"dynamic\">\n\t\t\t\t\t\n<div class=\"card-dynamic\" data-merge=\"2\">\n\t<div class=\"card-dynamic--overlay\">\n\t\t\t\t\t<img decoding=\"async\" loading=\"lazy\" src=\"https:\/\/fundacaomariacecilia.org.br\/wp-content\/uploads\/2023\/07\/Manual-sobre-os-beneficios-do-contato-com-a-natureza-na-infancia.png\" srcset=\"https:\/\/fundacaomariacecilia.org.br\/wp-content\/uploads\/2023\/07\/Manual-sobre-os-beneficios-do-contato-com-a-natureza-na-infancia.png\"\n\t\t\t\talt=\"Manual sobre os benef\u00edcios do contato com a natureza na inf\u00e2ncia\"\n\t\t\t\tclass=\"card-dynamic-dynamic-image object-cover absolute w-full h-full\">\n\t\t\t<\/div>\n\t<div class=\"flex flex-1 flex-col h-full justify-between relative z-10\">\n\t\t<div>\n\t\t\t\n\t\t\t<div class=\"grid grid-cols-2 gap-4\">\n\t\t\t\t<div>\n\t\t\t\t\t<span class=\"card-dynamic--date\">23\/10\/2020<\/span>\n\t\t\t\t<\/div>\n\t\t\t\t<div class=\"text-right\">\n\t\t\t\t\t\t\t\t\t\t\t<a href=\"#\" title=\"Guias\" class=\"card-dynamic--tag uppercase cursor-default pointer-events-none bg-yellow-light\">\n\t\t\t\t\t\t\tGuias\t\t\t\t\t\t<\/a>\n\t\t\t\t\t\t\t\t\t<\/div>\n\t\t\t<\/div>\n\t\t<\/div>\n\n\t\t<div class=\"card-dynamic--content\">\n\t\t\t<a href=\"\" title=\"Manual sobre os benef\u00edcios do contato com a natureza n...\" class=\"card-dynamic--title hover:text-magenta\">Manual sobre os benef\u00edcios do contato com a natureza n&#8230;<\/a>\n\t\t<\/div>\n\n\t\t<div>\n\t\t\t\t\t<\/div>\n\t<\/div>\n<\/div>\n\n<div class=\"card-dynamic\" data-merge=\"2\">\n\t<div class=\"card-dynamic--overlay\">\n\t\t\t\t\t<img decoding=\"async\" loading=\"lazy\" src=\"https:\/\/fundacaomariacecilia.org.br\/wp-content\/uploads\/2023\/07\/planejando-reabertura-escolas-thumb-2.png\" srcset=\"https:\/\/fundacaomariacecilia.org.br\/wp-content\/uploads\/2023\/07\/planejando-reabertura-escolas-thumb-2.png\"\n\t\t\t\talt=\"Incluindo a natureza na reabertura das escolas p\u00f3s-pandemia\"\n\t\t\t\tclass=\"card-dynamic-dynamic-image object-cover absolute w-full h-full\">\n\t\t\t<\/div>\n\t<div class=\"flex flex-1 flex-col h-full justify-between relative z-10\">\n\t\t<div>\n\t\t\t\n\t\t\t<div class=\"grid grid-cols-2 gap-4\">\n\t\t\t\t<div>\n\t\t\t\t\t<span class=\"card-dynamic--date\">26\/11\/2020<\/span>\n\t\t\t\t<\/div>\n\t\t\t\t<div class=\"text-right\">\n\t\t\t\t\t\t\t\t\t\t\t<a href=\"#\" title=\"Folhetos\" class=\"card-dynamic--tag uppercase cursor-default pointer-events-none bg-turquoise-light\">\n\t\t\t\t\t\t\tFolhetos\t\t\t\t\t\t<\/a>\n\t\t\t\t\t\t\t\t\t<\/div>\n\t\t\t<\/div>\n\t\t<\/div>\n\n\t\t<div class=\"card-dynamic--content\">\n\t\t\t<a href=\"\" title=\"Incluindo a natureza na reabertura das escolas p\u00f3s-pan...\" class=\"card-dynamic--title hover:text-magenta\">Incluindo a natureza na reabertura das escolas p\u00f3s-pan&#8230;<\/a>\n\t\t<\/div>\n\n\t\t<div>\n\t\t\t\t\t<\/div>\n\t<\/div>\n<\/div>\n\n<div class=\"card-dynamic\" data-merge=\"2\">\n\t<div class=\"card-dynamic--overlay\">\n\t\t\t\t\t<img decoding=\"async\" loading=\"lazy\" src=\"https:\/\/fundacaomariacecilia.org.br\/wp-content\/uploads\/2023\/07\/impacto-natureza-desenvolvimento-primeira-infancia-thumb-2.png\" srcset=\"https:\/\/fundacaomariacecilia.org.br\/wp-content\/uploads\/2023\/07\/impacto-natureza-desenvolvimento-primeira-infancia-thumb-2.png\"\n\t\t\t\talt=\"Impacto da natureza no desenvolvimento na primeira inf\u00e2ncia\"\n\t\t\t\tclass=\"card-dynamic-dynamic-image object-cover absolute w-full h-full\">\n\t\t\t<\/div>\n\t<div class=\"flex flex-1 flex-col h-full justify-between relative z-10\">\n\t\t<div>\n\t\t\t\n\t\t\t<div class=\"grid grid-cols-2 gap-4\">\n\t\t\t\t<div>\n\t\t\t\t\t<span class=\"card-dynamic--date\">09\/08\/2021<\/span>\n\t\t\t\t<\/div>\n\t\t\t\t<div class=\"text-right\">\n\t\t\t\t\t\t\t\t\t\t\t<a href=\"#\" title=\"Artigos\" class=\"card-dynamic--tag uppercase cursor-default pointer-events-none bg-magenta-light\">\n\t\t\t\t\t\t\tArtigos\t\t\t\t\t\t<\/a>\n\t\t\t\t\t\t\t\t\t<\/div>\n\t\t\t<\/div>\n\t\t<\/div>\n\n\t\t<div class=\"card-dynamic--content\">\n\t\t\t<a href=\"\" title=\"Impacto da natureza no desenvolvimento na primeira inf\u00c3...\" class=\"card-dynamic--title hover:text-magenta\">Impacto da natureza no desenvolvimento na primeira inf\u00c3\u0192&#8230;<\/a>\n\t\t<\/div>\n\n\t\t<div>\n\t\t\t\t\t<\/div>\n\t<\/div>\n<\/div>\n\n<div class=\"card-dynamic\" data-merge=\"2\">\n\t<div class=\"card-dynamic--overlay\">\n\t\t\t\t\t<img decoding=\"async\" loading=\"lazy\" src=\"https:\/\/fundacaomariacecilia.org.br\/wp-content\/uploads\/2023\/07\/Falta-de-natureza-na-infancia-pode-piorar-saude-mental-na-vida-adulta.png\" srcset=\"https:\/\/fundacaomariacecilia.org.br\/wp-content\/uploads\/2023\/07\/Falta-de-natureza-na-infancia-pode-piorar-saude-mental-na-vida-adulta.png\"\n\t\t\t\talt=\"Falta de natureza na inf\u00e2ncia pode piorar sa\u00fade mental na vida adulta\"\n\t\t\t\tclass=\"card-dynamic-dynamic-image object-cover absolute w-full h-full\">\n\t\t\t<\/div>\n\t<div class=\"flex flex-1 flex-col h-full justify-between relative z-10\">\n\t\t<div>\n\t\t\t\n\t\t\t<div class=\"grid grid-cols-2 gap-4\">\n\t\t\t\t<div>\n\t\t\t\t\t<span class=\"card-dynamic--date\">10\/11\/2020<\/span>\n\t\t\t\t<\/div>\n\t\t\t\t<div class=\"text-right\">\n\t\t\t\t\t\t\t\t\t\t\t<a href=\"#\" title=\"Artigos\" class=\"card-dynamic--tag uppercase cursor-default pointer-events-none bg-magenta-light\">\n\t\t\t\t\t\t\tArtigos\t\t\t\t\t\t<\/a>\n\t\t\t\t\t\t\t\t\t<\/div>\n\t\t\t<\/div>\n\t\t<\/div>\n\n\t\t<div class=\"card-dynamic--content\">\n\t\t\t<a href=\"\" title=\"Falta de natureza na inf\u00e2ncia pode piorar sa\u00fade menta...\" class=\"card-dynamic--title hover:text-magenta\">Falta de natureza na inf\u00e2ncia pode piorar sa\u00fade menta&#8230;<\/a>\n\t\t<\/div>\n\n\t\t<div>\n\t\t\t\t\t<\/div>\n\t<\/div>\n<\/div>\n\n<div class=\"card-dynamic\" data-merge=\"2\">\n\t<div class=\"card-dynamic--overlay\">\n\t\t\t\t\t<img decoding=\"async\" loading=\"lazy\" src=\"https:\/\/fundacaomariacecilia.org.br\/wp-content\/uploads\/2023\/07\/examinando-estrategias-melhorar-ensino-ciencias-pre-escola-thumb-2.jpg\" srcset=\"https:\/\/fundacaomariacecilia.org.br\/wp-content\/uploads\/2023\/07\/examinando-estrategias-melhorar-ensino-ciencias-pre-escola-thumb-2.jpg\"\n\t\t\t\talt=\"Examinando estrat\u00e9gias para melhorar o ensino de ci\u00eancias na pr\u00e9-escola\"\n\t\t\t\tclass=\"card-dynamic-dynamic-image object-cover absolute w-full h-full\">\n\t\t\t<\/div>\n\t<div class=\"flex flex-1 flex-col h-full justify-between relative z-10\">\n\t\t<div>\n\t\t\t\n\t\t\t<div class=\"grid grid-cols-2 gap-4\">\n\t\t\t\t<div>\n\t\t\t\t\t<span class=\"card-dynamic--date\">06\/07\/2021<\/span>\n\t\t\t\t<\/div>\n\t\t\t\t<div class=\"text-right\">\n\t\t\t\t\t\t\t\t\t\t\t<a href=\"#\" title=\"Folhetos\" class=\"card-dynamic--tag uppercase cursor-default pointer-events-none bg-turquoise-light\">\n\t\t\t\t\t\t\tFolhetos\t\t\t\t\t\t<\/a>\n\t\t\t\t\t\t\t\t\t<\/div>\n\t\t\t<\/div>\n\t\t<\/div>\n\n\t\t<div class=\"card-dynamic--content\">\n\t\t\t<a href=\"\" title=\"Examinando estrat\u00e9gias para melhorar o ensino de ci\u00ean...\" class=\"card-dynamic--title hover:text-magenta\">Examinando estrat\u00e9gias para melhorar o ensino de ci\u00ean&#8230;<\/a>\n\t\t<\/div>\n\n\t\t<div>\n\t\t\t\t\t<\/div>\n\t<\/div>\n<\/div>\n\n<div class=\"card-dynamic\" data-merge=\"1\">\n\t<div class=\"card-dynamic--overlay\">\n\t\t\t\t\t<img decoding=\"async\" loading=\"lazy\" src=\"https:\/\/fundacaomariacecilia.org.br\/wp-content\/uploads\/2023\/07\/Educando-na-natureza.png\" srcset=\"https:\/\/fundacaomariacecilia.org.br\/wp-content\/uploads\/2023\/07\/Educando-na-natureza.png\"\n\t\t\t\talt=\"Educando na natureza\"\n\t\t\t\tclass=\"card-dynamic-dynamic-image object-cover absolute w-full h-full\">\n\t\t\t<\/div>\n\t<div class=\"flex flex-1 flex-col h-full justify-between relative z-10\">\n\t\t<div>\n\t\t\t\n\t\t\t<div class=\"grid grid-cols-2 gap-4\">\n\t\t\t\t<div>\n\t\t\t\t\t<span class=\"card-dynamic--date\">09\/08\/2021<\/span>\n\t\t\t\t<\/div>\n\t\t\t\t<div class=\"text-right\">\n\t\t\t\t\t\t\t\t\t\t\t<a href=\"#\" title=\"Livros\" class=\"card-dynamic--tag uppercase cursor-default pointer-events-none bg-turquoise\">\n\t\t\t\t\t\t\tLivros\t\t\t\t\t\t<\/a>\n\t\t\t\t\t\t\t\t\t<\/div>\n\t\t\t<\/div>\n\t\t<\/div>\n\n\t\t<div class=\"card-dynamic--content\">\n\t\t\t<a href=\"\" title=\"Educando na natureza\" class=\"card-dynamic--title hover:text-magenta\">Educando na natureza<\/a>\n\t\t<\/div>\n\n\t\t<div>\n\t\t\t\t\t<\/div>\n\t<\/div>\n<\/div>\n\n<div class=\"card-dynamic\" data-merge=\"1\">\n\t<div class=\"card-dynamic--overlay\">\n\t\t\t\t\t<img decoding=\"async\" loading=\"lazy\" src=\"https:\/\/fundacaomariacecilia.org.br\/wp-content\/uploads\/2023\/07\/educacao-infantil-brincar-livre-natureza-thumb-2.png\" srcset=\"https:\/\/fundacaomariacecilia.org.br\/wp-content\/uploads\/2023\/07\/educacao-infantil-brincar-livre-natureza-thumb-2.png\"\n\t\t\t\talt=\"Educa\u00e7\u00e3o infantil e o brincar livre na natureza\"\n\t\t\t\tclass=\"card-dynamic-dynamic-image object-cover absolute w-full h-full\">\n\t\t\t<\/div>\n\t<div class=\"flex flex-1 flex-col h-full justify-between relative z-10\">\n\t\t<div>\n\t\t\t\n\t\t\t<div class=\"grid grid-cols-2 gap-4\">\n\t\t\t\t<div>\n\t\t\t\t\t<span class=\"card-dynamic--date\">26\/11\/2020<\/span>\n\t\t\t\t<\/div>\n\t\t\t\t<div class=\"text-right\">\n\t\t\t\t\t\t\t\t\t\t\t<a href=\"#\" title=\"V\u00eddeos\" class=\"card-dynamic--tag uppercase cursor-default pointer-events-none bg-yellow\">\n\t\t\t\t\t\t\tV\u00eddeos\t\t\t\t\t\t<\/a>\n\t\t\t\t\t\t\t\t\t<\/div>\n\t\t\t<\/div>\n\t\t<\/div>\n\n\t\t<div class=\"card-dynamic--content\">\n\t\t\t<a href=\"\" title=\"Educa\u00e7\u00e3o infantil e o brincar livre na natureza\" class=\"card-dynamic--title hover:text-magenta\">Educa\u00e7\u00e3o infantil e o brincar livre na natureza<\/a>\n\t\t<\/div>\n\n\t\t<div>\n\t\t\t\t\t<\/div>\n\t<\/div>\n<\/div>\n\n<div class=\"card-dynamic\" data-merge=\"2\">\n\t<div class=\"card-dynamic--overlay\">\n\t\t\t\t\t<img decoding=\"async\" loading=\"lazy\" src=\"https:\/\/fundacaomariacecilia.org.br\/wp-content\/uploads\/2023\/07\/Desemparedamento-da-infancia-A-escola-como-lugar-de-encontro-com-a-natureza.png\" srcset=\"https:\/\/fundacaomariacecilia.org.br\/wp-content\/uploads\/2023\/07\/Desemparedamento-da-infancia-A-escola-como-lugar-de-encontro-com-a-natureza.png\"\n\t\t\t\talt=\"Desemparedamento da inf\u00e2ncia - A escola como lugar de encontro com a natureza\"\n\t\t\t\tclass=\"card-dynamic-dynamic-image object-cover absolute w-full h-full\">\n\t\t\t<\/div>\n\t<div class=\"flex flex-1 flex-col h-full justify-between relative z-10\">\n\t\t<div>\n\t\t\t\n\t\t\t<div class=\"grid grid-cols-2 gap-4\">\n\t\t\t\t<div>\n\t\t\t\t\t<span class=\"card-dynamic--date\">23\/10\/2020<\/span>\n\t\t\t\t<\/div>\n\t\t\t\t<div class=\"text-right\">\n\t\t\t\t\t\t\t\t\t\t\t<a href=\"#\" title=\"Livros\" class=\"card-dynamic--tag uppercase cursor-default pointer-events-none bg-turquoise\">\n\t\t\t\t\t\t\tLivros\t\t\t\t\t\t<\/a>\n\t\t\t\t\t\t\t\t\t<\/div>\n\t\t\t<\/div>\n\t\t<\/div>\n\n\t\t<div class=\"card-dynamic--content\">\n\t\t\t<a href=\"\" title=\"Desemparedamento da inf\u00e2ncia - A escola como lugar de ...\" class=\"card-dynamic--title hover:text-magenta\">Desemparedamento da inf\u00e2ncia &#8211; A escola como lugar de &#8230;<\/a>\n\t\t<\/div>\n\n\t\t<div>\n\t\t\t\t\t<\/div>\n\t<\/div>\n<\/div>\n\n<div class=\"card-dynamic\" data-merge=\"2\">\n\t<div class=\"card-dynamic--overlay\">\n\t\t\t\t\t<img decoding=\"async\" loading=\"lazy\" src=\"https:\/\/fundacaomariacecilia.org.br\/wp-content\/uploads\/2023\/07\/criancas-crescem-sem-natureza-tem-risco-maior-transtornos-psiquiatricos-vida-adulta-thumb-2.png\" srcset=\"https:\/\/fundacaomariacecilia.org.br\/wp-content\/uploads\/2023\/07\/criancas-crescem-sem-natureza-tem-risco-maior-transtornos-psiquiatricos-vida-adulta-thumb-2.png\"\n\t\t\t\talt=\"Crescer em contato com a natureza melhora sa\u00fade mental na vida adulta\"\n\t\t\t\tclass=\"card-dynamic-dynamic-image object-cover absolute w-full h-full\">\n\t\t\t<\/div>\n\t<div class=\"flex flex-1 flex-col h-full justify-between relative z-10\">\n\t\t<div>\n\t\t\t\n\t\t\t<div class=\"grid grid-cols-2 gap-4\">\n\t\t\t\t<div>\n\t\t\t\t\t<span class=\"card-dynamic--date\">09\/08\/2021<\/span>\n\t\t\t\t<\/div>\n\t\t\t\t<div class=\"text-right\">\n\t\t\t\t\t\t\t\t\t\t\t<a href=\"#\" title=\"Artigos\" class=\"card-dynamic--tag uppercase cursor-default pointer-events-none bg-magenta-light\">\n\t\t\t\t\t\t\tArtigos\t\t\t\t\t\t<\/a>\n\t\t\t\t\t\t\t\t\t<\/div>\n\t\t\t<\/div>\n\t\t<\/div>\n\n\t\t<div class=\"card-dynamic--content\">\n\t\t\t<a href=\"\" title=\"Crescer em contato com a natureza melhora sa\u00fade mental...\" class=\"card-dynamic--title hover:text-magenta\">Crescer em contato com a natureza melhora sa\u00fade mental&#8230;<\/a>\n\t\t<\/div>\n\n\t\t<div>\n\t\t\t\t\t<\/div>\n\t<\/div>\n<\/div>\n\n<div class=\"card-dynamic\" data-merge=\"2\">\n\t<div class=\"card-dynamic--overlay\">\n\t\t\t\t\t<img decoding=\"async\" loading=\"lazy\" src=\"https:\/\/fundacaomariacecilia.org.br\/wp-content\/uploads\/2023\/07\/Como-medir-o-nivel-de-conexao-com-a-natureza-das-criancas.png\" srcset=\"https:\/\/fundacaomariacecilia.org.br\/wp-content\/uploads\/2023\/07\/Como-medir-o-nivel-de-conexao-com-a-natureza-das-criancas.png\"\n\t\t\t\talt=\"Como medir o n\u00edvel de conex\u00e3o com a natureza das crian\u00e7as?\"\n\t\t\t\tclass=\"card-dynamic-dynamic-image object-cover absolute w-full h-full\">\n\t\t\t<\/div>\n\t<div class=\"flex flex-1 flex-col h-full justify-between relative z-10\">\n\t\t<div>\n\t\t\t\n\t\t\t<div class=\"grid grid-cols-2 gap-4\">\n\t\t\t\t<div>\n\t\t\t\t\t<span class=\"card-dynamic--date\">09\/08\/2021<\/span>\n\t\t\t\t<\/div>\n\t\t\t\t<div class=\"text-right\">\n\t\t\t\t\t\t\t\t\t\t\t<a href=\"#\" title=\"Artigos\" class=\"card-dynamic--tag uppercase cursor-default pointer-events-none bg-magenta-light\">\n\t\t\t\t\t\t\tArtigos\t\t\t\t\t\t<\/a>\n\t\t\t\t\t\t\t\t\t<\/div>\n\t\t\t<\/div>\n\t\t<\/div>\n\n\t\t<div class=\"card-dynamic--content\">\n\t\t\t<a href=\"\" title=\"Como medir o n\u00edvel de conex\u00e3o com a natureza das cria...\" class=\"card-dynamic--title hover:text-magenta\">Como medir o n\u00edvel de conex\u00e3o com a natureza das cria&#8230;<\/a>\n\t\t<\/div>\n\n\t\t<div>\n\t\t\t\t\t<\/div>\n\t<\/div>\n<\/div>\n\t\t\t\t<\/div>\n\t\t\t<\/div>\n\n\t\t<\/div>\n\t<\/section>\n\n\t\n\n\n\n\n<section id=\"block_8ad445959a394682d00e2c6aec69dc5d\" class=\"block-slider-library  padding-top-40  padding-bottom-40  padding-top-mobile-40  padding-bottom-mobile-40 alignwide\">\n\t<div class=\"mx-auto\">\n\n\t\t\t\t\t<div class=\"px-0 library-dynamic--header\">\n\t\t\t\t<div class=\"flex\">\n\t\t\t\t\t<div class=\"flex-1\">\n\t\t\t\t\t\t<h2 class=\"library-dynamic--title\">Guias e manuais para orientar<\/h2>\n\t\t\t\t\t<\/div>\n\n\t\t\t\t\t\t\t\t\t\t\t<div class=\"flex-1 self-center text-right hidden xm:block\">\n\t\t\t\t\t\t\t<a href=\"\/en\/biblioteca\/categoria\/formato\/guias-e-manuais\/\"\n\t\t\t\t\t\t\ttitle=\"Ver todos\"\n\t\t\t\t\t\t\ttarget=\"_blank\"\n\t\t\t\t\t\t\tclass=\"library-dynamic--button fmc-button fmc-button-text-marine underline\">Ver todos<\/a>\n\t\t\t\t\t\t<\/div>\n\t\t\t\t\t\t\t\t\t<\/div>\n\t\t\t<\/div>\n\t\t\n\t\t<div>\n\t\t\t<div class=\"owl-carousel owl-theme js-slider-library\">\n\t\t\t\t\n<section>\n<a href=\"\" title=\"10 dicas para comunicar o desenvolvimento da primeira inf\u00e2ncia\" class=\"card-library-small\">\n\t<div class=\"card-library--figure bg-yellow-light\">\n\n\t\t<div class=\"card-library--figure-overlay\">\n\t\t\t<div>\n\t\t\t\t<svg width=\"174\" height=\"199\" viewbox=\"0 0 174 199\" fill=\"none\" xmlns=\"http:\/\/www.w3.org\/2000\/svg\">\n\t\t\t\t\t<g style=\"mix-blend-mode:multiply\" opacity=\"0.5\">\n\t\t\t\t\t\t<path\n\t\t\t\t\t\t\td=\"M0.124145 174.387C-0.488847 158.58 1.27017 131.245 3.16245 110.989C4.70825 94.8227 9.932 76.2886 16.8881 60.1461C22.9114 46.2037 30.8537 33.9832 40.5283 26.5457C61.37 10.427 101.108 -6.19381 142.471 2.29598C183.808 10.7618 213.605 23.8911 201.132 63.6377C195.322 82.1956 182.769 98.9599 168.99 115.748C153.239 134.928 135.115 148.559 135.115 148.559C135.115 148.559 84.1306 176.253 48.3905 189.047C34.425 194.046 21.1791 199.833 17.5811 198.9C4.92147 195.552 1.80321 190.267 1.80321 190.267C1.80321 190.267 0.390663 182.16 0.0974928 174.387H0.124145Z\"\n\t\t\t\t\t\t\tfill=\"#FFE4B5\"\n\t\t\t\t\t\t\/>\n\t\t\t\t\t<\/g>\n\t\t\t\t<\/svg>\n\t\t\t<\/div>\n\t\t<\/div>\n\n\t\t<div class=\"card-library--figure-content\">\n\t\t\t\t\t\t\t\t\t\t<img decoding=\"async\" loading=\"lazy\" src=\"https:\/\/fundacaomariacecilia.org.br\/wp-content\/uploads\/2023\/07\/10-dicas-para-comunicar-o-desenvolvimento-da-primeira-infancia.png\" srcset=\"https:\/\/fundacaomariacecilia.org.br\/wp-content\/uploads\/2023\/07\/10-dicas-para-comunicar-o-desenvolvimento-da-primeira-infancia.png\"\n\t\t\t\t\talt=\"\"\n\t\t\t\t\tclass=\"card-library--image image-p\">\n\t\t\t\n\t\t\t<div class=\"card-library--main-tag\">\n\t\t\t\t\t\t\t\t\t<span class=\"card-library--tag uppercase\">\n\t\t\t\t\t\tGuias\t\t\t\t\t<\/span>\n\t\t\t\t\t\t\t<\/div>\n\n\t\t\t\t\t<\/div>\n\t<\/div>\n\n\t<div class=\"card-library--content\">\n\t\t<h4 class=\"card-library--title\">10 dicas para comunicar o desenvolvimento da primeira inf\u00e2ncia<\/h4>\n\t<\/div>\n<\/a>\n<\/section>\n\n<section>\n<a href=\"\" title=\"Sa\u00fade mental na inf\u00e2ncia: identifica\u00e7\u00e3o, manejo e qualifica\u00e7\u00e3o do cuidado\" class=\"card-library-small\">\n\t<div class=\"card-library--figure bg-yellow-light\">\n\n\t\t<div class=\"card-library--figure-overlay\">\n\t\t\t<div>\n\t\t\t\t<svg width=\"174\" height=\"199\" viewbox=\"0 0 174 199\" fill=\"none\" xmlns=\"http:\/\/www.w3.org\/2000\/svg\">\n\t\t\t\t\t<g style=\"mix-blend-mode:multiply\" opacity=\"0.5\">\n\t\t\t\t\t\t<path\n\t\t\t\t\t\t\td=\"M0.124145 174.387C-0.488847 158.58 1.27017 131.245 3.16245 110.989C4.70825 94.8227 9.932 76.2886 16.8881 60.1461C22.9114 46.2037 30.8537 33.9832 40.5283 26.5457C61.37 10.427 101.108 -6.19381 142.471 2.29598C183.808 10.7618 213.605 23.8911 201.132 63.6377C195.322 82.1956 182.769 98.9599 168.99 115.748C153.239 134.928 135.115 148.559 135.115 148.559C135.115 148.559 84.1306 176.253 48.3905 189.047C34.425 194.046 21.1791 199.833 17.5811 198.9C4.92147 195.552 1.80321 190.267 1.80321 190.267C1.80321 190.267 0.390663 182.16 0.0974928 174.387H0.124145Z\"\n\t\t\t\t\t\t\tfill=\"#FFE4B5\"\n\t\t\t\t\t\t\/>\n\t\t\t\t\t<\/g>\n\t\t\t\t<\/svg>\n\t\t\t<\/div>\n\t\t<\/div>\n\n\t\t<div class=\"card-library--figure-content\">\n\t\t\t\t\t\t\t\t\t\t<img decoding=\"async\" loading=\"lazy\" src=\"https:\/\/fundacaomariacecilia.org.br\/wp-content\/uploads\/2023\/07\/guia-de-referencia-em-saude-mental-na-infancia-1-edicao-2018-thumb-2.jpg\" srcset=\"https:\/\/fundacaomariacecilia.org.br\/wp-content\/uploads\/2023\/07\/guia-de-referencia-em-saude-mental-na-infancia-1-edicao-2018-thumb-2.jpg\"\n\t\t\t\t\talt=\"\"\n\t\t\t\t\tclass=\"card-library--image image-p\">\n\t\t\t\n\t\t\t<div class=\"card-library--main-tag\">\n\t\t\t\t\t\t\t\t\t<span class=\"card-library--tag uppercase\">\n\t\t\t\t\t\tGuias\t\t\t\t\t<\/span>\n\t\t\t\t\t\t\t<\/div>\n\n\t\t\t\t\t<\/div>\n\t<\/div>\n\n\t<div class=\"card-library--content\">\n\t\t<h4 class=\"card-library--title\">Sa\u00fade mental na inf\u00e2ncia: identifica\u00e7\u00e3o, manejo e qualifica\u00e7\u00e3o do cuidado<\/h4>\n\t<\/div>\n<\/a>\n<\/section>\n\n<section>\n<a href=\"\" title=\"Cartilha de boas pr\u00e1ticas para empresas: Pacto Nacional pela Primeira Inf\u00e2ncia\" class=\"card-library-small\">\n\t<div class=\"card-library--figure bg-turquoise\">\n\n\t\t<div class=\"card-library--figure-overlay\">\n\t\t\t<div>\n\t\t\t\t<svg width=\"174\" height=\"199\" viewbox=\"0 0 174 199\" fill=\"none\" xmlns=\"http:\/\/www.w3.org\/2000\/svg\">\n\t\t\t\t\t<g style=\"mix-blend-mode:multiply\" opacity=\"0.5\">\n\t\t\t\t\t\t<path\n\t\t\t\t\t\t\td=\"M0.124145 174.387C-0.488847 158.58 1.27017 131.245 3.16245 110.989C4.70825 94.8227 9.932 76.2886 16.8881 60.1461C22.9114 46.2037 30.8537 33.9832 40.5283 26.5457C61.37 10.427 101.108 -6.19381 142.471 2.29598C183.808 10.7618 213.605 23.8911 201.132 63.6377C195.322 82.1956 182.769 98.9599 168.99 115.748C153.239 134.928 135.115 148.559 135.115 148.559C135.115 148.559 84.1306 176.253 48.3905 189.047C34.425 194.046 21.1791 199.833 17.5811 198.9C4.92147 195.552 1.80321 190.267 1.80321 190.267C1.80321 190.267 0.390663 182.16 0.0974928 174.387H0.124145Z\"\n\t\t\t\t\t\t\tfill=\"rgb(252, 208, 109, 0.8)\"\n\t\t\t\t\t\t\/>\n\t\t\t\t\t<\/g>\n\t\t\t\t<\/svg>\n\t\t\t<\/div>\n\t\t<\/div>\n\n\t\t<div class=\"card-library--figure-content\">\n\t\t\t\t\t\t\t\t\t\t<img decoding=\"async\" loading=\"lazy\" src=\"https:\/\/fundacaomariacecilia.org.br\/wp-content\/uploads\/2023\/07\/cartilha-de-boas-praticas-para-empresas-pacto-nacional-pela-primeira-infancia-thumb-2.jpg\" srcset=\"https:\/\/fundacaomariacecilia.org.br\/wp-content\/uploads\/2023\/07\/cartilha-de-boas-praticas-para-empresas-pacto-nacional-pela-primeira-infancia-thumb-2.jpg\"\n\t\t\t\t\talt=\"\"\n\t\t\t\t\tclass=\"card-library--image image-l\">\n\t\t\t\n\t\t\t<div class=\"card-library--main-tag\">\n\t\t\t\t\t\t\t\t\t<span class=\"card-library--tag uppercase\">\n\t\t\t\t\t\tLivros\t\t\t\t\t<\/span>\n\t\t\t\t\t\t\t<\/div>\n\n\t\t\t\t\t<\/div>\n\t<\/div>\n\n\t<div class=\"card-library--content\">\n\t\t<h4 class=\"card-library--title\">Cartilha de boas pr\u00e1ticas para empresas: Pacto Nacional pela Primeira Inf\u00e2ncia<\/h4>\n\t<\/div>\n<\/a>\n<\/section>\n\n<section>\n<a href=\"\" title=\"Como reconhecer e intervir em casos de viol\u00eancia infantil\" class=\"card-library-small\">\n\t<div class=\"card-library--figure bg-yellow-light\">\n\n\t\t<div class=\"card-library--figure-overlay\">\n\t\t\t<div>\n\t\t\t\t<svg width=\"174\" height=\"199\" viewbox=\"0 0 174 199\" fill=\"none\" xmlns=\"http:\/\/www.w3.org\/2000\/svg\">\n\t\t\t\t\t<g style=\"mix-blend-mode:multiply\" opacity=\"0.5\">\n\t\t\t\t\t\t<path\n\t\t\t\t\t\t\td=\"M0.124145 174.387C-0.488847 158.58 1.27017 131.245 3.16245 110.989C4.70825 94.8227 9.932 76.2886 16.8881 60.1461C22.9114 46.2037 30.8537 33.9832 40.5283 26.5457C61.37 10.427 101.108 -6.19381 142.471 2.29598C183.808 10.7618 213.605 23.8911 201.132 63.6377C195.322 82.1956 182.769 98.9599 168.99 115.748C153.239 134.928 135.115 148.559 135.115 148.559C135.115 148.559 84.1306 176.253 48.3905 189.047C34.425 194.046 21.1791 199.833 17.5811 198.9C4.92147 195.552 1.80321 190.267 1.80321 190.267C1.80321 190.267 0.390663 182.16 0.0974928 174.387H0.124145Z\"\n\t\t\t\t\t\t\tfill=\"#FFE4B5\"\n\t\t\t\t\t\t\/>\n\t\t\t\t\t<\/g>\n\t\t\t\t<\/svg>\n\t\t\t<\/div>\n\t\t<\/div>\n\n\t\t<div class=\"card-library--figure-content\">\n\t\t\t\t\t\t\t\t\t\t<img decoding=\"async\" loading=\"lazy\" src=\"https:\/\/fundacaomariacecilia.org.br\/wp-content\/uploads\/2023\/07\/como-reconhecer-intervir-casos-violencia-infantil-thumb-2.jpg\" srcset=\"https:\/\/fundacaomariacecilia.org.br\/wp-content\/uploads\/2023\/07\/como-reconhecer-intervir-casos-violencia-infantil-thumb-2.jpg\"\n\t\t\t\t\talt=\"\"\n\t\t\t\t\tclass=\"card-library--image image-g\">\n\t\t\t\n\t\t\t<div class=\"card-library--main-tag\">\n\t\t\t\t\t\t\t\t\t<span class=\"card-library--tag uppercase\">\n\t\t\t\t\t\tGuias\t\t\t\t\t<\/span>\n\t\t\t\t\t\t\t<\/div>\n\n\t\t\t\t\t<\/div>\n\t<\/div>\n\n\t<div class=\"card-library--content\">\n\t\t<h4 class=\"card-library--title\">Como reconhecer e intervir em casos de viol\u00eancia infantil<\/h4>\n\t<\/div>\n<\/a>\n<\/section>\n\n<section>\n<a href=\"\" title=\"Guia &quot;Como cobrir Primeira Inf\u00e2ncia e Elei\u00e7\u00f5es&quot;\" class=\"card-library-small\">\n\t<div class=\"card-library--figure bg-yellow-light\">\n\n\t\t<div class=\"card-library--figure-overlay\">\n\t\t\t<div>\n\t\t\t\t<svg width=\"174\" height=\"199\" viewbox=\"0 0 174 199\" fill=\"none\" xmlns=\"http:\/\/www.w3.org\/2000\/svg\">\n\t\t\t\t\t<g style=\"mix-blend-mode:multiply\" opacity=\"0.5\">\n\t\t\t\t\t\t<path\n\t\t\t\t\t\t\td=\"M0.124145 174.387C-0.488847 158.58 1.27017 131.245 3.16245 110.989C4.70825 94.8227 9.932 76.2886 16.8881 60.1461C22.9114 46.2037 30.8537 33.9832 40.5283 26.5457C61.37 10.427 101.108 -6.19381 142.471 2.29598C183.808 10.7618 213.605 23.8911 201.132 63.6377C195.322 82.1956 182.769 98.9599 168.99 115.748C153.239 134.928 135.115 148.559 135.115 148.559C135.115 148.559 84.1306 176.253 48.3905 189.047C34.425 194.046 21.1791 199.833 17.5811 198.9C4.92147 195.552 1.80321 190.267 1.80321 190.267C1.80321 190.267 0.390663 182.16 0.0974928 174.387H0.124145Z\"\n\t\t\t\t\t\t\tfill=\"#FFE4B5\"\n\t\t\t\t\t\t\/>\n\t\t\t\t\t<\/g>\n\t\t\t\t<\/svg>\n\t\t\t<\/div>\n\t\t<\/div>\n\n\t\t<div class=\"card-library--figure-content\">\n\t\t\t\t\t\t\t\t\t\t<img decoding=\"async\" loading=\"lazy\" src=\"https:\/\/fundacaomariacecilia.org.br\/wp-content\/uploads\/2023\/07\/escolha-pela-primeira-infancia-mulheres-alt-2.jpg\" srcset=\"https:\/\/fundacaomariacecilia.org.br\/wp-content\/uploads\/2023\/07\/escolha-pela-primeira-infancia-mulheres-alt-2.jpg\"\n\t\t\t\t\talt=\"\"\n\t\t\t\t\tclass=\"card-library--image image-g\">\n\t\t\t\n\t\t\t<div class=\"card-library--main-tag\">\n\t\t\t\t\t\t\t\t\t<span class=\"card-library--tag uppercase\">\n\t\t\t\t\t\tGuias\t\t\t\t\t<\/span>\n\t\t\t\t\t\t\t<\/div>\n\n\t\t\t\t\t<\/div>\n\t<\/div>\n\n\t<div class=\"card-library--content\">\n\t\t<h4 class=\"card-library--title\">Guia &quot;Como cobrir Primeira Inf\u00e2ncia e Elei\u00e7\u00f5es&quot;<\/h4>\n\t<\/div>\n<\/a>\n<\/section>\n\n<section>\n<a href=\"\" title=\"Guia para implementa\u00e7\u00e3o da Busca Ativa Escolar nos munic\u00edpios\" class=\"card-library-small\">\n\t<div class=\"card-library--figure bg-yellow-light\">\n\n\t\t<div class=\"card-library--figure-overlay\">\n\t\t\t<div>\n\t\t\t\t<svg width=\"174\" height=\"199\" viewbox=\"0 0 174 199\" fill=\"none\" xmlns=\"http:\/\/www.w3.org\/2000\/svg\">\n\t\t\t\t\t<g style=\"mix-blend-mode:multiply\" opacity=\"0.5\">\n\t\t\t\t\t\t<path\n\t\t\t\t\t\t\td=\"M0.124145 174.387C-0.488847 158.58 1.27017 131.245 3.16245 110.989C4.70825 94.8227 9.932 76.2886 16.8881 60.1461C22.9114 46.2037 30.8537 33.9832 40.5283 26.5457C61.37 10.427 101.108 -6.19381 142.471 2.29598C183.808 10.7618 213.605 23.8911 201.132 63.6377C195.322 82.1956 182.769 98.9599 168.99 115.748C153.239 134.928 135.115 148.559 135.115 148.559C135.115 148.559 84.1306 176.253 48.3905 189.047C34.425 194.046 21.1791 199.833 17.5811 198.9C4.92147 195.552 1.80321 190.267 1.80321 190.267C1.80321 190.267 0.390663 182.16 0.0974928 174.387H0.124145Z\"\n\t\t\t\t\t\t\tfill=\"#FFE4B5\"\n\t\t\t\t\t\t\/>\n\t\t\t\t\t<\/g>\n\t\t\t\t<\/svg>\n\t\t\t<\/div>\n\t\t<\/div>\n\n\t\t<div class=\"card-library--figure-content\">\n\t\t\t\t\t\t\t\t\t\t<img decoding=\"async\" loading=\"lazy\" src=\"https:\/\/fundacaomariacecilia.org.br\/wp-content\/uploads\/2023\/07\/Guia-para-implementacao-da-Busca-Ativa-Escolar-nos-municipios.png\" srcset=\"https:\/\/fundacaomariacecilia.org.br\/wp-content\/uploads\/2023\/07\/Guia-para-implementacao-da-Busca-Ativa-Escolar-nos-municipios.png\"\n\t\t\t\t\talt=\"\"\n\t\t\t\t\tclass=\"card-library--image image-p\">\n\t\t\t\n\t\t\t<div class=\"card-library--main-tag\">\n\t\t\t\t\t\t\t\t\t<span class=\"card-library--tag uppercase\">\n\t\t\t\t\t\tGuias\t\t\t\t\t<\/span>\n\t\t\t\t\t\t\t<\/div>\n\n\t\t\t\t\t<\/div>\n\t<\/div>\n\n\t<div class=\"card-library--content\">\n\t\t<h4 class=\"card-library--title\">Guia para implementa\u00e7\u00e3o da Busca Ativa Escolar nos munic\u00edpios<\/h4>\n\t<\/div>\n<\/a>\n<\/section>\n\n<section>\n<a href=\"\" title=\"Trabalho Infantil: Guia Para a Cobertura Jornal\u00edstica \u2013 2021\" class=\"card-library-small\">\n\t<div class=\"card-library--figure bg-yellow-light\">\n\n\t\t<div class=\"card-library--figure-overlay\">\n\t\t\t<div>\n\t\t\t\t<svg width=\"174\" height=\"199\" viewbox=\"0 0 174 199\" fill=\"none\" xmlns=\"http:\/\/www.w3.org\/2000\/svg\">\n\t\t\t\t\t<g style=\"mix-blend-mode:multiply\" opacity=\"0.5\">\n\t\t\t\t\t\t<path\n\t\t\t\t\t\t\td=\"M0.124145 174.387C-0.488847 158.58 1.27017 131.245 3.16245 110.989C4.70825 94.8227 9.932 76.2886 16.8881 60.1461C22.9114 46.2037 30.8537 33.9832 40.5283 26.5457C61.37 10.427 101.108 -6.19381 142.471 2.29598C183.808 10.7618 213.605 23.8911 201.132 63.6377C195.322 82.1956 182.769 98.9599 168.99 115.748C153.239 134.928 135.115 148.559 135.115 148.559C135.115 148.559 84.1306 176.253 48.3905 189.047C34.425 194.046 21.1791 199.833 17.5811 198.9C4.92147 195.552 1.80321 190.267 1.80321 190.267C1.80321 190.267 0.390663 182.16 0.0974928 174.387H0.124145Z\"\n\t\t\t\t\t\t\tfill=\"#FFE4B5\"\n\t\t\t\t\t\t\/>\n\t\t\t\t\t<\/g>\n\t\t\t\t<\/svg>\n\t\t\t<\/div>\n\t\t<\/div>\n\n\t\t<div class=\"card-library--figure-content\">\n\t\t\t\t\t\t\t\t\t\t<img decoding=\"async\" loading=\"lazy\" src=\"https:\/\/fundacaomariacecilia.org.br\/wp-content\/uploads\/2023\/07\/Trabalho-Infantil-Guia-Para-a-Cobertura-Jornalistica-2021.png\" srcset=\"https:\/\/fundacaomariacecilia.org.br\/wp-content\/uploads\/2023\/07\/Trabalho-Infantil-Guia-Para-a-Cobertura-Jornalistica-2021.png\"\n\t\t\t\t\talt=\"\"\n\t\t\t\t\tclass=\"card-library--image image-l\">\n\t\t\t\n\t\t\t<div class=\"card-library--main-tag\">\n\t\t\t\t\t\t\t\t\t<span class=\"card-library--tag uppercase\">\n\t\t\t\t\t\tGuias\t\t\t\t\t<\/span>\n\t\t\t\t\t\t\t<\/div>\n\n\t\t\t\t\t<\/div>\n\t<\/div>\n\n\t<div class=\"card-library--content\">\n\t\t<h4 class=\"card-library--title\">Trabalho Infantil: Guia Para a Cobertura Jornal\u00edstica \u2013 2021<\/h4>\n\t<\/div>\n<\/a>\n<\/section>\n\t\t\t<\/div>\n\t\t<\/div>\n\n\t\t\t\t\t<div class=\"text-left block xm:hidden\">\n\t\t\t\t<a href=\"\/en\/biblioteca\/categoria\/formato\/guias-e-manuais\/\"\n\t\t\t\ttitle=\"Ver todos\"\n\t\t\t\ttarget=\"_blank\"\n\t\t\t\tclass=\"library-dynamic--button fmc-button fmc-button-small fmc-button-text-marine underline\">Ver todos<\/a>\n\t\t\t<\/div>\n\t\t\n\t<\/div>\n<\/section>\n\n\n\n<section id=\"block_52d49f4366236ff98126761fd2459204\" class=\"block-slider-library  padding-top-0  padding-bottom-60  padding-top-mobile-40  padding-bottom-mobile-60 alignwide\">\n\t<div class=\"mx-auto\">\n\n\t\t\t\t\t<div class=\"px-0 library-dynamic--header\">\n\t\t\t\t<div class=\"flex\">\n\t\t\t\t\t<div class=\"flex-1\">\n\t\t\t\t\t\t<h2 class=\"library-dynamic--title\">Pol\u00edticas p\u00fablicas para a primeira inf\u00e2ncia<\/h2>\n\t\t\t\t\t<\/div>\n\n\t\t\t\t\t\t\t\t\t\t\t<div class=\"flex-1 self-center text-right hidden xm:block\">\n\t\t\t\t\t\t\t<a href=\"\/en\/biblioteca\/categoria\/politicas-publicas\/\"\n\t\t\t\t\t\t\ttitle=\"Ver todos\"\n\t\t\t\t\t\t\ttarget=\"\"\n\t\t\t\t\t\t\tclass=\"library-dynamic--button fmc-button fmc-button-text-marine underline\">Ver todos<\/a>\n\t\t\t\t\t\t<\/div>\n\t\t\t\t\t\t\t\t\t<\/div>\n\t\t\t<\/div>\n\t\t\n\t\t<div>\n\t\t\t<div class=\"owl-carousel owl-theme js-slider-library\">\n\t\t\t\t\n<section>\n<a href=\"\" title=\"Governan\u00e7a colaborativa para a primeira inf\u00e2ncia\" class=\"card-library-small\">\n\t<div class=\"card-library--figure bg-marine\">\n\n\t\t<div class=\"card-library--figure-overlay\">\n\t\t\t<div>\n\t\t\t\t<svg width=\"174\" height=\"199\" viewbox=\"0 0 174 199\" fill=\"none\" xmlns=\"http:\/\/www.w3.org\/2000\/svg\">\n\t\t\t\t\t<g style=\"mix-blend-mode:multiply\" opacity=\"0.5\">\n\t\t\t\t\t\t<path\n\t\t\t\t\t\t\td=\"M0.124145 174.387C-0.488847 158.58 1.27017 131.245 3.16245 110.989C4.70825 94.8227 9.932 76.2886 16.8881 60.1461C22.9114 46.2037 30.8537 33.9832 40.5283 26.5457C61.37 10.427 101.108 -6.19381 142.471 2.29598C183.808 10.7618 213.605 23.8911 201.132 63.6377C195.322 82.1956 182.769 98.9599 168.99 115.748C153.239 134.928 135.115 148.559 135.115 148.559C135.115 148.559 84.1306 176.253 48.3905 189.047C34.425 194.046 21.1791 199.833 17.5811 198.9C4.92147 195.552 1.80321 190.267 1.80321 190.267C1.80321 190.267 0.390663 182.16 0.0974928 174.387H0.124145Z\"\n\t\t\t\t\t\t\tfill=\"#1D1D35\"\n\t\t\t\t\t\t\/>\n\t\t\t\t\t<\/g>\n\t\t\t\t<\/svg>\n\t\t\t<\/div>\n\t\t<\/div>\n\n\t\t<div class=\"card-library--figure-content\">\n\t\t\t\t\t\t\t\t\t\t<img decoding=\"async\" loading=\"lazy\" src=\"https:\/\/fundacaomariacecilia.org.br\/wp-content\/uploads\/2023\/08\/Governanca-colaborativa-para-a-primeira-infancia.png\" srcset=\"https:\/\/fundacaomariacecilia.org.br\/wp-content\/uploads\/2023\/08\/Governanca-colaborativa-para-a-primeira-infancia.png\"\n\t\t\t\t\talt=\"\"\n\t\t\t\t\tclass=\"card-library--image image-p\">\n\t\t\t\n\t\t\t<div class=\"card-library--main-tag\">\n\t\t\t\t\t\t\t\t\t<span class=\"card-library--tag-white uppercase\">\n\t\t\t\t\t\tPesquisas\t\t\t\t\t<\/span>\n\t\t\t\t\t\t\t<\/div>\n\n\t\t\t\t\t<\/div>\n\t<\/div>\n\n\t<div class=\"card-library--content\">\n\t\t<h4 class=\"card-library--title\">Governan\u00e7a colaborativa para a primeira inf\u00e2ncia<\/h4>\n\t<\/div>\n<\/a>\n<\/section>\n\n<section>\n<a href=\"\" title=\"Desafios da implementa\u00e7\u00e3o de pol\u00edticas p\u00fablicas em contextos de crise\" class=\"card-library-small\">\n\t<div class=\"card-library--figure bg-turquoise-light\">\n\n\t\t<div class=\"card-library--figure-overlay\">\n\t\t\t<div>\n\t\t\t\t<svg width=\"174\" height=\"199\" viewbox=\"0 0 174 199\" fill=\"none\" xmlns=\"http:\/\/www.w3.org\/2000\/svg\">\n\t\t\t\t\t<g style=\"mix-blend-mode:multiply\" opacity=\"0.5\">\n\t\t\t\t\t\t<path\n\t\t\t\t\t\t\td=\"M0.124145 174.387C-0.488847 158.58 1.27017 131.245 3.16245 110.989C4.70825 94.8227 9.932 76.2886 16.8881 60.1461C22.9114 46.2037 30.8537 33.9832 40.5283 26.5457C61.37 10.427 101.108 -6.19381 142.471 2.29598C183.808 10.7618 213.605 23.8911 201.132 63.6377C195.322 82.1956 182.769 98.9599 168.99 115.748C153.239 134.928 135.115 148.559 135.115 148.559C135.115 148.559 84.1306 176.253 48.3905 189.047C34.425 194.046 21.1791 199.833 17.5811 198.9C4.92147 195.552 1.80321 190.267 1.80321 190.267C1.80321 190.267 0.390663 182.16 0.0974928 174.387H0.124145Z\"\n\t\t\t\t\t\t\tfill=\"#B3CCC8\"\n\t\t\t\t\t\t\/>\n\t\t\t\t\t<\/g>\n\t\t\t\t<\/svg>\n\t\t\t<\/div>\n\t\t<\/div>\n\n\t\t<div class=\"card-library--figure-content\">\n\t\t\t\t\t\t\t\t\t\t<img decoding=\"async\" loading=\"lazy\" src=\"https:\/\/fundacaomariacecilia.org.br\/wp-content\/uploads\/2023\/08\/Desafios-da-implementacao-de-politicas-publicas-em-contextos-de-crise.png\" srcset=\"https:\/\/fundacaomariacecilia.org.br\/wp-content\/uploads\/2023\/08\/Desafios-da-implementacao-de-politicas-publicas-em-contextos-de-crise.png\"\n\t\t\t\t\talt=\"\"\n\t\t\t\t\tclass=\"card-library--image image-p\">\n\t\t\t\n\t\t\t<div class=\"card-library--main-tag\">\n\t\t\t\t\t\t\t\t\t<span class=\"card-library--tag uppercase\">\n\t\t\t\t\t\tFolhetos\t\t\t\t\t<\/span>\n\t\t\t\t\t\t\t<\/div>\n\n\t\t\t\t\t<\/div>\n\t<\/div>\n\n\t<div class=\"card-library--content\">\n\t\t<h4 class=\"card-library--title\">Desafios da implementa\u00e7\u00e3o de pol\u00edticas p\u00fablicas em contextos de crise<\/h4>\n\t<\/div>\n<\/a>\n<\/section>\n\n<section>\n<a href=\"\" title=\"Guia para elabora\u00e7\u00e3o de Planos Municipais de Primeira Inf\u00e2ncia\" class=\"card-library-small\">\n\t<div class=\"card-library--figure bg-yellow-light\">\n\n\t\t<div class=\"card-library--figure-overlay\">\n\t\t\t<div>\n\t\t\t\t<svg width=\"174\" height=\"199\" viewbox=\"0 0 174 199\" fill=\"none\" xmlns=\"http:\/\/www.w3.org\/2000\/svg\">\n\t\t\t\t\t<g style=\"mix-blend-mode:multiply\" opacity=\"0.5\">\n\t\t\t\t\t\t<path\n\t\t\t\t\t\t\td=\"M0.124145 174.387C-0.488847 158.58 1.27017 131.245 3.16245 110.989C4.70825 94.8227 9.932 76.2886 16.8881 60.1461C22.9114 46.2037 30.8537 33.9832 40.5283 26.5457C61.37 10.427 101.108 -6.19381 142.471 2.29598C183.808 10.7618 213.605 23.8911 201.132 63.6377C195.322 82.1956 182.769 98.9599 168.99 115.748C153.239 134.928 135.115 148.559 135.115 148.559C135.115 148.559 84.1306 176.253 48.3905 189.047C34.425 194.046 21.1791 199.833 17.5811 198.9C4.92147 195.552 1.80321 190.267 1.80321 190.267C1.80321 190.267 0.390663 182.16 0.0974928 174.387H0.124145Z\"\n\t\t\t\t\t\t\tfill=\"#FFE4B5\"\n\t\t\t\t\t\t\/>\n\t\t\t\t\t<\/g>\n\t\t\t\t<\/svg>\n\t\t\t<\/div>\n\t\t<\/div>\n\n\t\t<div class=\"card-library--figure-content\">\n\t\t\t\t\t\t\t\t\t\t<img decoding=\"async\" loading=\"lazy\" src=\"https:\/\/fundacaomariacecilia.org.br\/wp-content\/uploads\/2023\/07\/Guia-para-elaboracao-de-Planos-Municipais-de-Primeira-Infancia.png\" srcset=\"https:\/\/fundacaomariacecilia.org.br\/wp-content\/uploads\/2023\/07\/Guia-para-elaboracao-de-Planos-Municipais-de-Primeira-Infancia.png\"\n\t\t\t\t\talt=\"\"\n\t\t\t\t\tclass=\"card-library--image image-p\">\n\t\t\t\n\t\t\t<div class=\"card-library--main-tag\">\n\t\t\t\t\t\t\t\t\t<span class=\"card-library--tag uppercase\">\n\t\t\t\t\t\tGuias\t\t\t\t\t<\/span>\n\t\t\t\t\t\t\t<\/div>\n\n\t\t\t\t\t<\/div>\n\t<\/div>\n\n\t<div class=\"card-library--content\">\n\t\t<h4 class=\"card-library--title\">Guia para elabora\u00e7\u00e3o de Planos Municipais de Primeira Inf\u00e2ncia<\/h4>\n\t<\/div>\n<\/a>\n<\/section>\n\n<section>\n<a href=\"\" title=\"Par\u00e2metros de Qualidade dos Programas e Servi\u00e7os de Parentalidade no Brasil - S\u00edntese de Evid\u00eancias\" class=\"card-library-small\">\n\t<div class=\"card-library--figure bg-marine\">\n\n\t\t<div class=\"card-library--figure-overlay\">\n\t\t\t<div>\n\t\t\t\t<svg width=\"174\" height=\"199\" viewbox=\"0 0 174 199\" fill=\"none\" xmlns=\"http:\/\/www.w3.org\/2000\/svg\">\n\t\t\t\t\t<g style=\"mix-blend-mode:multiply\" opacity=\"0.5\">\n\t\t\t\t\t\t<path\n\t\t\t\t\t\t\td=\"M0.124145 174.387C-0.488847 158.58 1.27017 131.245 3.16245 110.989C4.70825 94.8227 9.932 76.2886 16.8881 60.1461C22.9114 46.2037 30.8537 33.9832 40.5283 26.5457C61.37 10.427 101.108 -6.19381 142.471 2.29598C183.808 10.7618 213.605 23.8911 201.132 63.6377C195.322 82.1956 182.769 98.9599 168.99 115.748C153.239 134.928 135.115 148.559 135.115 148.559C135.115 148.559 84.1306 176.253 48.3905 189.047C34.425 194.046 21.1791 199.833 17.5811 198.9C4.92147 195.552 1.80321 190.267 1.80321 190.267C1.80321 190.267 0.390663 182.16 0.0974928 174.387H0.124145Z\"\n\t\t\t\t\t\t\tfill=\"#1D1D35\"\n\t\t\t\t\t\t\/>\n\t\t\t\t\t<\/g>\n\t\t\t\t<\/svg>\n\t\t\t<\/div>\n\t\t<\/div>\n\n\t\t<div class=\"card-library--figure-content\">\n\t\t\t\t\t\t\t\t\t\t<img decoding=\"async\" loading=\"lazy\" src=\"https:\/\/fundacaomariacecilia.org.br\/wp-content\/uploads\/2023\/07\/Parametros-de-Qualidade-dos-Programas-e-Servicos-de-Parentalidade-no-Brasil-Sintese-de-Evidencias.png\" srcset=\"https:\/\/fundacaomariacecilia.org.br\/wp-content\/uploads\/2023\/07\/Parametros-de-Qualidade-dos-Programas-e-Servicos-de-Parentalidade-no-Brasil-Sintese-de-Evidencias.png\"\n\t\t\t\t\talt=\"\"\n\t\t\t\t\tclass=\"card-library--image image-l\">\n\t\t\t\n\t\t\t<div class=\"card-library--main-tag\">\n\t\t\t\t\t\t\t\t\t<span class=\"card-library--tag-white uppercase\">\n\t\t\t\t\t\tPesquisas\t\t\t\t\t<\/span>\n\t\t\t\t\t\t\t<\/div>\n\n\t\t\t\t\t<\/div>\n\t<\/div>\n\n\t<div class=\"card-library--content\">\n\t\t<h4 class=\"card-library--title\">Par\u00e2metros de Qualidade dos Programas e Servi\u00e7os de Parentalidade no Brasil &#8211; S\u00edntese de Evid\u00eancias<\/h4>\n\t<\/div>\n<\/a>\n<\/section>\n\n<section>\n<a href=\"\" title=\"Guia para implementa\u00e7\u00e3o da Busca Ativa Escolar nos munic\u00edpios\" class=\"card-library-small\">\n\t<div class=\"card-library--figure bg-yellow-light\">\n\n\t\t<div class=\"card-library--figure-overlay\">\n\t\t\t<div>\n\t\t\t\t<svg width=\"174\" height=\"199\" viewbox=\"0 0 174 199\" fill=\"none\" xmlns=\"http:\/\/www.w3.org\/2000\/svg\">\n\t\t\t\t\t<g style=\"mix-blend-mode:multiply\" opacity=\"0.5\">\n\t\t\t\t\t\t<path\n\t\t\t\t\t\t\td=\"M0.124145 174.387C-0.488847 158.58 1.27017 131.245 3.16245 110.989C4.70825 94.8227 9.932 76.2886 16.8881 60.1461C22.9114 46.2037 30.8537 33.9832 40.5283 26.5457C61.37 10.427 101.108 -6.19381 142.471 2.29598C183.808 10.7618 213.605 23.8911 201.132 63.6377C195.322 82.1956 182.769 98.9599 168.99 115.748C153.239 134.928 135.115 148.559 135.115 148.559C135.115 148.559 84.1306 176.253 48.3905 189.047C34.425 194.046 21.1791 199.833 17.5811 198.9C4.92147 195.552 1.80321 190.267 1.80321 190.267C1.80321 190.267 0.390663 182.16 0.0974928 174.387H0.124145Z\"\n\t\t\t\t\t\t\tfill=\"#FFE4B5\"\n\t\t\t\t\t\t\/>\n\t\t\t\t\t<\/g>\n\t\t\t\t<\/svg>\n\t\t\t<\/div>\n\t\t<\/div>\n\n\t\t<div class=\"card-library--figure-content\">\n\t\t\t\t\t\t\t\t\t\t<img decoding=\"async\" loading=\"lazy\" src=\"https:\/\/fundacaomariacecilia.org.br\/wp-content\/uploads\/2023\/07\/Guia-para-implementacao-da-Busca-Ativa-Escolar-nos-municipios.png\" srcset=\"https:\/\/fundacaomariacecilia.org.br\/wp-content\/uploads\/2023\/07\/Guia-para-implementacao-da-Busca-Ativa-Escolar-nos-municipios.png\"\n\t\t\t\t\talt=\"\"\n\t\t\t\t\tclass=\"card-library--image image-p\">\n\t\t\t\n\t\t\t<div class=\"card-library--main-tag\">\n\t\t\t\t\t\t\t\t\t<span class=\"card-library--tag uppercase\">\n\t\t\t\t\t\tGuias\t\t\t\t\t<\/span>\n\t\t\t\t\t\t\t<\/div>\n\n\t\t\t\t\t<\/div>\n\t<\/div>\n\n\t<div class=\"card-library--content\">\n\t\t<h4 class=\"card-library--title\">Guia para implementa\u00e7\u00e3o da Busca Ativa Escolar nos munic\u00edpios<\/h4>\n\t<\/div>\n<\/a>\n<\/section>\n\n<section>\n<a href=\"\" title=\"Guia para construir Unidade Amiga da Primeira Inf\u00e2ncia\" class=\"card-library-small\">\n\t<div class=\"card-library--figure bg-yellow-light\">\n\n\t\t<div class=\"card-library--figure-overlay\">\n\t\t\t<div>\n\t\t\t\t<svg width=\"174\" height=\"199\" viewbox=\"0 0 174 199\" fill=\"none\" xmlns=\"http:\/\/www.w3.org\/2000\/svg\">\n\t\t\t\t\t<g style=\"mix-blend-mode:multiply\" opacity=\"0.5\">\n\t\t\t\t\t\t<path\n\t\t\t\t\t\t\td=\"M0.124145 174.387C-0.488847 158.58 1.27017 131.245 3.16245 110.989C4.70825 94.8227 9.932 76.2886 16.8881 60.1461C22.9114 46.2037 30.8537 33.9832 40.5283 26.5457C61.37 10.427 101.108 -6.19381 142.471 2.29598C183.808 10.7618 213.605 23.8911 201.132 63.6377C195.322 82.1956 182.769 98.9599 168.99 115.748C153.239 134.928 135.115 148.559 135.115 148.559C135.115 148.559 84.1306 176.253 48.3905 189.047C34.425 194.046 21.1791 199.833 17.5811 198.9C4.92147 195.552 1.80321 190.267 1.80321 190.267C1.80321 190.267 0.390663 182.16 0.0974928 174.387H0.124145Z\"\n\t\t\t\t\t\t\tfill=\"#FFE4B5\"\n\t\t\t\t\t\t\/>\n\t\t\t\t\t<\/g>\n\t\t\t\t<\/svg>\n\t\t\t<\/div>\n\t\t<\/div>\n\n\t\t<div class=\"card-library--figure-content\">\n\t\t\t\t\t\t\t\t\t\t<img decoding=\"async\" loading=\"lazy\" src=\"https:\/\/fundacaomariacecilia.org.br\/wp-content\/uploads\/2023\/07\/guia-para-construir-unidade-amiga-primeira-infancia-thumb-hd-2.jpg\" srcset=\"https:\/\/fundacaomariacecilia.org.br\/wp-content\/uploads\/2023\/07\/guia-para-construir-unidade-amiga-primeira-infancia-thumb-hd-2.jpg\"\n\t\t\t\t\talt=\"\"\n\t\t\t\t\tclass=\"card-library--image image-g\">\n\t\t\t\n\t\t\t<div class=\"card-library--main-tag\">\n\t\t\t\t\t\t\t\t\t<span class=\"card-library--tag uppercase\">\n\t\t\t\t\t\tGuias\t\t\t\t\t<\/span>\n\t\t\t\t\t\t\t<\/div>\n\n\t\t\t\t\t<\/div>\n\t<\/div>\n\n\t<div class=\"card-library--content\">\n\t\t<h4 class=\"card-library--title\">Guia para construir Unidade Amiga da Primeira Inf\u00e2ncia<\/h4>\n\t<\/div>\n<\/a>\n<\/section>\n\t\t\t<\/div>\n\t\t<\/div>\n\n\t\t\t\t\t<div class=\"text-left block xm:hidden\">\n\t\t\t\t<a href=\"\/en\/biblioteca\/categoria\/politicas-publicas\/\"\n\t\t\t\ttitle=\"Ver todos\"\n\t\t\t\ttarget=\"\"\n\t\t\t\tclass=\"library-dynamic--button fmc-button fmc-button-small fmc-button-text-marine underline\">Ver todos<\/a>\n\t\t\t<\/div>\n\t\t\n\t<\/div>\n<\/section>\n\n\n\t<section id=\"block_ed6450e34338e721cde94399c03938e9\" class=\"block-slider-library-dynamic dynamic-filters  padding-top-80  padding-bottom-80  padding-top-mobile-60  padding-bottom-mobile-40 alignwide has-background bg-gray-100\">\n\t\t<div class=\"mx-auto\">\n\n\t\t\t\t\t\t\t<div class=\"px-0 library-dynamic--header\">\n\t\t\t\t\t<div class=\"text-left sm:text-center\">\n\t\t\t\t\t\t<h2 class=\"library-dynamic--title mb-4\">Conte\u00fados selecionados<\/h2>\n\t\t\t\t\t\t<p class=\"library-dynamic--description\">Explore nossa curadoria de materiais feita a partir dos interesses espec\u00edficos de cada p\u00fablico:<\/p>\n\t\t\t\t\t<\/div>\n\t\t\t\t<\/div>\n\t\t\t\n\t\t\t<div class=\"library-dynamic--filters text-left 1024:text-center mb-4\">\n\t\t\t\t<div class=\"block 1024:hidden lg:block overflow-hidden\">\n\t\t\t\t\t<div class=\"slide-library owl-carousel owl-theme js-filters-library-dynamic\">\n\t\t\t\t\t\t\t\t\t\t\t\t\t<div class=\"item\">\n\t\t\t\t\t\t\t\t<a href=\"#\"\n\t\t\t\t\t\t\t\t\tclass=\"library-dynamic--btn-filter js-library-dynamic--btn-filter fmc-button fmc-button-small fmc-button-secondary-marine button-rounded mx-2 active\"\n\t\t\t\t\t\t\t\t\tdata-cols=\"dynamic\"\n\t\t\t\t\t\t\t\t\tdata-id=\"block_ed6450e34338e721cde94399c03938e9\"\n\t\t\t\t\t\t\t\t\tdata-taxonomy=\"public\"\n\t\t\t\t\t\t\t\t\ttitle=\"Fam\u00edlias e cuidadores\"\n\t\t\t\t\t\t\t\t\tdata-term=\"124\">Fam\u00edlias e cuidadores\t\t\t\t\t\t\t\t<\/a>\n\t\t\t\t\t\t\t<\/div>\n\t\t\t\t\t\t\t\t\t\t\t\t\t<div class=\"item\">\n\t\t\t\t\t\t\t\t<a href=\"#\"\n\t\t\t\t\t\t\t\t\tclass=\"library-dynamic--btn-filter js-library-dynamic--btn-filter fmc-button fmc-button-small fmc-button-secondary-marine button-rounded mx-2\"\n\t\t\t\t\t\t\t\t\tdata-cols=\"dynamic\"\n\t\t\t\t\t\t\t\t\tdata-id=\"block_ed6450e34338e721cde94399c03938e9\"\n\t\t\t\t\t\t\t\t\tdata-taxonomy=\"public\"\n\t\t\t\t\t\t\t\t\ttitle=\"Profissionais da sa\u00fade\"\n\t\t\t\t\t\t\t\t\tdata-term=\"126\">Profissionais da sa\u00fade\t\t\t\t\t\t\t\t<\/a>\n\t\t\t\t\t\t\t<\/div>\n\t\t\t\t\t\t\t\t\t\t\t\t\t<div class=\"item\">\n\t\t\t\t\t\t\t\t<a href=\"#\"\n\t\t\t\t\t\t\t\t\tclass=\"library-dynamic--btn-filter js-library-dynamic--btn-filter fmc-button fmc-button-small fmc-button-secondary-marine button-rounded mx-2\"\n\t\t\t\t\t\t\t\t\tdata-cols=\"dynamic\"\n\t\t\t\t\t\t\t\t\tdata-id=\"block_ed6450e34338e721cde94399c03938e9\"\n\t\t\t\t\t\t\t\t\tdata-taxonomy=\"public\"\n\t\t\t\t\t\t\t\t\ttitle=\"Profissionais da assist\u00eancia social\"\n\t\t\t\t\t\t\t\t\tdata-term=\"118\">Profissionais da assist\u00eancia social\t\t\t\t\t\t\t\t<\/a>\n\t\t\t\t\t\t\t<\/div>\n\t\t\t\t\t\t\t\t\t\t\t\t\t<div class=\"item\">\n\t\t\t\t\t\t\t\t<a href=\"#\"\n\t\t\t\t\t\t\t\t\tclass=\"library-dynamic--btn-filter js-library-dynamic--btn-filter fmc-button fmc-button-small fmc-button-secondary-marine button-rounded mx-2\"\n\t\t\t\t\t\t\t\t\tdata-cols=\"dynamic\"\n\t\t\t\t\t\t\t\t\tdata-id=\"block_ed6450e34338e721cde94399c03938e9\"\n\t\t\t\t\t\t\t\t\tdata-taxonomy=\"public\"\n\t\t\t\t\t\t\t\t\ttitle=\"Jornalistas e comunicadores\"\n\t\t\t\t\t\t\t\t\tdata-term=\"120\">Jornalistas e comunicadores\t\t\t\t\t\t\t\t<\/a>\n\t\t\t\t\t\t\t<\/div>\n\t\t\t\t\t\t\t\t\t\t\t<\/div>\n\t\t\t\t<\/div>\n\t\t\t\t<div class=\"hidden 1024:block lg:hidden\">\n\t\t\t\t\t<div class=\"slide-library owl-carousel owl-theme js-filters-library-dynamic\">\n\t\t\t\t\t\t\t\t\t\t\t\t\t<div class=\"item\">\n\t\t\t\t\t\t\t\t<a href=\"#\"\n\t\t\t\t\t\t\t\t\tclass=\"library-dynamic--btn-filter js-library-dynamic--btn-filter fmc-button fmc-button-small fmc-button-secondary-marine button-rounded mx-2 active\"\n\t\t\t\t\t\t\t\t\tdata-cols=\"dynamic\"\n\t\t\t\t\t\t\t\t\tdata-id=\"block_ed6450e34338e721cde94399c03938e9\"\n\t\t\t\t\t\t\t\t\tdata-taxonomy=\"public\"\n\t\t\t\t\t\t\t\t\ttitle=\"Fam\u00edlias e cuidadores\"\n\t\t\t\t\t\t\t\t\tdata-term=\"124\">Fam\u00edlias e cuidadores\t\t\t\t\t\t\t\t<\/a>\n\t\t\t\t\t\t\t<\/div>\n\t\t\t\t\t\t\t\t\t\t\t\t\t<div class=\"item\">\n\t\t\t\t\t\t\t\t<a href=\"#\"\n\t\t\t\t\t\t\t\t\tclass=\"library-dynamic--btn-filter js-library-dynamic--btn-filter fmc-button fmc-button-small fmc-button-secondary-marine button-rounded mx-2\"\n\t\t\t\t\t\t\t\t\tdata-cols=\"dynamic\"\n\t\t\t\t\t\t\t\t\tdata-id=\"block_ed6450e34338e721cde94399c03938e9\"\n\t\t\t\t\t\t\t\t\tdata-taxonomy=\"public\"\n\t\t\t\t\t\t\t\t\ttitle=\"Profissionais da sa\u00fade\"\n\t\t\t\t\t\t\t\t\tdata-term=\"126\">Profissionais da sa\u00fade\t\t\t\t\t\t\t\t<\/a>\n\t\t\t\t\t\t\t<\/div>\n\t\t\t\t\t\t\t\t\t\t\t\t\t<div class=\"item\">\n\t\t\t\t\t\t\t\t<a href=\"#\"\n\t\t\t\t\t\t\t\t\tclass=\"library-dynamic--btn-filter js-library-dynamic--btn-filter fmc-button fmc-button-small fmc-button-secondary-marine button-rounded mx-2\"\n\t\t\t\t\t\t\t\t\tdata-cols=\"dynamic\"\n\t\t\t\t\t\t\t\t\tdata-id=\"block_ed6450e34338e721cde94399c03938e9\"\n\t\t\t\t\t\t\t\t\tdata-taxonomy=\"public\"\n\t\t\t\t\t\t\t\t\ttitle=\"Profissionais da assist\u00eancia social\"\n\t\t\t\t\t\t\t\t\tdata-term=\"118\">Profissionais da assist\u00eancia social\t\t\t\t\t\t\t\t<\/a>\n\t\t\t\t\t\t\t<\/div>\n\t\t\t\t\t\t\t\t\t\t\t\t\t<div class=\"item\">\n\t\t\t\t\t\t\t\t<a href=\"#\"\n\t\t\t\t\t\t\t\t\tclass=\"library-dynamic--btn-filter js-library-dynamic--btn-filter fmc-button fmc-button-small fmc-button-secondary-marine button-rounded mx-2\"\n\t\t\t\t\t\t\t\t\tdata-cols=\"dynamic\"\n\t\t\t\t\t\t\t\t\tdata-id=\"block_ed6450e34338e721cde94399c03938e9\"\n\t\t\t\t\t\t\t\t\tdata-taxonomy=\"public\"\n\t\t\t\t\t\t\t\t\ttitle=\"Jornalistas e comunicadores\"\n\t\t\t\t\t\t\t\t\tdata-term=\"120\">Jornalistas e comunicadores\t\t\t\t\t\t\t\t<\/a>\n\t\t\t\t\t\t\t<\/div>\n\t\t\t\t\t\t\t\t\t\t\t<\/div>\n\n\t\t\t\t<\/div>\n\t\t\t<\/div>\n\n\t\t\t<div class=\"js-slider-library-dynamic-content\">\n\t\t\t\t<div class=\"owl-carousel owl-theme js-slider-library-dynamic\"\n\t\t\t\t\tdata-cols=\"dynamic\">\n\t\t\t\t\t\n<div class=\"card-dynamic\" data-merge=\"2\">\n\t<div class=\"card-dynamic--overlay\">\n\t\t\t\t\t<img decoding=\"async\" loading=\"lazy\" src=\"https:\/\/fundacaomariacecilia.org.br\/wp-content\/uploads\/2024\/04\/Frame-690-e1713984361530-1024x819.png\" srcset=\"https:\/\/fundacaomariacecilia.org.br\/wp-content\/uploads\/2024\/04\/Frame-690-e1713984361530-1024x819.png\"\n\t\t\t\talt=\"O desenvolvimento cognitivo e as desigualdades no Brasil\"\n\t\t\t\tclass=\"card-dynamic-dynamic-image object-cover absolute w-full h-full\">\n\t\t\t<\/div>\n\t<div class=\"flex flex-1 flex-col h-full justify-between relative z-10\">\n\t\t<div>\n\t\t\t\n\t\t\t<div class=\"grid grid-cols-2 gap-4\">\n\t\t\t\t<div>\n\t\t\t\t\t<span class=\"card-dynamic--date\">03\/04\/2020<\/span>\n\t\t\t\t<\/div>\n\t\t\t\t<div class=\"text-right\">\n\t\t\t\t\t\t\t\t\t\t\t<a href=\"#\" title=\"V\u00eddeos\" class=\"card-dynamic--tag uppercase cursor-default pointer-events-none bg-yellow\">\n\t\t\t\t\t\t\tV\u00eddeos\t\t\t\t\t\t<\/a>\n\t\t\t\t\t\t\t\t\t<\/div>\n\t\t\t<\/div>\n\t\t<\/div>\n\n\t\t<div class=\"card-dynamic--content\">\n\t\t\t<a href=\"\" title=\"O desenvolvimento cognitivo e as desigualdades no Brasi...\" class=\"card-dynamic--title hover:text-magenta\">O desenvolvimento cognitivo e as desigualdades no Brasi&#8230;<\/a>\n\t\t<\/div>\n\n\t\t<div>\n\t\t\t\t\t<\/div>\n\t<\/div>\n<\/div>\n\n<div class=\"card-dynamic\" data-merge=\"2\">\n\t<div class=\"card-dynamic--overlay\">\n\t\t\t\t\t<img decoding=\"async\" loading=\"lazy\" src=\"https:\/\/fundacaomariacecilia.org.br\/wp-content\/uploads\/2023\/11\/Frame-688-e1713971354316-1024x821.png\" srcset=\"https:\/\/fundacaomariacecilia.org.br\/wp-content\/uploads\/2023\/11\/Frame-688-e1713971354316-1024x821.png\"\n\t\t\t\talt=\"Resumo visual do IX Simp\u00f3sio Internacional de Desenvolvimento da Primeira Inf\u00e2ncia\"\n\t\t\t\tclass=\"card-dynamic-dynamic-image object-cover absolute w-full h-full\">\n\t\t\t<\/div>\n\t<div class=\"flex flex-1 flex-col h-full justify-between relative z-10\">\n\t\t<div>\n\t\t\t\n\t\t\t<div class=\"grid grid-cols-2 gap-4\">\n\t\t\t\t<div>\n\t\t\t\t\t<span class=\"card-dynamic--date\">06\/10\/2021<\/span>\n\t\t\t\t<\/div>\n\t\t\t\t<div class=\"text-right\">\n\t\t\t\t\t\t\t\t\t\t\t<a href=\"#\" title=\"V\u00eddeos\" class=\"card-dynamic--tag uppercase cursor-default pointer-events-none bg-yellow\">\n\t\t\t\t\t\t\tV\u00eddeos\t\t\t\t\t\t<\/a>\n\t\t\t\t\t\t\t\t\t<\/div>\n\t\t\t<\/div>\n\t\t<\/div>\n\n\t\t<div class=\"card-dynamic--content\">\n\t\t\t<a href=\"\" title=\"Resumo visual do IX Simp\u00f3sio Internacional de Desenvol...\" class=\"card-dynamic--title hover:text-magenta\">Resumo visual do IX Simp\u00f3sio Internacional de Desenvol&#8230;<\/a>\n\t\t<\/div>\n\n\t\t<div>\n\t\t\t\t\t<\/div>\n\t<\/div>\n<\/div>\n\n<div class=\"card-dynamic\" data-merge=\"2\">\n\t<div class=\"card-dynamic--overlay\">\n\t\t\t\t\t<img decoding=\"async\" loading=\"lazy\" src=\"https:\/\/fundacaomariacecilia.org.br\/wp-content\/uploads\/2023\/08\/O-que-e-inflamacao-E-por-que-ela-importa-para-o-desenvolvimento-infantil.png\" srcset=\"https:\/\/fundacaomariacecilia.org.br\/wp-content\/uploads\/2023\/08\/O-que-e-inflamacao-E-por-que-ela-importa-para-o-desenvolvimento-infantil.png\"\n\t\t\t\talt=\"O que \u00e9 inflama\u00e7\u00e3o? E por que ela importa para o desenvolvimento infantil?\"\n\t\t\t\tclass=\"card-dynamic-dynamic-image object-cover absolute w-full h-full\">\n\t\t\t<\/div>\n\t<div class=\"flex flex-1 flex-col h-full justify-between relative z-10\">\n\t\t<div>\n\t\t\t\n\t\t\t<div class=\"grid grid-cols-2 gap-4\">\n\t\t\t\t<div>\n\t\t\t\t\t<span class=\"card-dynamic--date\">17\/08\/2022<\/span>\n\t\t\t\t<\/div>\n\t\t\t\t<div class=\"text-right\">\n\t\t\t\t\t\t\t\t\t\t\t<a href=\"#\" title=\"Folhetos\" class=\"card-dynamic--tag uppercase cursor-default pointer-events-none bg-turquoise-light\">\n\t\t\t\t\t\t\tFolhetos\t\t\t\t\t\t<\/a>\n\t\t\t\t\t\t\t\t\t<\/div>\n\t\t\t<\/div>\n\t\t<\/div>\n\n\t\t<div class=\"card-dynamic--content\">\n\t\t\t<a href=\"\" title=\"O que \u00e9 inflama\u00e7\u00e3o? E por que ela importa para o des...\" class=\"card-dynamic--title hover:text-magenta\">O que \u00e9 inflama\u00e7\u00e3o? E por que ela importa para o des&#8230;<\/a>\n\t\t<\/div>\n\n\t\t<div>\n\t\t\t\t\t<\/div>\n\t<\/div>\n<\/div>\n\n<div class=\"card-dynamic\" data-merge=\"1\">\n\t<div class=\"card-dynamic--overlay\">\n\t\t\t\t\t<img decoding=\"async\" loading=\"lazy\" src=\"https:\/\/fundacaomariacecilia.org.br\/wp-content\/uploads\/2023\/07\/evento-volta-aulas-reabertura-escolas-2.jpg\" srcset=\"https:\/\/fundacaomariacecilia.org.br\/wp-content\/uploads\/2023\/07\/evento-volta-aulas-reabertura-escolas-2.jpg\"\n\t\t\t\talt=\"Volta \u00e0s aulas: e agora?\"\n\t\t\t\tclass=\"card-dynamic-dynamic-image object-cover absolute w-full h-full\">\n\t\t\t<\/div>\n\t<div class=\"flex flex-1 flex-col h-full justify-between relative z-10\">\n\t\t<div>\n\t\t\t\n\t\t\t<div class=\"grid grid-cols-2 gap-4\">\n\t\t\t\t<div>\n\t\t\t\t\t<span class=\"card-dynamic--date\">10\/08\/2021<\/span>\n\t\t\t\t<\/div>\n\t\t\t\t<div class=\"text-right\">\n\t\t\t\t\t\t\t\t\t\t\t<a href=\"#\" title=\"V\u00eddeos\" class=\"card-dynamic--tag uppercase cursor-default pointer-events-none bg-yellow\">\n\t\t\t\t\t\t\tV\u00eddeos\t\t\t\t\t\t<\/a>\n\t\t\t\t\t\t\t\t\t<\/div>\n\t\t\t<\/div>\n\t\t<\/div>\n\n\t\t<div class=\"card-dynamic--content\">\n\t\t\t<a href=\"\" title=\"Volta \u00e0s aulas: e agora?\" class=\"card-dynamic--title hover:text-magenta\">Volta \u00e0s aulas: e agora?<\/a>\n\t\t<\/div>\n\n\t\t<div>\n\t\t\t\t\t<\/div>\n\t<\/div>\n<\/div>\n\n<div class=\"card-dynamic\" data-merge=\"2\">\n\t<div class=\"card-dynamic--overlay\">\n\t\t\t\t\t<img decoding=\"async\" loading=\"lazy\" src=\"https:\/\/fundacaomariacecilia.org.br\/wp-content\/uploads\/2023\/07\/licenca-maternidade-quanto-mais-cedo-maior-thumb-2.jpg\" srcset=\"https:\/\/fundacaomariacecilia.org.br\/wp-content\/uploads\/2023\/07\/licenca-maternidade-quanto-mais-cedo-maior-thumb-2.jpg\"\n\t\t\t\talt=\"Volta ao trabalho: e quando licen\u00e7a acaba? | Quanto Mais Cedo, Maior\"\n\t\t\t\tclass=\"card-dynamic-dynamic-image object-cover absolute w-full h-full\">\n\t\t\t<\/div>\n\t<div class=\"flex flex-1 flex-col h-full justify-between relative z-10\">\n\t\t<div>\n\t\t\t\n\t\t\t<div class=\"grid grid-cols-2 gap-4\">\n\t\t\t\t<div>\n\t\t\t\t\t<span class=\"card-dynamic--date\">22\/11\/2021<\/span>\n\t\t\t\t<\/div>\n\t\t\t\t<div class=\"text-right\">\n\t\t\t\t\t\t\t\t\t\t\t<a href=\"#\" title=\"V\u00eddeos\" class=\"card-dynamic--tag uppercase cursor-default pointer-events-none bg-yellow\">\n\t\t\t\t\t\t\tV\u00eddeos\t\t\t\t\t\t<\/a>\n\t\t\t\t\t\t\t\t\t<\/div>\n\t\t\t<\/div>\n\t\t<\/div>\n\n\t\t<div class=\"card-dynamic--content\">\n\t\t\t<a href=\"\" title=\"Volta ao trabalho: e quando licen\u00e7a acaba? | Quanto Ma...\" class=\"card-dynamic--title hover:text-magenta\">Volta ao trabalho: e quando licen\u00e7a acaba? | Quanto Ma&#8230;<\/a>\n\t\t<\/div>\n\n\t\t<div>\n\t\t\t\t\t<\/div>\n\t<\/div>\n<\/div>\n\n<div class=\"card-dynamic\" data-merge=\"1\">\n\t<div class=\"card-dynamic--overlay\">\n\t\t\t\t\t<img decoding=\"async\" loading=\"lazy\" src=\"https:\/\/fundacaomariacecilia.org.br\/wp-content\/uploads\/2023\/07\/Visitacao-Domiciliar-O-que-e-essa-tal-de.png\" srcset=\"https:\/\/fundacaomariacecilia.org.br\/wp-content\/uploads\/2023\/07\/Visitacao-Domiciliar-O-que-e-essa-tal-de.png\"\n\t\t\t\talt=\"Visita\u00e7\u00e3o Domiciliar | O que \u00e9 essa tal de?\"\n\t\t\t\tclass=\"card-dynamic-dynamic-image object-cover absolute w-full h-full\">\n\t\t\t<\/div>\n\t<div class=\"flex flex-1 flex-col h-full justify-between relative z-10\">\n\t\t<div>\n\t\t\t\n\t\t\t<div class=\"grid grid-cols-2 gap-4\">\n\t\t\t\t<div>\n\t\t\t\t\t<span class=\"card-dynamic--date\">20\/12\/2022<\/span>\n\t\t\t\t<\/div>\n\t\t\t\t<div class=\"text-right\">\n\t\t\t\t\t\t\t\t\t<\/div>\n\t\t\t<\/div>\n\t\t<\/div>\n\n\t\t<div class=\"card-dynamic--content\">\n\t\t\t<a href=\"\" title=\"Visita\u00e7\u00e3o Domiciliar | O que \u00e9 essa tal de?\" class=\"card-dynamic--title hover:text-magenta\">Visita\u00e7\u00e3o Domiciliar | O que \u00e9 essa tal de?<\/a>\n\t\t<\/div>\n\n\t\t<div>\n\t\t\t\t\t<\/div>\n\t<\/div>\n<\/div>\n\n<div class=\"card-dynamic\" data-merge=\"1\">\n\t<div class=\"card-dynamic--overlay\">\n\t\t\t\t\t<img decoding=\"async\" loading=\"lazy\" src=\"https:\/\/fundacaomariacecilia.org.br\/wp-content\/uploads\/2023\/07\/Vinculo-Colecao-Primeirissima-Infancia.png\" srcset=\"https:\/\/fundacaomariacecilia.org.br\/wp-content\/uploads\/2023\/07\/Vinculo-Colecao-Primeirissima-Infancia.png\"\n\t\t\t\talt=\"V\u00ednculo - Cole\u00e7\u00e3o Primeir\u00edssima Inf\u00e2ncia\"\n\t\t\t\tclass=\"card-dynamic-dynamic-image object-cover absolute w-full h-full\">\n\t\t\t<\/div>\n\t<div class=\"flex flex-1 flex-col h-full justify-between relative z-10\">\n\t\t<div>\n\t\t\t\n\t\t\t<div class=\"grid grid-cols-2 gap-4\">\n\t\t\t\t<div>\n\t\t\t\t\t<span class=\"card-dynamic--date\">19\/02\/2021<\/span>\n\t\t\t\t<\/div>\n\t\t\t\t<div class=\"text-right\">\n\t\t\t\t\t\t\t\t\t\t\t<a href=\"#\" title=\"Folhetos\" class=\"card-dynamic--tag uppercase cursor-default pointer-events-none bg-turquoise-light\">\n\t\t\t\t\t\t\tFolhetos\t\t\t\t\t\t<\/a>\n\t\t\t\t\t\t\t\t\t<\/div>\n\t\t\t<\/div>\n\t\t<\/div>\n\n\t\t<div class=\"card-dynamic--content\">\n\t\t\t<a href=\"\" title=\"V\u00ednculo - Cole\u00e7\u00e3o Primeir\u00edssima Inf\u00e2ncia\" class=\"card-dynamic--title hover:text-magenta\">V\u00ednculo &#8211; Cole\u00e7\u00e3o Primeir\u00edssima Inf\u00e2ncia<\/a>\n\t\t<\/div>\n\n\t\t<div>\n\t\t\t\t\t<\/div>\n\t<\/div>\n<\/div>\n\n<div class=\"card-dynamic\" data-merge=\"2\">\n\t<div class=\"card-dynamic--overlay\">\n\t\t\t\t\t<img decoding=\"async\" loading=\"lazy\" src=\"https:\/\/fundacaomariacecilia.org.br\/wp-content\/uploads\/2023\/07\/Uso-saudavel-de-telas-tecnologias-e-midias-nas-creches-bercarios-e-escolas.png\" srcset=\"https:\/\/fundacaomariacecilia.org.br\/wp-content\/uploads\/2023\/07\/Uso-saudavel-de-telas-tecnologias-e-midias-nas-creches-bercarios-e-escolas.png\"\n\t\t\t\talt=\"Uso saud\u00e1vel de telas, tecnologias e m\u00eddias nas creches, ber\u00e7\u00e1rios e escolas\"\n\t\t\t\tclass=\"card-dynamic-dynamic-image object-cover absolute w-full h-full\">\n\t\t\t<\/div>\n\t<div class=\"flex flex-1 flex-col h-full justify-between relative z-10\">\n\t\t<div>\n\t\t\t\n\t\t\t<div class=\"grid grid-cols-2 gap-4\">\n\t\t\t\t<div>\n\t\t\t\t\t<span class=\"card-dynamic--date\">13\/02\/2020<\/span>\n\t\t\t\t<\/div>\n\t\t\t\t<div class=\"text-right\">\n\t\t\t\t\t\t\t\t\t\t\t<a href=\"#\" title=\"Artigos\" class=\"card-dynamic--tag uppercase cursor-default pointer-events-none bg-magenta-light\">\n\t\t\t\t\t\t\tArtigos\t\t\t\t\t\t<\/a>\n\t\t\t\t\t\t\t\t\t<\/div>\n\t\t\t<\/div>\n\t\t<\/div>\n\n\t\t<div class=\"card-dynamic--content\">\n\t\t\t<a href=\"\" title=\"Uso saud\u00e1vel de telas, tecnologias e m\u00eddias nas crech...\" class=\"card-dynamic--title hover:text-magenta\">Uso saud\u00e1vel de telas, tecnologias e m\u00eddias nas crech&#8230;<\/a>\n\t\t<\/div>\n\n\t\t<div>\n\t\t\t\t\t<\/div>\n\t<\/div>\n<\/div>\n\n<div class=\"card-dynamic\" data-merge=\"2\">\n\t<div class=\"card-dynamic--overlay\">\n\t\t\t\t\t<img decoding=\"async\" loading=\"lazy\" src=\"https:\/\/fundacaomariacecilia.org.br\/wp-content\/uploads\/2023\/07\/uso-telas-criancas-thumb-2.png\" srcset=\"https:\/\/fundacaomariacecilia.org.br\/wp-content\/uploads\/2023\/07\/uso-telas-criancas-thumb-2.png\"\n\t\t\t\talt=\"Uso de telas por crian\u00e7as | Conversas com especialistas\"\n\t\t\t\tclass=\"card-dynamic-dynamic-image object-cover absolute w-full h-full\">\n\t\t\t<\/div>\n\t<div class=\"flex flex-1 flex-col h-full justify-between relative z-10\">\n\t\t<div>\n\t\t\t\n\t\t\t<div class=\"grid grid-cols-2 gap-4\">\n\t\t\t\t<div>\n\t\t\t\t\t<span class=\"card-dynamic--date\">31\/01\/2023<\/span>\n\t\t\t\t<\/div>\n\t\t\t\t<div class=\"text-right\">\n\t\t\t\t\t\t\t\t\t\t\t<a href=\"#\" title=\"V\u00eddeos\" class=\"card-dynamic--tag uppercase cursor-default pointer-events-none bg-yellow\">\n\t\t\t\t\t\t\tV\u00eddeos\t\t\t\t\t\t<\/a>\n\t\t\t\t\t\t\t\t\t<\/div>\n\t\t\t<\/div>\n\t\t<\/div>\n\n\t\t<div class=\"card-dynamic--content\">\n\t\t\t<a href=\"\" title=\"Uso de telas por crian\u00e7as | Conversas com especialista...\" class=\"card-dynamic--title hover:text-magenta\">Uso de telas por crian\u00e7as | Conversas com especialista&#8230;<\/a>\n\t\t<\/div>\n\n\t\t<div>\n\t\t\t\t\t<\/div>\n\t<\/div>\n<\/div>\n\n<div class=\"card-dynamic\" data-merge=\"2\">\n\t<div class=\"card-dynamic--overlay\">\n\t\t\t\t\t<img decoding=\"async\" loading=\"lazy\" src=\"https:\/\/fundacaomariacecilia.org.br\/wp-content\/uploads\/2023\/07\/que-corpo-esse-uso-consciente-online-thumb-2.jpg\" srcset=\"https:\/\/fundacaomariacecilia.org.br\/wp-content\/uploads\/2023\/07\/que-corpo-esse-uso-consciente-online-thumb-2.jpg\"\n\t\t\t\talt=\"Uso consciente e autonomia online | Que Corpo \u00c9 Esse?\"\n\t\t\t\tclass=\"card-dynamic-dynamic-image object-cover absolute w-full h-full\">\n\t\t\t<\/div>\n\t<div class=\"flex flex-1 flex-col h-full justify-between relative z-10\">\n\t\t<div>\n\t\t\t\n\t\t\t<div class=\"grid grid-cols-2 gap-4\">\n\t\t\t\t<div>\n\t\t\t\t\t<span class=\"card-dynamic--date\">06\/07\/2021<\/span>\n\t\t\t\t<\/div>\n\t\t\t\t<div class=\"text-right\">\n\t\t\t\t\t\t\t\t\t\t\t<a href=\"#\" title=\"V\u00eddeos\" class=\"card-dynamic--tag uppercase cursor-default pointer-events-none bg-yellow\">\n\t\t\t\t\t\t\tV\u00eddeos\t\t\t\t\t\t<\/a>\n\t\t\t\t\t\t\t\t\t<\/div>\n\t\t\t<\/div>\n\t\t<\/div>\n\n\t\t<div class=\"card-dynamic--content\">\n\t\t\t<a href=\"\" title=\"Uso consciente e autonomia online | Que Corpo \u00c9 Esse?\" class=\"card-dynamic--title hover:text-magenta\">Uso consciente e autonomia online | Que Corpo \u00c9 Esse?<\/a>\n\t\t<\/div>\n\n\t\t<div>\n\t\t\t\t\t<\/div>\n\t<\/div>\n<\/div>\n\t\t\t\t<\/div>\n\t\t\t<\/div>\n\n\t\t<\/div>\n\t<\/section>\n\n\t\n\n\n<section id=\"block_3af23f7d45317d2e2bede6c620d1dffc\" class=\"block-slider-library  padding-top-80  padding-bottom-40  padding-top-mobile-60  padding-bottom-mobile-40 alignwide\">\n\t<div class=\"mx-auto\">\n\n\t\t\t\t\t<div class=\"px-0 library-dynamic--header\">\n\t\t\t\t<div class=\"flex\">\n\t\t\t\t\t<div class=\"flex-1\">\n\t\t\t\t\t\t<h2 class=\"library-dynamic--title\">Arte e cultura para o desenvolvimento infantil<\/h2>\n\t\t\t\t\t<\/div>\n\n\t\t\t\t\t\t\t\t\t\t\t<div class=\"flex-1 self-center text-right hidden xm:block\">\n\t\t\t\t\t\t\t<a href=\"\/en\/biblioteca\/categoria\/arte-e-cultura\/\"\n\t\t\t\t\t\t\ttitle=\"Ver todos\"\n\t\t\t\t\t\t\ttarget=\"\"\n\t\t\t\t\t\t\tclass=\"library-dynamic--button fmc-button fmc-button-text-marine underline\">Ver todos<\/a>\n\t\t\t\t\t\t<\/div>\n\t\t\t\t\t\t\t\t\t<\/div>\n\t\t\t<\/div>\n\t\t\n\t\t<div>\n\t\t\t<div class=\"owl-carousel owl-theme js-slider-library\">\n\t\t\t\t\n<section>\n<a href=\"\" title=\"Cat\u00e1logo de jogos e brincadeiras africanas e afro-brasileiras\" class=\"card-library-small\">\n\t<div class=\"card-library--figure bg-turquoise\">\n\n\t\t<div class=\"card-library--figure-overlay\">\n\t\t\t<div>\n\t\t\t\t<svg width=\"174\" height=\"199\" viewbox=\"0 0 174 199\" fill=\"none\" xmlns=\"http:\/\/www.w3.org\/2000\/svg\">\n\t\t\t\t\t<g style=\"mix-blend-mode:multiply\" opacity=\"0.5\">\n\t\t\t\t\t\t<path\n\t\t\t\t\t\t\td=\"M0.124145 174.387C-0.488847 158.58 1.27017 131.245 3.16245 110.989C4.70825 94.8227 9.932 76.2886 16.8881 60.1461C22.9114 46.2037 30.8537 33.9832 40.5283 26.5457C61.37 10.427 101.108 -6.19381 142.471 2.29598C183.808 10.7618 213.605 23.8911 201.132 63.6377C195.322 82.1956 182.769 98.9599 168.99 115.748C153.239 134.928 135.115 148.559 135.115 148.559C135.115 148.559 84.1306 176.253 48.3905 189.047C34.425 194.046 21.1791 199.833 17.5811 198.9C4.92147 195.552 1.80321 190.267 1.80321 190.267C1.80321 190.267 0.390663 182.16 0.0974928 174.387H0.124145Z\"\n\t\t\t\t\t\t\tfill=\"rgb(252, 208, 109, 0.8)\"\n\t\t\t\t\t\t\/>\n\t\t\t\t\t<\/g>\n\t\t\t\t<\/svg>\n\t\t\t<\/div>\n\t\t<\/div>\n\n\t\t<div class=\"card-library--figure-content\">\n\t\t\t\t\t\t\t\t\t\t<img decoding=\"async\" loading=\"lazy\" src=\"https:\/\/fundacaomariacecilia.org.br\/wp-content\/uploads\/2023\/07\/Catalogo-de-jogos-e-brincadeiras-africanas-e-afro-brasileiras.png\" srcset=\"https:\/\/fundacaomariacecilia.org.br\/wp-content\/uploads\/2023\/07\/Catalogo-de-jogos-e-brincadeiras-africanas-e-afro-brasileiras.png\"\n\t\t\t\t\talt=\"\"\n\t\t\t\t\tclass=\"card-library--image image-l\">\n\t\t\t\n\t\t\t<div class=\"card-library--main-tag\">\n\t\t\t\t\t\t\t\t\t<span class=\"card-library--tag uppercase\">\n\t\t\t\t\t\tLivros\t\t\t\t\t<\/span>\n\t\t\t\t\t\t\t<\/div>\n\n\t\t\t\t\t<\/div>\n\t<\/div>\n\n\t<div class=\"card-library--content\">\n\t\t<h4 class=\"card-library--title\">Cat\u00e1logo de jogos e brincadeiras africanas e afro-brasileiras<\/h4>\n\t<\/div>\n<\/a>\n<\/section>\n\n<section>\n<a href=\"\" title=\"A crian\u00e7a contempor\u00e2nea e suas express\u00f5es\" class=\"card-library-small\">\n\t<div class=\"card-library--figure bg-turquoise\">\n\n\t\t<div class=\"card-library--figure-overlay\">\n\t\t\t<div>\n\t\t\t\t<svg width=\"174\" height=\"199\" viewbox=\"0 0 174 199\" fill=\"none\" xmlns=\"http:\/\/www.w3.org\/2000\/svg\">\n\t\t\t\t\t<g style=\"mix-blend-mode:multiply\" opacity=\"0.5\">\n\t\t\t\t\t\t<path\n\t\t\t\t\t\t\td=\"M0.124145 174.387C-0.488847 158.58 1.27017 131.245 3.16245 110.989C4.70825 94.8227 9.932 76.2886 16.8881 60.1461C22.9114 46.2037 30.8537 33.9832 40.5283 26.5457C61.37 10.427 101.108 -6.19381 142.471 2.29598C183.808 10.7618 213.605 23.8911 201.132 63.6377C195.322 82.1956 182.769 98.9599 168.99 115.748C153.239 134.928 135.115 148.559 135.115 148.559C135.115 148.559 84.1306 176.253 48.3905 189.047C34.425 194.046 21.1791 199.833 17.5811 198.9C4.92147 195.552 1.80321 190.267 1.80321 190.267C1.80321 190.267 0.390663 182.16 0.0974928 174.387H0.124145Z\"\n\t\t\t\t\t\t\tfill=\"rgb(252, 208, 109, 0.8)\"\n\t\t\t\t\t\t\/>\n\t\t\t\t\t<\/g>\n\t\t\t\t<\/svg>\n\t\t\t<\/div>\n\t\t<\/div>\n\n\t\t<div class=\"card-library--figure-content\">\n\t\t\t\t\t\t\t\t\t\t<img decoding=\"async\" loading=\"lazy\" src=\"https:\/\/fundacaomariacecilia.org.br\/wp-content\/uploads\/2023\/07\/crianca-contemporanea-expressoes-thumb-7.jpg\" srcset=\"https:\/\/fundacaomariacecilia.org.br\/wp-content\/uploads\/2023\/07\/crianca-contemporanea-expressoes-thumb-7.jpg\"\n\t\t\t\t\talt=\"\"\n\t\t\t\t\tclass=\"card-library--image image-l\">\n\t\t\t\n\t\t\t<div class=\"card-library--main-tag\">\n\t\t\t\t\t\t\t\t\t<span class=\"card-library--tag uppercase\">\n\t\t\t\t\t\tLivros\t\t\t\t\t<\/span>\n\t\t\t\t\t\t\t<\/div>\n\n\t\t\t\t\t<\/div>\n\t<\/div>\n\n\t<div class=\"card-library--content\">\n\t\t<h4 class=\"card-library--title\">A crian\u00e7a contempor\u00e2nea e suas express\u00f5es<\/h4>\n\t<\/div>\n<\/a>\n<\/section>\n\n<section>\n<a href=\"\" title=\"A potencialidade da literatura como pr\u00e1tica pedag\u00f3gica antirracista\" class=\"card-library-small\">\n\t<div class=\"card-library--figure bg-magenta-light\">\n\n\t\t<div class=\"card-library--figure-overlay\">\n\t\t\t<div>\n\t\t\t\t<svg width=\"174\" height=\"199\" viewbox=\"0 0 174 199\" fill=\"none\" xmlns=\"http:\/\/www.w3.org\/2000\/svg\">\n\t\t\t\t\t<g style=\"mix-blend-mode:multiply\" opacity=\"0.5\">\n\t\t\t\t\t\t<path\n\t\t\t\t\t\t\td=\"M0.124145 174.387C-0.488847 158.58 1.27017 131.245 3.16245 110.989C4.70825 94.8227 9.932 76.2886 16.8881 60.1461C22.9114 46.2037 30.8537 33.9832 40.5283 26.5457C61.37 10.427 101.108 -6.19381 142.471 2.29598C183.808 10.7618 213.605 23.8911 201.132 63.6377C195.322 82.1956 182.769 98.9599 168.99 115.748C153.239 134.928 135.115 148.559 135.115 148.559C135.115 148.559 84.1306 176.253 48.3905 189.047C34.425 194.046 21.1791 199.833 17.5811 198.9C4.92147 195.552 1.80321 190.267 1.80321 190.267C1.80321 190.267 0.390663 182.16 0.0974928 174.387H0.124145Z\"\n\t\t\t\t\t\t\tfill=\"#E1A49E\"\n\t\t\t\t\t\t\/>\n\t\t\t\t\t<\/g>\n\t\t\t\t<\/svg>\n\t\t\t<\/div>\n\t\t<\/div>\n\n\t\t<div class=\"card-library--figure-content\">\n\t\t\t\t\t\t\t\t\t\t<img decoding=\"async\" loading=\"lazy\" src=\"https:\/\/fundacaomariacecilia.org.br\/wp-content\/uploads\/2023\/07\/A-potencialidade-da-literatura-como-pratica-pedagogica-antirracista.png\" srcset=\"https:\/\/fundacaomariacecilia.org.br\/wp-content\/uploads\/2023\/07\/A-potencialidade-da-literatura-como-pratica-pedagogica-antirracista.png\"\n\t\t\t\t\talt=\"\"\n\t\t\t\t\tclass=\"card-library--image image-l\">\n\t\t\t\n\t\t\t<div class=\"card-library--main-tag\">\n\t\t\t\t\t\t\t\t\t<span class=\"card-library--tag uppercase\">\n\t\t\t\t\t\tArtigos\t\t\t\t\t<\/span>\n\t\t\t\t\t\t\t<\/div>\n\n\t\t\t\t\t<\/div>\n\t<\/div>\n\n\t<div class=\"card-library--content\">\n\t\t<h4 class=\"card-library--title\">A potencialidade da literatura como pr\u00e1tica pedag\u00f3gica antirracista<\/h4>\n\t<\/div>\n<\/a>\n<\/section>\n\n<section>\n<a href=\"\" title=\"Guia para media\u00e7\u00e3o de leitura na primeira inf\u00e2ncia\" class=\"card-library-small\">\n\t<div class=\"card-library--figure bg-yellow-light\">\n\n\t\t<div class=\"card-library--figure-overlay\">\n\t\t\t<div>\n\t\t\t\t<svg width=\"174\" height=\"199\" viewbox=\"0 0 174 199\" fill=\"none\" xmlns=\"http:\/\/www.w3.org\/2000\/svg\">\n\t\t\t\t\t<g style=\"mix-blend-mode:multiply\" opacity=\"0.5\">\n\t\t\t\t\t\t<path\n\t\t\t\t\t\t\td=\"M0.124145 174.387C-0.488847 158.58 1.27017 131.245 3.16245 110.989C4.70825 94.8227 9.932 76.2886 16.8881 60.1461C22.9114 46.2037 30.8537 33.9832 40.5283 26.5457C61.37 10.427 101.108 -6.19381 142.471 2.29598C183.808 10.7618 213.605 23.8911 201.132 63.6377C195.322 82.1956 182.769 98.9599 168.99 115.748C153.239 134.928 135.115 148.559 135.115 148.559C135.115 148.559 84.1306 176.253 48.3905 189.047C34.425 194.046 21.1791 199.833 17.5811 198.9C4.92147 195.552 1.80321 190.267 1.80321 190.267C1.80321 190.267 0.390663 182.16 0.0974928 174.387H0.124145Z\"\n\t\t\t\t\t\t\tfill=\"#FFE4B5\"\n\t\t\t\t\t\t\/>\n\t\t\t\t\t<\/g>\n\t\t\t\t<\/svg>\n\t\t\t<\/div>\n\t\t<\/div>\n\n\t\t<div class=\"card-library--figure-content\">\n\t\t\t\t\t\t\t\t\t\t<img decoding=\"async\" loading=\"lazy\" src=\"https:\/\/fundacaomariacecilia.org.br\/wp-content\/uploads\/2023\/07\/guia-mediacao-leitura-primeira-infancia-thumb-2.jpg\" srcset=\"https:\/\/fundacaomariacecilia.org.br\/wp-content\/uploads\/2023\/07\/guia-mediacao-leitura-primeira-infancia-thumb-2.jpg\"\n\t\t\t\t\talt=\"\"\n\t\t\t\t\tclass=\"card-library--image image-g\">\n\t\t\t\n\t\t\t<div class=\"card-library--main-tag\">\n\t\t\t\t\t\t\t\t\t<span class=\"card-library--tag uppercase\">\n\t\t\t\t\t\tGuias\t\t\t\t\t<\/span>\n\t\t\t\t\t\t\t<\/div>\n\n\t\t\t\t\t<\/div>\n\t<\/div>\n\n\t<div class=\"card-library--content\">\n\t\t<h4 class=\"card-library--title\">Guia para media\u00e7\u00e3o de leitura na primeira inf\u00e2ncia<\/h4>\n\t<\/div>\n<\/a>\n<\/section>\n\n<section>\n<a href=\"\" title=\"Conex\u00f5es - A po\u00e9tica das crian\u00e7as de 0 a 3 anos e a arte contempor\u00e2nea\" class=\"card-library-small\">\n\t<div class=\"card-library--figure bg-turquoise\">\n\n\t\t<div class=\"card-library--figure-overlay\">\n\t\t\t<div>\n\t\t\t\t<svg width=\"174\" height=\"199\" viewbox=\"0 0 174 199\" fill=\"none\" xmlns=\"http:\/\/www.w3.org\/2000\/svg\">\n\t\t\t\t\t<g style=\"mix-blend-mode:multiply\" opacity=\"0.5\">\n\t\t\t\t\t\t<path\n\t\t\t\t\t\t\td=\"M0.124145 174.387C-0.488847 158.58 1.27017 131.245 3.16245 110.989C4.70825 94.8227 9.932 76.2886 16.8881 60.1461C22.9114 46.2037 30.8537 33.9832 40.5283 26.5457C61.37 10.427 101.108 -6.19381 142.471 2.29598C183.808 10.7618 213.605 23.8911 201.132 63.6377C195.322 82.1956 182.769 98.9599 168.99 115.748C153.239 134.928 135.115 148.559 135.115 148.559C135.115 148.559 84.1306 176.253 48.3905 189.047C34.425 194.046 21.1791 199.833 17.5811 198.9C4.92147 195.552 1.80321 190.267 1.80321 190.267C1.80321 190.267 0.390663 182.16 0.0974928 174.387H0.124145Z\"\n\t\t\t\t\t\t\tfill=\"rgb(252, 208, 109, 0.8)\"\n\t\t\t\t\t\t\/>\n\t\t\t\t\t<\/g>\n\t\t\t\t<\/svg>\n\t\t\t<\/div>\n\t\t<\/div>\n\n\t\t<div class=\"card-library--figure-content\">\n\t\t\t\t\t\t\t\t\t\t<img decoding=\"async\" loading=\"lazy\" src=\"https:\/\/fundacaomariacecilia.org.br\/wp-content\/uploads\/2023\/07\/Conexoes-A-poetica-das-criancas-de-0-a-3-anos-e-a-arte-contemporanea.png\" srcset=\"https:\/\/fundacaomariacecilia.org.br\/wp-content\/uploads\/2023\/07\/Conexoes-A-poetica-das-criancas-de-0-a-3-anos-e-a-arte-contemporanea.png\"\n\t\t\t\t\talt=\"\"\n\t\t\t\t\tclass=\"card-library--image image-p\">\n\t\t\t\n\t\t\t<div class=\"card-library--main-tag\">\n\t\t\t\t\t\t\t\t\t<span class=\"card-library--tag uppercase\">\n\t\t\t\t\t\tLivros\t\t\t\t\t<\/span>\n\t\t\t\t\t\t\t<\/div>\n\n\t\t\t\t\t<\/div>\n\t<\/div>\n\n\t<div class=\"card-library--content\">\n\t\t<h4 class=\"card-library--title\">Conex\u00f5es &#8211; A po\u00e9tica das crian\u00e7as de 0 a 3 anos e a arte contempor\u00e2nea<\/h4>\n\t<\/div>\n<\/a>\n<\/section>\n\n<section>\n<a href=\"\" title=\"Fazendo arte na creche: criando atividades com objetos do cotidiano\" class=\"card-library-small\">\n\t<div class=\"card-library--figure bg-turquoise-light\">\n\n\t\t<div class=\"card-library--figure-overlay\">\n\t\t\t<div>\n\t\t\t\t<svg width=\"174\" height=\"199\" viewbox=\"0 0 174 199\" fill=\"none\" xmlns=\"http:\/\/www.w3.org\/2000\/svg\">\n\t\t\t\t\t<g style=\"mix-blend-mode:multiply\" opacity=\"0.5\">\n\t\t\t\t\t\t<path\n\t\t\t\t\t\t\td=\"M0.124145 174.387C-0.488847 158.58 1.27017 131.245 3.16245 110.989C4.70825 94.8227 9.932 76.2886 16.8881 60.1461C22.9114 46.2037 30.8537 33.9832 40.5283 26.5457C61.37 10.427 101.108 -6.19381 142.471 2.29598C183.808 10.7618 213.605 23.8911 201.132 63.6377C195.322 82.1956 182.769 98.9599 168.99 115.748C153.239 134.928 135.115 148.559 135.115 148.559C135.115 148.559 84.1306 176.253 48.3905 189.047C34.425 194.046 21.1791 199.833 17.5811 198.9C4.92147 195.552 1.80321 190.267 1.80321 190.267C1.80321 190.267 0.390663 182.16 0.0974928 174.387H0.124145Z\"\n\t\t\t\t\t\t\tfill=\"#B3CCC8\"\n\t\t\t\t\t\t\/>\n\t\t\t\t\t<\/g>\n\t\t\t\t<\/svg>\n\t\t\t<\/div>\n\t\t<\/div>\n\n\t\t<div class=\"card-library--figure-content\">\n\t\t\t\t\t\t\t\t\t\t<img decoding=\"async\" loading=\"lazy\" src=\"https:\/\/fundacaomariacecilia.org.br\/wp-content\/uploads\/2023\/07\/Fazendo-arte-na-creche-criando-atividades-com-objetos-do-cotidiano.png\" srcset=\"https:\/\/fundacaomariacecilia.org.br\/wp-content\/uploads\/2023\/07\/Fazendo-arte-na-creche-criando-atividades-com-objetos-do-cotidiano.png\"\n\t\t\t\t\talt=\"\"\n\t\t\t\t\tclass=\"card-library--image image-p\">\n\t\t\t\n\t\t\t<div class=\"card-library--main-tag\">\n\t\t\t\t\t\t\t\t\t<span class=\"card-library--tag uppercase\">\n\t\t\t\t\t\tFolhetos\t\t\t\t\t<\/span>\n\t\t\t\t\t\t\t<\/div>\n\n\t\t\t\t\t<\/div>\n\t<\/div>\n\n\t<div class=\"card-library--content\">\n\t\t<h4 class=\"card-library--title\">Fazendo arte na creche: criando atividades com objetos do cotidiano<\/h4>\n\t<\/div>\n<\/a>\n<\/section>\n\t\t\t<\/div>\n\t\t<\/div>\n\n\t\t\t\t\t<div class=\"text-left block xm:hidden\">\n\t\t\t\t<a href=\"\/en\/biblioteca\/categoria\/arte-e-cultura\/\"\n\t\t\t\ttitle=\"Ver todos\"\n\t\t\t\ttarget=\"\"\n\t\t\t\tclass=\"library-dynamic--button fmc-button fmc-button-small fmc-button-text-marine underline\">Ver todos<\/a>\n\t\t\t<\/div>\n\t\t\n\t<\/div>\n<\/section>\n\n\n\n<section id=\"block_521d201106fe20a6b5f29dc4518e3e99\" class=\"block-slider-library  padding-top-40  padding-bottom-120  padding-top-mobile-60  padding-bottom-mobile-40 alignwide\">\n\t<div class=\"mx-auto\">\n\n\t\t\t\t\t<div class=\"px-0 library-dynamic--header\">\n\t\t\t\t<div class=\"flex\">\n\t\t\t\t\t<div class=\"flex-1\">\n\t\t\t\t\t\t<h2 class=\"library-dynamic--title\">Para refletir sobre desigualdades e viol\u00eancias<\/h2>\n\t\t\t\t\t<\/div>\n\n\t\t\t\t\t\t\t\t\t\t\t<div class=\"flex-1 self-center text-right hidden xm:block\">\n\t\t\t\t\t\t\t<a href=\"\/en\/biblioteca\/categoria\/desigualdades-e-violencias\/\"\n\t\t\t\t\t\t\ttitle=\"Ver todos\"\n\t\t\t\t\t\t\ttarget=\"_blank\"\n\t\t\t\t\t\t\tclass=\"library-dynamic--button fmc-button fmc-button-text-marine underline\">Ver todos<\/a>\n\t\t\t\t\t\t<\/div>\n\t\t\t\t\t\t\t\t\t<\/div>\n\t\t\t<\/div>\n\t\t\n\t\t<div>\n\t\t\t<div class=\"owl-carousel owl-theme js-slider-library\">\n\t\t\t\t\n<section>\n<a href=\"\" title=\"A cor da dor: iniquidades raciais na aten\u00e7\u00e3o pr\u00e9-natal e ao parto no Brasil\" class=\"card-library-small\">\n\t<div class=\"card-library--figure bg-magenta-light\">\n\n\t\t<div class=\"card-library--figure-overlay\">\n\t\t\t<div>\n\t\t\t\t<svg width=\"174\" height=\"199\" viewbox=\"0 0 174 199\" fill=\"none\" xmlns=\"http:\/\/www.w3.org\/2000\/svg\">\n\t\t\t\t\t<g style=\"mix-blend-mode:multiply\" opacity=\"0.5\">\n\t\t\t\t\t\t<path\n\t\t\t\t\t\t\td=\"M0.124145 174.387C-0.488847 158.58 1.27017 131.245 3.16245 110.989C4.70825 94.8227 9.932 76.2886 16.8881 60.1461C22.9114 46.2037 30.8537 33.9832 40.5283 26.5457C61.37 10.427 101.108 -6.19381 142.471 2.29598C183.808 10.7618 213.605 23.8911 201.132 63.6377C195.322 82.1956 182.769 98.9599 168.99 115.748C153.239 134.928 135.115 148.559 135.115 148.559C135.115 148.559 84.1306 176.253 48.3905 189.047C34.425 194.046 21.1791 199.833 17.5811 198.9C4.92147 195.552 1.80321 190.267 1.80321 190.267C1.80321 190.267 0.390663 182.16 0.0974928 174.387H0.124145Z\"\n\t\t\t\t\t\t\tfill=\"#E1A49E\"\n\t\t\t\t\t\t\/>\n\t\t\t\t\t<\/g>\n\t\t\t\t<\/svg>\n\t\t\t<\/div>\n\t\t<\/div>\n\n\t\t<div class=\"card-library--figure-content\">\n\t\t\t\t\t\t\t\t\t\t<img decoding=\"async\" loading=\"lazy\" src=\"https:\/\/fundacaomariacecilia.org.br\/wp-content\/uploads\/2023\/07\/cor-da-dor-iniquidades-raciais-atencao-thumb-7.jpg\" srcset=\"https:\/\/fundacaomariacecilia.org.br\/wp-content\/uploads\/2023\/07\/cor-da-dor-iniquidades-raciais-atencao-thumb-7.jpg\"\n\t\t\t\t\talt=\"\"\n\t\t\t\t\tclass=\"card-library--image image-p\">\n\t\t\t\n\t\t\t<div class=\"card-library--main-tag\">\n\t\t\t\t\t\t\t\t\t<span class=\"card-library--tag uppercase\">\n\t\t\t\t\t\tArtigos\t\t\t\t\t<\/span>\n\t\t\t\t\t\t\t<\/div>\n\n\t\t\t\t\t<\/div>\n\t<\/div>\n\n\t<div class=\"card-library--content\">\n\t\t<h4 class=\"card-library--title\">A cor da dor: iniquidades raciais na aten\u00e7\u00e3o pr\u00e9-natal e ao parto no Brasil<\/h4>\n\t<\/div>\n<\/a>\n<\/section>\n\n<section>\n<a href=\"\" title=\"A educa\u00e7\u00e3o infantil \u00e9 fundamental para crian\u00e7as refugiadas\" class=\"card-library-small\">\n\t<div class=\"card-library--figure bg-turquoise\">\n\n\t\t<div class=\"card-library--figure-overlay\">\n\t\t\t<div>\n\t\t\t\t<svg width=\"174\" height=\"199\" viewbox=\"0 0 174 199\" fill=\"none\" xmlns=\"http:\/\/www.w3.org\/2000\/svg\">\n\t\t\t\t\t<g style=\"mix-blend-mode:multiply\" opacity=\"0.5\">\n\t\t\t\t\t\t<path\n\t\t\t\t\t\t\td=\"M0.124145 174.387C-0.488847 158.58 1.27017 131.245 3.16245 110.989C4.70825 94.8227 9.932 76.2886 16.8881 60.1461C22.9114 46.2037 30.8537 33.9832 40.5283 26.5457C61.37 10.427 101.108 -6.19381 142.471 2.29598C183.808 10.7618 213.605 23.8911 201.132 63.6377C195.322 82.1956 182.769 98.9599 168.99 115.748C153.239 134.928 135.115 148.559 135.115 148.559C135.115 148.559 84.1306 176.253 48.3905 189.047C34.425 194.046 21.1791 199.833 17.5811 198.9C4.92147 195.552 1.80321 190.267 1.80321 190.267C1.80321 190.267 0.390663 182.16 0.0974928 174.387H0.124145Z\"\n\t\t\t\t\t\t\tfill=\"rgb(252, 208, 109, 0.8)\"\n\t\t\t\t\t\t\/>\n\t\t\t\t\t<\/g>\n\t\t\t\t<\/svg>\n\t\t\t<\/div>\n\t\t<\/div>\n\n\t\t<div class=\"card-library--figure-content\">\n\t\t\t\t\t\t\t\t\t\t<img decoding=\"async\" loading=\"lazy\" src=\"https:\/\/fundacaomariacecilia.org.br\/wp-content\/uploads\/2023\/07\/A-educacao-infantil-e-fundamental-para-criancas-refugiadas.png\" srcset=\"https:\/\/fundacaomariacecilia.org.br\/wp-content\/uploads\/2023\/07\/A-educacao-infantil-e-fundamental-para-criancas-refugiadas.png\"\n\t\t\t\t\talt=\"\"\n\t\t\t\t\tclass=\"card-library--image image-p\">\n\t\t\t\n\t\t\t<div class=\"card-library--main-tag\">\n\t\t\t\t\t\t\t<\/div>\n\n\t\t\t\t\t<\/div>\n\t<\/div>\n\n\t<div class=\"card-library--content\">\n\t\t<h4 class=\"card-library--title\">A educa\u00e7\u00e3o infantil \u00e9 fundamental para crian\u00e7as refugiadas<\/h4>\n\t<\/div>\n<\/a>\n<\/section>\n\n<section>\n<a href=\"\" title=\"Visitas \u00e0s gr\u00e1vidas e lactantes privadas de liberdade\" class=\"card-library-small\">\n\t<div class=\"card-library--figure bg-magenta-light\">\n\n\t\t<div class=\"card-library--figure-overlay\">\n\t\t\t<div>\n\t\t\t\t<svg width=\"174\" height=\"199\" viewbox=\"0 0 174 199\" fill=\"none\" xmlns=\"http:\/\/www.w3.org\/2000\/svg\">\n\t\t\t\t\t<g style=\"mix-blend-mode:multiply\" opacity=\"0.5\">\n\t\t\t\t\t\t<path\n\t\t\t\t\t\t\td=\"M0.124145 174.387C-0.488847 158.58 1.27017 131.245 3.16245 110.989C4.70825 94.8227 9.932 76.2886 16.8881 60.1461C22.9114 46.2037 30.8537 33.9832 40.5283 26.5457C61.37 10.427 101.108 -6.19381 142.471 2.29598C183.808 10.7618 213.605 23.8911 201.132 63.6377C195.322 82.1956 182.769 98.9599 168.99 115.748C153.239 134.928 135.115 148.559 135.115 148.559C135.115 148.559 84.1306 176.253 48.3905 189.047C34.425 194.046 21.1791 199.833 17.5811 198.9C4.92147 195.552 1.80321 190.267 1.80321 190.267C1.80321 190.267 0.390663 182.16 0.0974928 174.387H0.124145Z\"\n\t\t\t\t\t\t\tfill=\"#E1A49E\"\n\t\t\t\t\t\t\/>\n\t\t\t\t\t<\/g>\n\t\t\t\t<\/svg>\n\t\t\t<\/div>\n\t\t<\/div>\n\n\t\t<div class=\"card-library--figure-content\">\n\t\t\t\t\t\t\t\t\t\t<img decoding=\"async\" loading=\"lazy\" src=\"https:\/\/fundacaomariacecilia.org.br\/wp-content\/uploads\/2023\/07\/visitas-gravidas-lactantes-2.jpg\" srcset=\"https:\/\/fundacaomariacecilia.org.br\/wp-content\/uploads\/2023\/07\/visitas-gravidas-lactantes-2.jpg\"\n\t\t\t\t\talt=\"\"\n\t\t\t\t\tclass=\"card-library--image image-a\">\n\t\t\t\n\t\t\t<div class=\"card-library--main-tag\">\n\t\t\t\t\t\t\t\t\t<span class=\"card-library--tag uppercase\">\n\t\t\t\t\t\tArtigos\t\t\t\t\t<\/span>\n\t\t\t\t\t\t\t<\/div>\n\n\t\t\t\t\t<\/div>\n\t<\/div>\n\n\t<div class=\"card-library--content\">\n\t\t<h4 class=\"card-library--title\">Visitas \u00e0s gr\u00e1vidas e lactantes privadas de liberdade<\/h4>\n\t<\/div>\n<\/a>\n<\/section>\n\n<section>\n<a href=\"\" title=\"Resultados do Estudo Nacional de Alimenta\u00e7\u00e3o e Nutri\u00e7\u00e3o Infantil (ENANI-2019)\" class=\"card-library-small\">\n\t<div class=\"card-library--figure bg-turquoise-light\">\n\n\t\t<div class=\"card-library--figure-overlay\">\n\t\t\t<div>\n\t\t\t\t<svg width=\"174\" height=\"199\" viewbox=\"0 0 174 199\" fill=\"none\" xmlns=\"http:\/\/www.w3.org\/2000\/svg\">\n\t\t\t\t\t<g style=\"mix-blend-mode:multiply\" opacity=\"0.5\">\n\t\t\t\t\t\t<path\n\t\t\t\t\t\t\td=\"M0.124145 174.387C-0.488847 158.58 1.27017 131.245 3.16245 110.989C4.70825 94.8227 9.932 76.2886 16.8881 60.1461C22.9114 46.2037 30.8537 33.9832 40.5283 26.5457C61.37 10.427 101.108 -6.19381 142.471 2.29598C183.808 10.7618 213.605 23.8911 201.132 63.6377C195.322 82.1956 182.769 98.9599 168.99 115.748C153.239 134.928 135.115 148.559 135.115 148.559C135.115 148.559 84.1306 176.253 48.3905 189.047C34.425 194.046 21.1791 199.833 17.5811 198.9C4.92147 195.552 1.80321 190.267 1.80321 190.267C1.80321 190.267 0.390663 182.16 0.0974928 174.387H0.124145Z\"\n\t\t\t\t\t\t\tfill=\"#B3CCC8\"\n\t\t\t\t\t\t\/>\n\t\t\t\t\t<\/g>\n\t\t\t\t<\/svg>\n\t\t\t<\/div>\n\t\t<\/div>\n\n\t\t<div class=\"card-library--figure-content\">\n\t\t\t\t\t\t\t\t\t\t<img decoding=\"async\" loading=\"lazy\" src=\"https:\/\/fundacaomariacecilia.org.br\/wp-content\/uploads\/2023\/08\/Resultados-do-Estudo-Nacional-de-Alimentacao-e-Nutricao-Infantil-ENANI-2019-1.png\" srcset=\"https:\/\/fundacaomariacecilia.org.br\/wp-content\/uploads\/2023\/08\/Resultados-do-Estudo-Nacional-de-Alimentacao-e-Nutricao-Infantil-ENANI-2019-1.png\"\n\t\t\t\t\talt=\"\"\n\t\t\t\t\tclass=\"card-library--image image-p\">\n\t\t\t\n\t\t\t<div class=\"card-library--main-tag\">\n\t\t\t\t\t\t\t\t\t<span class=\"card-library--tag uppercase\">\n\t\t\t\t\t\tFolhetos\t\t\t\t\t<\/span>\n\t\t\t\t\t\t\t<\/div>\n\n\t\t\t\t\t<\/div>\n\t<\/div>\n\n\t<div class=\"card-library--content\">\n\t\t<h4 class=\"card-library--title\">Resultados do Estudo Nacional de Alimenta\u00e7\u00e3o e Nutri\u00e7\u00e3o Infantil (ENANI-2019)<\/h4>\n\t<\/div>\n<\/a>\n<\/section>\n\n<section>\n<a href=\"\" title=\"Prote\u00e7\u00e3o contra a viol\u00eancia dom\u00e9stica\" class=\"card-library-small\">\n\t<div class=\"card-library--figure bg-turquoise-light\">\n\n\t\t<div class=\"card-library--figure-overlay\">\n\t\t\t<div>\n\t\t\t\t<svg width=\"174\" height=\"199\" viewbox=\"0 0 174 199\" fill=\"none\" xmlns=\"http:\/\/www.w3.org\/2000\/svg\">\n\t\t\t\t\t<g style=\"mix-blend-mode:multiply\" opacity=\"0.5\">\n\t\t\t\t\t\t<path\n\t\t\t\t\t\t\td=\"M0.124145 174.387C-0.488847 158.58 1.27017 131.245 3.16245 110.989C4.70825 94.8227 9.932 76.2886 16.8881 60.1461C22.9114 46.2037 30.8537 33.9832 40.5283 26.5457C61.37 10.427 101.108 -6.19381 142.471 2.29598C183.808 10.7618 213.605 23.8911 201.132 63.6377C195.322 82.1956 182.769 98.9599 168.99 115.748C153.239 134.928 135.115 148.559 135.115 148.559C135.115 148.559 84.1306 176.253 48.3905 189.047C34.425 194.046 21.1791 199.833 17.5811 198.9C4.92147 195.552 1.80321 190.267 1.80321 190.267C1.80321 190.267 0.390663 182.16 0.0974928 174.387H0.124145Z\"\n\t\t\t\t\t\t\tfill=\"#B3CCC8\"\n\t\t\t\t\t\t\/>\n\t\t\t\t\t<\/g>\n\t\t\t\t<\/svg>\n\t\t\t<\/div>\n\t\t<\/div>\n\n\t\t<div class=\"card-library--figure-content\">\n\t\t\t\t\t\t\t\t\t\t<img decoding=\"async\" loading=\"lazy\" src=\"https:\/\/fundacaomariacecilia.org.br\/wp-content\/uploads\/2023\/07\/Protecao-contra-a-violencia-domestica.png\" srcset=\"https:\/\/fundacaomariacecilia.org.br\/wp-content\/uploads\/2023\/07\/Protecao-contra-a-violencia-domestica.png\"\n\t\t\t\t\talt=\"\"\n\t\t\t\t\tclass=\"card-library--image image-p\">\n\t\t\t\n\t\t\t<div class=\"card-library--main-tag\">\n\t\t\t\t\t\t\t\t\t<span class=\"card-library--tag uppercase\">\n\t\t\t\t\t\tFolhetos\t\t\t\t\t<\/span>\n\t\t\t\t\t\t\t<\/div>\n\n\t\t\t\t\t<\/div>\n\t<\/div>\n\n\t<div class=\"card-library--content\">\n\t\t<h4 class=\"card-library--title\">Prote\u00e7\u00e3o contra a viol\u00eancia dom\u00e9stica<\/h4>\n\t<\/div>\n<\/a>\n<\/section>\n\n<section>\n<a href=\"\" title=\"O impacto da desigualdade social no desenvolvimento infantil\" class=\"card-library-small\">\n\t<div class=\"card-library--figure bg-yellow\">\n\n\t\t<div class=\"card-library--figure-overlay\">\n\t\t\t<div>\n\t\t\t\t<svg width=\"174\" height=\"199\" viewbox=\"0 0 174 199\" fill=\"none\" xmlns=\"http:\/\/www.w3.org\/2000\/svg\">\n\t\t\t\t\t<g style=\"mix-blend-mode:multiply\" opacity=\"0.5\">\n\t\t\t\t\t\t<path\n\t\t\t\t\t\t\td=\"M0.124145 174.387C-0.488847 158.58 1.27017 131.245 3.16245 110.989C4.70825 94.8227 9.932 76.2886 16.8881 60.1461C22.9114 46.2037 30.8537 33.9832 40.5283 26.5457C61.37 10.427 101.108 -6.19381 142.471 2.29598C183.808 10.7618 213.605 23.8911 201.132 63.6377C195.322 82.1956 182.769 98.9599 168.99 115.748C153.239 134.928 135.115 148.559 135.115 148.559C135.115 148.559 84.1306 176.253 48.3905 189.047C34.425 194.046 21.1791 199.833 17.5811 198.9C4.92147 195.552 1.80321 190.267 1.80321 190.267C1.80321 190.267 0.390663 182.16 0.0974928 174.387H0.124145Z\"\n\t\t\t\t\t\t\tfill=\"#FCD06D\"\n\t\t\t\t\t\t\/>\n\t\t\t\t\t<\/g>\n\t\t\t\t<\/svg>\n\t\t\t<\/div>\n\t\t<\/div>\n\n\t\t<div class=\"card-library--figure-content\">\n\t\t\t\t\t\t\t\t\t\t<img decoding=\"async\" loading=\"lazy\" src=\"https:\/\/fundacaomariacecilia.org.br\/wp-content\/uploads\/2023\/07\/O-impacto-da-desigualdade-social-no-desenvolvimento-infantil.png\" srcset=\"https:\/\/fundacaomariacecilia.org.br\/wp-content\/uploads\/2023\/07\/O-impacto-da-desigualdade-social-no-desenvolvimento-infantil.png\"\n\t\t\t\t\talt=\"\"\n\t\t\t\t\tclass=\"card-library--image image-v\">\n\t\t\t\n\t\t\t<div class=\"card-library--main-tag\">\n\t\t\t\t\t\t\t\t\t<span class=\"card-library--tag uppercase\">\n\t\t\t\t\t\tV\u00eddeos\t\t\t\t\t<\/span>\n\t\t\t\t\t\t\t<\/div>\n\n\t\t\t\t\t<\/div>\n\t<\/div>\n\n\t<div class=\"card-library--content\">\n\t\t<h4 class=\"card-library--title\">O impacto da desigualdade social no desenvolvimento infantil<\/h4>\n\t<\/div>\n<\/a>\n<\/section>\n\t\t\t<\/div>\n\t\t<\/div>\n\n\t\t\t\t\t<div class=\"text-left block xm:hidden\">\n\t\t\t\t<a href=\"\/en\/biblioteca\/categoria\/desigualdades-e-violencias\/\"\n\t\t\t\ttitle=\"Ver todos\"\n\t\t\t\ttarget=\"_blank\"\n\t\t\t\tclass=\"library-dynamic--button fmc-button fmc-button-small fmc-button-text-marine underline\">Ver todos<\/a>\n\t\t\t<\/div>\n\t\t\n\t<\/div>\n<\/section>","protected":false},"excerpt":{"rendered":"","protected":false},"author":5,"featured_media":0,"parent":0,"menu_order":0,"comment_status":"closed","ping_status":"closed","template":"","meta":{"footnotes":""},"class_list":["post-13721","page","type-page","status-publish","hentry"],"acf":[],"yoast_head":"<!-- This site is optimized with the Yoast SEO plugin v24.4 - https:\/\/yoast.com\/wordpress\/plugins\/seo\/ -->\n<title>Biblioteca - Funda\u00e7\u00e3o Maria Cecilia Souto Vidigal<\/title>\n<meta name=\"robots\" content=\"index, follow, max-snippet:-1, max-image-preview:large, max-video-preview:-1\" \/>\n<link rel=\"canonical\" href=\"https:\/\/fundacaomariacecilia.org.br\/en\/biblioteca\/\" \/>\n<meta property=\"og:locale\" content=\"en_US\" \/>\n<meta property=\"og:type\" content=\"article\" \/>\n<meta property=\"og:title\" content=\"Biblioteca - Funda\u00e7\u00e3o Maria Cecilia Souto Vidigal\" \/>\n<meta property=\"og:url\" content=\"https:\/\/fundacaomariacecilia.org.br\/en\/biblioteca\/\" \/>\n<meta property=\"og:site_name\" content=\"Funda\u00e7\u00e3o Maria Cecilia Souto Vidigal\" \/>\n<meta property=\"article:publisher\" content=\"https:\/\/www.facebook.com\/FundacaoMariaCeciliaSoutoVidigal\/\" \/>\n<meta property=\"article:modified_time\" content=\"2026-01-29T23:37:58+00:00\" \/>\n<meta name=\"twitter:card\" content=\"summary_large_image\" \/>\n<script type=\"application\/ld+json\" class=\"yoast-schema-graph\">{\"@context\":\"https:\/\/schema.org\",\"@graph\":[{\"@type\":\"WebPage\",\"@id\":\"https:\/\/fundacaomariacecilia.org.br\/biblioteca\/\",\"url\":\"https:\/\/fundacaomariacecilia.org.br\/biblioteca\/\",\"name\":\"Biblioteca - Funda\u00e7\u00e3o Maria Cecilia Souto Vidigal\",\"isPartOf\":{\"@id\":\"https:\/\/fmcsv.sandbox.dev.br\/#website\"},\"datePublished\":\"2026-01-29T22:48:16+00:00\",\"dateModified\":\"2026-01-29T23:37:58+00:00\",\"breadcrumb\":{\"@id\":\"https:\/\/fundacaomariacecilia.org.br\/biblioteca\/#breadcrumb\"},\"inLanguage\":\"en-US\",\"potentialAction\":[{\"@type\":\"ReadAction\",\"target\":[\"https:\/\/fundacaomariacecilia.org.br\/biblioteca\/\"]}]},{\"@type\":\"BreadcrumbList\",\"@id\":\"https:\/\/fundacaomariacecilia.org.br\/biblioteca\/#breadcrumb\",\"itemListElement\":[{\"@type\":\"ListItem\",\"position\":1,\"name\":\"In\u00edcio\",\"item\":\"https:\/\/fundacaomariacecilia.org.br\/\"},{\"@type\":\"ListItem\",\"position\":2,\"name\":\"Biblioteca\"}]},{\"@type\":\"WebSite\",\"@id\":\"https:\/\/fmcsv.sandbox.dev.br\/#website\",\"url\":\"https:\/\/fmcsv.sandbox.dev.br\/\",\"name\":\"Funda\u00e7\u00e3o Maria Cecilia Souto Vidigal\",\"description\":\"Cuidar de cada crian\u00e7a \u00e9 cuidar do pa\u00eds inteiro\",\"publisher\":{\"@id\":\"https:\/\/fmcsv.sandbox.dev.br\/#organization\"},\"potentialAction\":[{\"@type\":\"SearchAction\",\"target\":{\"@type\":\"EntryPoint\",\"urlTemplate\":\"https:\/\/fmcsv.sandbox.dev.br\/?s={search_term_string}\"},\"query-input\":{\"@type\":\"PropertyValueSpecification\",\"valueRequired\":true,\"valueName\":\"search_term_string\"}}],\"inLanguage\":\"en-US\"},{\"@type\":\"Organization\",\"@id\":\"https:\/\/fmcsv.sandbox.dev.br\/#organization\",\"name\":\"Funda\u00e7\u00e3o Maria Cecilia Souto Vidigal\",\"url\":\"https:\/\/fmcsv.sandbox.dev.br\/\",\"logo\":{\"@type\":\"ImageObject\",\"inLanguage\":\"en-US\",\"@id\":\"https:\/\/fmcsv.sandbox.dev.br\/#\/schema\/logo\/image\/\",\"url\":\"https:\/\/fundacaomariacecilia.org.br\/wp-content\/uploads\/2024\/04\/Logo.svg\",\"contentUrl\":\"https:\/\/fundacaomariacecilia.org.br\/wp-content\/uploads\/2024\/04\/Logo.svg\",\"caption\":\"Funda\u00e7\u00e3o Maria Cecilia Souto Vidigal\"},\"image\":{\"@id\":\"https:\/\/fmcsv.sandbox.dev.br\/#\/schema\/logo\/image\/\"},\"sameAs\":[\"https:\/\/www.facebook.com\/FundacaoMariaCeciliaSoutoVidigal\/\",\"https:\/\/www.linkedin.com\/company\/fmcsv\/\",\"https:\/\/www.instagram.com\/fundacaomariacecilia\/\"]}]}<\/script>\n<!-- \/ Yoast SEO plugin. -->","yoast_head_json":{"title":"Biblioteca - Funda\u00e7\u00e3o Maria Cecilia Souto Vidigal","robots":{"index":"index","follow":"follow","max-snippet":"max-snippet:-1","max-image-preview":"max-image-preview:large","max-video-preview":"max-video-preview:-1"},"canonical":"https:\/\/fundacaomariacecilia.org.br\/en\/biblioteca\/","og_locale":"en_US","og_type":"article","og_title":"Biblioteca - Funda\u00e7\u00e3o Maria Cecilia Souto Vidigal","og_url":"https:\/\/fundacaomariacecilia.org.br\/en\/biblioteca\/","og_site_name":"Funda\u00e7\u00e3o Maria Cecilia Souto Vidigal","article_publisher":"https:\/\/www.facebook.com\/FundacaoMariaCeciliaSoutoVidigal\/","article_modified_time":"2026-01-29T23:37:58+00:00","twitter_card":"summary_large_image","schema":{"@context":"https:\/\/schema.org","@graph":[{"@type":"WebPage","@id":"https:\/\/fundacaomariacecilia.org.br\/biblioteca\/","url":"https:\/\/fundacaomariacecilia.org.br\/biblioteca\/","name":"Biblioteca - Funda\u00e7\u00e3o Maria Cecilia Souto Vidigal","isPartOf":{"@id":"https:\/\/fmcsv.sandbox.dev.br\/#website"},"datePublished":"2026-01-29T22:48:16+00:00","dateModified":"2026-01-29T23:37:58+00:00","breadcrumb":{"@id":"https:\/\/fundacaomariacecilia.org.br\/biblioteca\/#breadcrumb"},"inLanguage":"en-US","potentialAction":[{"@type":"ReadAction","target":["https:\/\/fundacaomariacecilia.org.br\/biblioteca\/"]}]},{"@type":"BreadcrumbList","@id":"https:\/\/fundacaomariacecilia.org.br\/biblioteca\/#breadcrumb","itemListElement":[{"@type":"ListItem","position":1,"name":"In\u00edcio","item":"https:\/\/fundacaomariacecilia.org.br\/"},{"@type":"ListItem","position":2,"name":"Biblioteca"}]},{"@type":"WebSite","@id":"https:\/\/fmcsv.sandbox.dev.br\/#website","url":"https:\/\/fmcsv.sandbox.dev.br\/","name":"Funda\u00e7\u00e3o Maria Cecilia Souto Vidigal","description":"Caring for every child is caring for the whole country","publisher":{"@id":"https:\/\/fmcsv.sandbox.dev.br\/#organization"},"potentialAction":[{"@type":"SearchAction","target":{"@type":"EntryPoint","urlTemplate":"https:\/\/fmcsv.sandbox.dev.br\/?s={search_term_string}"},"query-input":{"@type":"PropertyValueSpecification","valueRequired":true,"valueName":"search_term_string"}}],"inLanguage":"en-US"},{"@type":"Organization","@id":"https:\/\/fmcsv.sandbox.dev.br\/#organization","name":"Funda\u00e7\u00e3o Maria Cecilia Souto Vidigal","url":"https:\/\/fmcsv.sandbox.dev.br\/","logo":{"@type":"ImageObject","inLanguage":"en-US","@id":"https:\/\/fmcsv.sandbox.dev.br\/#\/schema\/logo\/image\/","url":"https:\/\/fundacaomariacecilia.org.br\/wp-content\/uploads\/2024\/04\/Logo.svg","contentUrl":"https:\/\/fundacaomariacecilia.org.br\/wp-content\/uploads\/2024\/04\/Logo.svg","caption":"Funda\u00e7\u00e3o Maria Cecilia Souto Vidigal"},"image":{"@id":"https:\/\/fmcsv.sandbox.dev.br\/#\/schema\/logo\/image\/"},"sameAs":["https:\/\/www.facebook.com\/FundacaoMariaCeciliaSoutoVidigal\/","https:\/\/www.linkedin.com\/company\/fmcsv\/","https:\/\/www.instagram.com\/fundacaomariacecilia\/"]}]}},"_links":{"self":[{"href":"https:\/\/fundacaomariacecilia.org.br\/en\/wp-json\/wp\/v2\/pages\/13721"}],"collection":[{"href":"https:\/\/fundacaomariacecilia.org.br\/en\/wp-json\/wp\/v2\/pages"}],"about":[{"href":"https:\/\/fundacaomariacecilia.org.br\/en\/wp-json\/wp\/v2\/types\/page"}],"author":[{"embeddable":true,"href":"https:\/\/fundacaomariacecilia.org.br\/en\/wp-json\/wp\/v2\/users\/5"}],"replies":[{"embeddable":true,"href":"https:\/\/fundacaomariacecilia.org.br\/en\/wp-json\/wp\/v2\/comments?post=13721"}],"version-history":[{"count":8,"href":"https:\/\/fundacaomariacecilia.org.br\/en\/wp-json\/wp\/v2\/pages\/13721\/revisions"}],"predecessor-version":[{"id":13736,"href":"https:\/\/fundacaomariacecilia.org.br\/en\/wp-json\/wp\/v2\/pages\/13721\/revisions\/13736"}],"wp:attachment":[{"href":"https:\/\/fundacaomariacecilia.org.br\/en\/wp-json\/wp\/v2\/media?parent=13721"}],"curies":[{"name":"wp","href":"https:\/\/api.w.org\/{rel}","templated":true}]}}